{"id":16795,"date":"2021-02-02T18:56:10","date_gmt":"2021-02-02T18:56:10","guid":{"rendered":"https:\/\/holiday-active.com\/?page_id=16795"},"modified":"2025-06-28T18:24:46","modified_gmt":"2025-06-28T18:24:46","slug":"o-refugio-de-amalia-rodrigues","status":"publish","type":"page","link":"https:\/\/holiday-active.com\/pt-pt\/o-refugio-de-amalia-rodrigues\/","title":{"rendered":"Brej\u00e3o, o refugio de Am\u00e1lia Rodrigues"},"content":{"rendered":"<div class=\"wpb-content-wrapper\"><p>[vc_row full_width=&#8221;stretch_row&#8221; bg_type=&#8221;image&#8221; parallax_style=&#8221;vcpb-default&#8221; bg_image_new=&#8221;id^6033|url^https:\/\/suncarsgroup.comwp-content\/uploads\/2015\/01\/rent-porsche-spain.jpg|caption^null|alt^null|title^rent-porsche-spain|description^null&#8221; bg_override=&#8221;full&#8221; css=&#8221;.vc_custom_1607963653926{margin-top: 0px !important;padding-top: 150px !important;padding-bottom: 150px !important;background-image: url(https:\/\/holiday-active.com\/wp-content\/uploads\/2020\/12\/Brejao-DSC03782.jpg?id=16451) !important;background-position: center !important;background-repeat: no-repeat !important;background-size: cover !important;}&#8221;][vc_column css=&#8221;.vc_custom_1478894705020{padding-top: 100px !important;padding-bottom: 100px !important;}&#8221;][\/vc_column][\/vc_row][vc_row css=&#8221;.vc_custom_1493181701212{margin-top: -43px !important;}&#8221;][vc_column][vc_tta_tabs shape=&#8221;square&#8221; spacing=&#8221;3&#8243; gap=&#8221;1&#8243; active_section=&#8221;1&#8243; no_fill_content_area=&#8221;true&#8221; interval=&#8221;0&#8243; tab_style=&#8221;search_tab&#8221; el_class=&#8221;location_tab_nopadding&#8221; css=&#8221;.vc_custom_1507453963549{padding-bottom: 25px !important;background-color: #ffffff !important;}&#8221;][vc_tta_section i_icon_fontawesome=&#8221;fa fa-info&#8221; add_icon=&#8221;true&#8221; tab_icon=&#8221;fa fa-info&#8221; title=&#8221;Sobre&#8221; tab_id=&#8221;01e3fb61-8a32-3db95-c649be27-021d176a-1aa28ddb-2aaa&#8221; el_class=&#8221;infor&#8221;][vc_column_text]<\/p>\n<h1>Brej\u00e3o<\/h1>\n<p>[\/vc_column_text][vc_empty_space][vc_row_inner css=&#8221;.vc_custom_1493189037548{margin-top: 25px !important;margin-bottom: 25px !important;}&#8221;][vc_column_inner][vc_column_text]A aldeia do Brej\u00e3o foi escolhida pela fadista Am\u00e1lia Rodrigues para a\u00ed construir a sua casa de ver\u00e3o.<\/p>\n<p>Na estrada que atravessa a aldeia repare nos 4 imensos murais pintados nas fachadas dos pr\u00e9dios em homenagem \u00e0 fadista[\/vc_column_text][vc_empty_space][vc_column_text]<\/p>\n<h3>O que visitar nos arredores de Brej\u00e3o<\/h3>\n<p>[\/vc_column_text][vc_empty_space][vc_toggle title=&#8221;Praia da Am\u00e1lia&#8221; style=&#8221;square&#8221; color=&#8221;orange&#8221;]<img decoding=\"async\" class=\"alignnone size-full wp-image-16414\" src=\"https:\/\/holiday-active.com\/wp-content\/uploads\/2020\/11\/Praia-da-Amalia-20200916_163054.jpg\" alt=\"Am\u00e1lia Beach in Alentejo portugal\" width=\"1200\" height=\"500\" srcset=\"https:\/\/holiday-active.com\/wp-content\/uploads\/2020\/11\/Praia-da-Amalia-20200916_163054.jpg 1200w, https:\/\/holiday-active.com\/wp-content\/uploads\/2020\/11\/Praia-da-Amalia-20200916_163054-768x320.jpg 768w\" sizes=\"(max-width: 1200px) 100vw, 1200px\" \/><\/p>\n<p>&#8220;Am\u00e1lia knows best&#8221;. Este delicioso coment\u00e1rio diz tudo sobre esta praia<\/p>\n<p>Estacione o carro defronte \u00e0 antiga casa da Am\u00e1lia Rodrigues, e que agora pertence \u00e0 sua funda\u00e7\u00e3o, e siga o caminho que o levar\u00e1 \u00e0 praia. Este por si s\u00f3 merece a vista. Um pequeno carreiro que acompanha o riacho por entre arvoredo, pontes e cani\u00e7ais para depois desembocar, tal como o seu riacho, numa praia selvagem.<\/p>\n<p>No topo da fal\u00e9sia encontra um mundo \u00e0 parte, onde tudo \u00e9 intenso, a paisagem, as ondas, a luz e o cheiro a mar.<\/p>\n<p>O acesso ao areal faz-se por meio de uma escadaria \u00edngreme. Na preia mar fica apenas uma pequena bordadura de areia antes das pedras[\/vc_toggle][vc_toggle title=&#8221;Azenha do Mar&#8221; style=&#8221;square&#8221; color=&#8221;orange&#8221;]<img decoding=\"async\" class=\"alignnone size-full wp-image-16416\" src=\"https:\/\/holiday-active.com\/wp-content\/uploads\/2020\/11\/Azenha-do-Mar-DSC02622.jpg\" alt=\"Azenha do mar in the Alentejo \" width=\"1200\" height=\"500\" srcset=\"https:\/\/holiday-active.com\/wp-content\/uploads\/2020\/11\/Azenha-do-Mar-DSC02622.jpg 1200w, https:\/\/holiday-active.com\/wp-content\/uploads\/2020\/11\/Azenha-do-Mar-DSC02622-768x320.jpg 768w\" sizes=\"(max-width: 1200px) 100vw, 1200px\" \/><\/p>\n<p>A sul da Aldeia do Brej\u00e3o encontra-se o porto de pesca da Azenha do Mar. Uma enseada protectora que permitiu \u00e0s pessoas fazerem-se ao mar e dedicarem-se \u00e0 pesca e \u00e0 apanha da alga.<\/p>\n<p>No fim do dia aproveite para petiscar no restaurante Palhinhas, uma aut\u00eantica varanda sobre o mar que lhe permite assistir, em lugar privilegiado, a um dos mais magn\u00edficos p\u00f4r do sol[\/vc_toggle][vc_empty_space][\/vc_column_inner][\/vc_row_inner][vc_row_inner css=&#8221;.vc_custom_1535621612655{background-color: #efefef !important;}&#8221;][vc_column_inner width=&#8221;2\/3&#8243;][vc_empty_space][vc_raw_html]JTNDZGl2JTNFJTBBJTIwJTIwJTIwJTIwJTIwJTNDaWZyYW1lJTIwd2lkdGglM0QlMjI4MDAlMjIlMjBoZWlnaHQlM0QlMjIzMDAlMjIlMjBmcmFtZWJvcmRlciUzRCUyMjAlMjIlMjBzcmMlM0QlMjJodHRwcyUzQSUyRiUyRnd3dy5iaW5nLmNvbSUyRm1hcHMlMkZlbWJlZCUzRmglM0QzMDAlMjZ3JTNEODAwJTI2Y3AlM0QtOS4wMjgzNTI1MjI2MjYwMzd+LTM2LjU2NjkxJTI2bHZsJTNEMTIlMjZ0eXAlM0RkJTI2c3R5JTNEciUyNnNyYyUzRFNIRUxMJTI2Rk9STSUzRE1CRURWOCUyMiUyMHNjcm9sbGluZyUzRCUyMm5vJTIyJTNFJTBBJTIwJTIwJTIwJTIwJTIwJTNDJTJGaWZyYW1lJTNFJTBBJTIwJTIwJTIwJTIwJTIwJTNDZGl2JTIwc3R5bGUlM0QlMjJ3aGl0ZS1zcGFjZSUzQSUyMG5vd3JhcCUzQiUyMHRleHQtYWxpZ24lM0ElMjBjZW50ZXIlM0IlMjB3aWR0aCUzQSUyMDgwMHB4JTNCJTIwcGFkZGluZyUzQSUyMDZweCUyMDAlM0IlMjIlM0UlMEElMjAlMjAlMjAlMjAlMjAlMjAlMjAlMjAlM0NhJTIwaWQlM0QlMjJsYXJnZU1hcExpbmslMjIlMjB0YXJnZXQlM0QlMjJfYmxhbmslMjIlMjBocmVmJTNEJTIyaHR0cHMlM0ElMkYlMkZ3d3cuYmluZy5jb20lMkZtYXBzJTNGY3AlM0QtOS4wMjgzNTI1MjI2MjYwMzd+LTM2LjU2NjkxJTI2YW1wJTNCc3R5JTNEciUyNmFtcCUzQmx2bCUzRDEyJTI2YW1wJTNCRk9STSUzRE1CRURMRCUyMiUzRVZpZXclMjBMYXJnZXIlMjBNYXAlM0MlMkZhJTNFJTIwJTI2bmJzcCUzQiUyMCU3QyUyMCUyNm5ic3AlM0IlMEElMjAlMjAlMjAlMjAlMjAlMjAlMjAlMjAlM0NhJTIwaWQlM0QlMjJkaXJNYXBMaW5rJTIyJTIwdGFyZ2V0JTNEJTIyX2JsYW5rJTIyJTIwaHJlZiUzRCUyMmh0dHBzJTNBJTJGJTJGd3d3LmJpbmcuY29tJTJGbWFwcyUyRmRpcmVjdGlvbnMlM0ZjcCUzRC05LjAyODM1MjUyMjYyNjAzN34tMzYuNTY2OTElMjZhbXAlM0JzdHklM0RyJTI2YW1wJTNCbHZsJTNEMTIlMjZhbXAlM0JydHAlM0R+cG9zLi05LjAyODM1MjUyMjYyNjAzN18tMzYuNTY2OTFfX19fJTI2YW1wJTNCRk9STSUzRE1CRURMRCUyMiUzRUdldCUyMERpcmVjdGlvbnMlM0MlMkZhJTNFJTBBJTIwJTIwJTIwJTIwJTNDJTJGZGl2JTNFJTBBJTNDJTJGZGl2JTNF[\/vc_raw_html][\/vc_column_inner][vc_column_inner width=&#8221;1\/3&#8243;][vc_empty_space][vc_column_text]<\/p>\n<h3 style=\"text-align: center;\">Em Caminho<\/h3>\n<p style=\"text-align: center;\"><a href=\"https:\/\/holiday-active.com\/pt-pt\/sines-terra-de-vasco-da-gama\/\" target=\"_blank\" rel=\"noopener\">Sines<\/a><br \/>\n<a href=\"https:\/\/holiday-active.com\/pt-pt\/porto-covo-uma-aldeia-cheia-de-caracter\/\" target=\"_blank\" rel=\"noopener\">Porto Covo<\/a><br \/>\n<a href=\"https:\/\/holiday-active.com\/pt-pt\/vila-nova-de-milfontes-entre-o-mar-e-o-rio\/\" target=\"_blank\" rel=\"noopener\">Vila Nova de Milfontes<\/a><br \/>\n<a href=\"https:\/\/holiday-active.com\/pt-pt\/almograve-faca-uma-pausa-e-relaxe\/\" target=\"_blank\" rel=\"noopener\">Almograve<\/a><br \/>\n<a href=\"https:\/\/holiday-active.com\/pt-pt\/zambujeira-do-mar-uma-combinacao-perfeita-de-sol-mar-e-boa-comida\/\" target=\"_blank\" rel=\"noopener\">Zambujeira do Mar<\/a><br \/>\n<a href=\"https:\/\/holiday-active.com\/pt-pt\/o-que-visitar-em-odemira\/\" target=\"_blank\" rel=\"noopener\">Odemira<\/a><br \/>\n<a href=\"https:\/\/holiday-active.com\/pt-pt\/barragem-de-santa-clara\/\" target=\"_blank\" rel=\"noopener\">Barragem de Santa Clara<\/a><br \/>\n<a href=\"https:\/\/holiday-active.com\/pt-pt\/onde-o-alentejo-encontra-o-algarve\/\" target=\"_blank\" rel=\"noopener\">Odeceixe<\/a><br \/>\nBrej\u00e3o<br \/>\n<a href=\"https:\/\/holiday-active.com\/pt-pt\/aljezur-preserve-as-suas-praias-paradisicas\/\" target=\"_blank\" rel=\"noopener\">Aljezur<\/a><br \/>\n<a href=\"https:\/\/holiday-active.com\/pt-pt\/sagres-misticismo-surf-mar-natureza\/\" target=\"_blank\" rel=\"noopener\">Sagres<\/a><\/p>\n<p style=\"text-align: center;\"><a href=\"https:\/\/holiday-active.com\/pt-pt\/conduzir-em-portugal\/\" target=\"_blank\" rel=\"noopener\">Aluguer de Carro<\/a><\/p>\n<p>[\/vc_column_text][\/vc_column_inner][\/vc_row_inner][\/vc_tta_section][vc_tta_section i_icon_fontawesome=&#8221;fa fa-bed&#8221; add_icon=&#8221;true&#8221; tab_icon=&#8221;fa fa-car&#8221; title=&#8221;Alojamento&#8221; tab_id=&#8221;3dca09c8-f4f0-9db95-c649be27-021d176a-1aa28ddb-2aaa&#8221; el_class=&#8221;infor&#8221;][vc_empty_space height=&#8221;16px&#8221;][vc_row_inner][vc_column_inner][vc_empty_space][vc_column_text]<\/p>\n<h3>Onde ficar no Brej\u00e3o? A nossa sugest\u00e3o<\/h3>\n<p>[\/vc_column_text][vc_empty_space][vc_separator][\/vc_column_inner][\/vc_row_inner][vc_empty_space][vc_row_inner][vc_column_inner width=&#8221;1\/4&#8243;][vc_empty_space][vc_single_image image=&#8221;17062&#8243; img_size=&#8221;medium&#8221; alignment=&#8221;center&#8221;][vc_empty_space height=&#8221;25px&#8221;][\/vc_column_inner][vc_column_inner width=&#8221;3\/4&#8243;][vc_empty_space][vc_column_text]<\/p>\n<h3>Herdade Am\u00e1lia<\/h3>\n<p>[\/vc_column_text][vc_empty_space][vc_column_text]A envolv\u00eancia da Casa \u00e9 \u00fanica, permitindo-lhe desvendar um pouco da vida de Am\u00e1lia Rodrigues. Os quartos possuem casa de banho e uma vista de tirar o f\u00f4lego.<\/p>\n<p>Com uma bela praia abaixo e \u00f3timas trilhas para caminhadas[\/vc_column_text][vc_empty_space][vc_btn title=&#8221;+ info&#8221; link=&#8221;url:https%3A%2F%2Fwww.booking.com%2Fhotel%2Fpt%2Fherdade-amalia-sao-teotonio6.en.html%3Faid%3D1567105%26no_rooms%3D1%26group_adults%3D2|target:_blank|rel:nofollow&#8221;][\/vc_column_inner][\/vc_row_inner][vc_empty_space][\/vc_tta_section][vc_tta_section i_icon_fontawesome=&#8221;fa fa-camera&#8221; add_icon=&#8221;true&#8221; title=&#8221;Imagens&#8221; tab_id=&#8221;1505508725897-8ab8a832-e28bdb95-c649be27-021d176a-1aa28ddb-2aaa&#8221;][vc_empty_space][vc_column_text]<\/p>\n<h2>A glimpse of <strong>Brej\u00e3o<\/strong><\/h2>\n<p>[\/vc_column_text][vc_empty_space]<div class=\"popup-gallery\">\r\n                    <div class=\"row row-col-gap\">\r\n                      <div class=\"st_fix_gallery col-md-3 st_1777571727\"><a class=\"hover-img popup-gallery-image\" href=\"https:\/\/holiday-active.com\/wp-content\/uploads\/2021\/02\/Brej\u00e3o_Portugal-3.jpg\" data-effect=\"mfp-zoom-out\"><img decoding=\"async\" width=\"360\" height=\"270\" src=\"https:\/\/holiday-active.com\/wp-content\/uploads\/2021\/02\/Brej\u00e3o_Portugal-3-360x270.jpg\" class=\"attachment-360x270 size-360x270\" alt=\"Brej\u00e3o Amalia Rodrigues Summer Hideaway\" \/><i class=\"fa fa-plus round box-icon-small hover-icon i round\"><\/i><\/a><\/div><div class=\"st_fix_gallery col-md-3 st_1777571727\"><a class=\"hover-img popup-gallery-image\" href=\"https:\/\/holiday-active.com\/wp-content\/uploads\/2021\/02\/Brej\u00e3o_Portugal.jpg\" data-effect=\"mfp-zoom-out\"><img decoding=\"async\" width=\"360\" height=\"270\" src=\"https:\/\/holiday-active.com\/wp-content\/uploads\/2021\/02\/Brej\u00e3o_Portugal-360x270.jpg\" class=\"attachment-360x270 size-360x270\" alt=\"Brej\u00e3o Amalia Rodrigues Summer Hideaway\" \/><i class=\"fa fa-plus round box-icon-small hover-icon i round\"><\/i><\/a><\/div><div class=\"st_fix_gallery col-md-3 st_1777571727\"><a class=\"hover-img popup-gallery-image\" href=\"https:\/\/holiday-active.com\/wp-content\/uploads\/2021\/02\/Brej\u00e3o_Portugal-4.jpg\" data-effect=\"mfp-zoom-out\"><img decoding=\"async\" width=\"360\" height=\"270\" src=\"https:\/\/holiday-active.com\/wp-content\/uploads\/2021\/02\/Brej\u00e3o_Portugal-4-360x270.jpg\" class=\"attachment-360x270 size-360x270\" alt=\"Brej\u00e3o Amalia Rodrigues Summer Hideaway\" \/><i class=\"fa fa-plus round box-icon-small hover-icon i round\"><\/i><\/a><\/div><div class=\"st_fix_gallery col-md-3 st_1777571727\"><a class=\"hover-img popup-gallery-image\" href=\"https:\/\/holiday-active.com\/wp-content\/uploads\/2021\/02\/Brej\u00e3o_Portugal-2.jpg\" data-effect=\"mfp-zoom-out\"><img decoding=\"async\" width=\"360\" height=\"270\" src=\"https:\/\/holiday-active.com\/wp-content\/uploads\/2021\/02\/Brej\u00e3o_Portugal-2-360x270.jpg\" class=\"attachment-360x270 size-360x270\" alt=\"Brej\u00e3o Amalia Rodrigues Summer Hideaway\" \/><i class=\"fa fa-plus round box-icon-small hover-icon i round\"><\/i><\/a><\/div><div class=\"st_fix_gallery col-md-3 st_1777571727\"><a class=\"hover-img popup-gallery-image\" href=\"https:\/\/holiday-active.com\/wp-content\/uploads\/2021\/02\/Brej\u00e3o_Portugal-1.jpg\" data-effect=\"mfp-zoom-out\"><img decoding=\"async\" width=\"360\" height=\"270\" src=\"https:\/\/holiday-active.com\/wp-content\/uploads\/2021\/02\/Brej\u00e3o_Portugal-1-360x270.jpg\" class=\"attachment-360x270 size-360x270\" alt=\"Brej\u00e3o Amalia Rodrigues Summer Hideaway\" \/><i class=\"fa fa-plus round box-icon-small hover-icon i round\"><\/i><\/a><\/div><div class=\"st_fix_gallery col-md-3 st_1777571727\"><a class=\"hover-img popup-gallery-image\" href=\"https:\/\/holiday-active.com\/wp-content\/uploads\/2021\/02\/Brej\u00e3o_Portugal-6.jpg\" data-effect=\"mfp-zoom-out\"><img decoding=\"async\" width=\"360\" height=\"270\" src=\"https:\/\/holiday-active.com\/wp-content\/uploads\/2021\/02\/Brej\u00e3o_Portugal-6-360x270.jpg\" class=\"attachment-360x270 size-360x270\" alt=\"Brej\u00e3o Amalia Rodrigues Summer Hideaway\" \/><i class=\"fa fa-plus round box-icon-small hover-icon i round\"><\/i><\/a><\/div><div class=\"st_fix_gallery col-md-3 st_1777571727\"><a class=\"hover-img popup-gallery-image\" href=\"https:\/\/holiday-active.com\/wp-content\/uploads\/2021\/02\/Brej\u00e3o_Portugal-7.jpg\" data-effect=\"mfp-zoom-out\"><img decoding=\"async\" width=\"360\" height=\"270\" src=\"https:\/\/holiday-active.com\/wp-content\/uploads\/2021\/02\/Brej\u00e3o_Portugal-7-360x270.jpg\" class=\"attachment-360x270 size-360x270\" alt=\"Brej\u00e3o Amalia Rodrigues Summer Hideaway\" \/><i class=\"fa fa-plus round box-icon-small hover-icon i round\"><\/i><\/a><\/div><div class=\"st_fix_gallery col-md-3 st_1777571727\"><a class=\"hover-img popup-gallery-image\" href=\"https:\/\/holiday-active.com\/wp-content\/uploads\/2021\/02\/Brej\u00e3o_Portugal-10.jpg\" data-effect=\"mfp-zoom-out\"><img decoding=\"async\" width=\"360\" height=\"270\" src=\"https:\/\/holiday-active.com\/wp-content\/uploads\/2021\/02\/Brej\u00e3o_Portugal-10-360x270.jpg\" class=\"attachment-360x270 size-360x270\" alt=\"Brej\u00e3o Amalia Rodrigues Summer Hideaway\" \/><i class=\"fa fa-plus round box-icon-small hover-icon i round\"><\/i><\/a><\/div>\r\n                    <\/div>\r\n                <\/div>[\/vc_tta_section][\/vc_tta_tabs][vc_separator][\/vc_column][\/vc_row][vc_row][vc_column][\/vc_column][\/vc_row]<\/p>\n<\/div>","protected":false},"excerpt":{"rendered":"<p>[vc_row full_width=&#8221;stretch_row&#8221; bg_type=&#8221;image&#8221; parallax_style=&#8221;vcpb-default&#8221; bg_image_new=&#8221;id^6033|url^https:\/\/suncarsgroup.comwp-content\/uploads\/2015\/01\/rent-porsche-spain.jpg|caption^null|alt^null|title^rent-porsche-spain|description^null&#8221; bg_override=&#8221;full&#8221; css=&#8221;.vc_custom_1607963653926{margin-top: 0px !important;padding-top: 150px !important;padding-bottom: 150px !important;background-image: url(https:\/\/holiday-active.com\/wp-content\/uploads\/2020\/12\/Brejao-DSC03782.jpg?id=16451) !important;background-position: center !important;background-repeat: no-repeat !important;background-size: cover !important;}&#8221;][vc_column css=&#8221;.vc_custom_1478894705020{padding-top: 100px !important;padding-bottom: 100px !important;}&#8221;][\/vc_column][\/vc_row][vc_row css=&#8221;.vc_custom_1493181701212{margin-top: -43px !important;}&#8221;][vc_column][vc_tta_tabs shape=&#8221;square&#8221; spacing=&#8221;3&#8243; gap=&#8221;1&#8243; active_section=&#8221;1&#8243; no_fill_content_area=&#8221;true&#8221; interval=&#8221;0&#8243; tab_style=&#8221;search_tab&#8221; el_class=&#8221;location_tab_nopadding&#8221; css=&#8221;.vc_custom_1507453963549{padding-bottom: 25px !important;background-color: #ffffff !important;}&#8221;][vc_tta_section i_icon_fontawesome=&#8221;fa fa-info&#8221; add_icon=&#8221;true&#8221; tab_icon=&#8221;fa fa-info&#8221; title=&#8221;Sobre&#8221; tab_id=&#8221;01e3fb61-8a32-3db95-c649be27-021d176a-1aa28ddb-2aaa&#8221; el_class=&#8221;infor&#8221;][vc_column_text] Brej\u00e3o [\/vc_column_text][vc_empty_space][vc_row_inner css=&#8221;.vc_custom_1493189037548{margin-top: 25px !important;margin-bottom: [&hellip;]<\/p>\n","protected":false},"author":1,"featured_media":0,"parent":0,"menu_order":0,"comment_status":"closed","ping_status":"closed","template":"","meta":{"_monsterinsights_skip_tracking":false,"_monsterinsights_sitenote_active":false,"_monsterinsights_sitenote_note":"","_monsterinsights_sitenote_category":0,"footnotes":""},"class_list":["post-16795","page","type-page","status-publish","has-post-thumbnail","hentry"],"yoast_head":"<!-- This site is optimized with the Yoast SEO plugin v27.2 - https:\/\/yoast.com\/product\/yoast-seo-wordpress\/ -->\n<title>Brej\u00e3o, o refugio de Am\u00e1lia Rodrigues | holiday-active.com<\/title>\n<meta name=\"description\" content=\"Brej\u00e3o is where the fado singer Am\u00e1lia Rodrigues chose as her summer house. Take a peak and you will understand why.\" \/>\n<meta name=\"robots\" content=\"index, follow, max-snippet:-1, max-image-preview:large, max-video-preview:-1\" \/>\n<link rel=\"canonical\" href=\"https:\/\/holiday-active.com\/pt-pt\/o-refugio-de-amalia-rodrigues\/\" \/>\n<meta property=\"og:locale\" content=\"pt_PT\" \/>\n<meta property=\"og:type\" content=\"article\" \/>\n<meta property=\"og:title\" content=\"Brej\u00e3o, o refugio de Am\u00e1lia Rodrigues | holiday-active.com\" \/>\n<meta property=\"og:description\" content=\"Brej\u00e3o is where the fado singer Am\u00e1lia Rodrigues chose as her summer house. Take a peak and you will understand why.\" \/>\n<meta property=\"og:url\" content=\"https:\/\/holiday-active.com\/pt-pt\/o-refugio-de-amalia-rodrigues\/\" \/>\n<meta property=\"og:site_name\" content=\"holiday-active.com\" \/>\n<meta property=\"article:publisher\" content=\"https:\/\/www.facebook.com\/holidayactive\" \/>\n<meta property=\"article:modified_time\" content=\"2025-06-28T18:24:46+00:00\" \/>\n<meta property=\"og:image\" content=\"https:\/\/holiday-active.com\/wp-content\/uploads\/2020\/11\/Praia-da-Amalia-20200916_163054.jpg\" \/>\n<meta name=\"twitter:card\" content=\"summary_large_image\" \/>\n<meta name=\"twitter:label1\" content=\"Tempo estimado de leitura\" \/>\n\t<meta name=\"twitter:data1\" content=\"4 minutos\" \/>\n<script type=\"application\/ld+json\" class=\"yoast-schema-graph\">{\"@context\":\"https:\/\/schema.org\",\"@graph\":[{\"@type\":\"WebPage\",\"@id\":\"https:\/\/holiday-active.com\/pt-pt\/o-refugio-de-amalia-rodrigues\/\",\"url\":\"https:\/\/holiday-active.com\/pt-pt\/o-refugio-de-amalia-rodrigues\/\",\"name\":\"Brej\u00e3o, o refugio de Am\u00e1lia Rodrigues | holiday-active.com\",\"isPartOf\":{\"@id\":\"https:\/\/holiday-active.com\/#website\"},\"primaryImageOfPage\":{\"@id\":\"https:\/\/holiday-active.com\/pt-pt\/o-refugio-de-amalia-rodrigues\/#primaryimage\"},\"image\":{\"@id\":\"https:\/\/holiday-active.com\/pt-pt\/o-refugio-de-amalia-rodrigues\/#primaryimage\"},\"thumbnailUrl\":\"https:\/\/holiday-active.com\/wp-content\/uploads\/2020\/11\/Praia-da-Amalia-20200916_163054.jpg\",\"datePublished\":\"2021-02-02T18:56:10+00:00\",\"dateModified\":\"2025-06-28T18:24:46+00:00\",\"description\":\"Brej\u00e3o is where the fado singer Am\u00e1lia Rodrigues chose as her summer house. Take a peak and you will understand why.\",\"breadcrumb\":{\"@id\":\"https:\/\/holiday-active.com\/pt-pt\/o-refugio-de-amalia-rodrigues\/#breadcrumb\"},\"inLanguage\":\"pt-PT\",\"potentialAction\":[{\"@type\":\"ReadAction\",\"target\":[\"https:\/\/holiday-active.com\/pt-pt\/o-refugio-de-amalia-rodrigues\/\"]}]},{\"@type\":\"ImageObject\",\"inLanguage\":\"pt-PT\",\"@id\":\"https:\/\/holiday-active.com\/pt-pt\/o-refugio-de-amalia-rodrigues\/#primaryimage\",\"url\":\"https:\/\/holiday-active.com\/wp-content\/uploads\/2020\/11\/Praia-da-Amalia-20200916_163054.jpg\",\"contentUrl\":\"https:\/\/holiday-active.com\/wp-content\/uploads\/2020\/11\/Praia-da-Amalia-20200916_163054.jpg\"},{\"@type\":\"BreadcrumbList\",\"@id\":\"https:\/\/holiday-active.com\/pt-pt\/o-refugio-de-amalia-rodrigues\/#breadcrumb\",\"itemListElement\":[{\"@type\":\"ListItem\",\"position\":1,\"name\":\"Home\",\"item\":\"https:\/\/holiday-active.com\/pt-pt\/\"},{\"@type\":\"ListItem\",\"position\":2,\"name\":\"Brej\u00e3o, o refugio de Am\u00e1lia Rodrigues\"}]},{\"@type\":\"WebSite\",\"@id\":\"https:\/\/holiday-active.com\/#website\",\"url\":\"https:\/\/holiday-active.com\/\",\"name\":\"holiday-active.com\",\"description\":\"Traveling in Portugal\",\"potentialAction\":[{\"@type\":\"SearchAction\",\"target\":{\"@type\":\"EntryPoint\",\"urlTemplate\":\"https:\/\/holiday-active.com\/?s={search_term_string}\"},\"query-input\":{\"@type\":\"PropertyValueSpecification\",\"valueRequired\":true,\"valueName\":\"search_term_string\"}}],\"inLanguage\":\"pt-PT\"}]}<\/script>\n<!-- \/ Yoast SEO plugin. -->","yoast_head_json":{"title":"Brej\u00e3o, o refugio de Am\u00e1lia Rodrigues | holiday-active.com","description":"Brej\u00e3o is where the fado singer Am\u00e1lia Rodrigues chose as her summer house. Take a peak and you will understand why.","robots":{"index":"index","follow":"follow","max-snippet":"max-snippet:-1","max-image-preview":"max-image-preview:large","max-video-preview":"max-video-preview:-1"},"canonical":"https:\/\/holiday-active.com\/pt-pt\/o-refugio-de-amalia-rodrigues\/","og_locale":"pt_PT","og_type":"article","og_title":"Brej\u00e3o, o refugio de Am\u00e1lia Rodrigues | holiday-active.com","og_description":"Brej\u00e3o is where the fado singer Am\u00e1lia Rodrigues chose as her summer house. Take a peak and you will understand why.","og_url":"https:\/\/holiday-active.com\/pt-pt\/o-refugio-de-amalia-rodrigues\/","og_site_name":"holiday-active.com","article_publisher":"https:\/\/www.facebook.com\/holidayactive","article_modified_time":"2025-06-28T18:24:46+00:00","og_image":[{"url":"https:\/\/holiday-active.com\/wp-content\/uploads\/2020\/11\/Praia-da-Amalia-20200916_163054.jpg","type":"","width":"","height":""}],"twitter_card":"summary_large_image","twitter_misc":{"Tempo estimado de leitura":"4 minutos"},"schema":{"@context":"https:\/\/schema.org","@graph":[{"@type":"WebPage","@id":"https:\/\/holiday-active.com\/pt-pt\/o-refugio-de-amalia-rodrigues\/","url":"https:\/\/holiday-active.com\/pt-pt\/o-refugio-de-amalia-rodrigues\/","name":"Brej\u00e3o, o refugio de Am\u00e1lia Rodrigues | holiday-active.com","isPartOf":{"@id":"https:\/\/holiday-active.com\/#website"},"primaryImageOfPage":{"@id":"https:\/\/holiday-active.com\/pt-pt\/o-refugio-de-amalia-rodrigues\/#primaryimage"},"image":{"@id":"https:\/\/holiday-active.com\/pt-pt\/o-refugio-de-amalia-rodrigues\/#primaryimage"},"thumbnailUrl":"https:\/\/holiday-active.com\/wp-content\/uploads\/2020\/11\/Praia-da-Amalia-20200916_163054.jpg","datePublished":"2021-02-02T18:56:10+00:00","dateModified":"2025-06-28T18:24:46+00:00","description":"Brej\u00e3o is where the fado singer Am\u00e1lia Rodrigues chose as her summer house. Take a peak and you will understand why.","breadcrumb":{"@id":"https:\/\/holiday-active.com\/pt-pt\/o-refugio-de-amalia-rodrigues\/#breadcrumb"},"inLanguage":"pt-PT","potentialAction":[{"@type":"ReadAction","target":["https:\/\/holiday-active.com\/pt-pt\/o-refugio-de-amalia-rodrigues\/"]}]},{"@type":"ImageObject","inLanguage":"pt-PT","@id":"https:\/\/holiday-active.com\/pt-pt\/o-refugio-de-amalia-rodrigues\/#primaryimage","url":"https:\/\/holiday-active.com\/wp-content\/uploads\/2020\/11\/Praia-da-Amalia-20200916_163054.jpg","contentUrl":"https:\/\/holiday-active.com\/wp-content\/uploads\/2020\/11\/Praia-da-Amalia-20200916_163054.jpg"},{"@type":"BreadcrumbList","@id":"https:\/\/holiday-active.com\/pt-pt\/o-refugio-de-amalia-rodrigues\/#breadcrumb","itemListElement":[{"@type":"ListItem","position":1,"name":"Home","item":"https:\/\/holiday-active.com\/pt-pt\/"},{"@type":"ListItem","position":2,"name":"Brej\u00e3o, o refugio de Am\u00e1lia Rodrigues"}]},{"@type":"WebSite","@id":"https:\/\/holiday-active.com\/#website","url":"https:\/\/holiday-active.com\/","name":"holiday-active.com","description":"Traveling in Portugal","potentialAction":[{"@type":"SearchAction","target":{"@type":"EntryPoint","urlTemplate":"https:\/\/holiday-active.com\/?s={search_term_string}"},"query-input":{"@type":"PropertyValueSpecification","valueRequired":true,"valueName":"search_term_string"}}],"inLanguage":"pt-PT"}]}},"_links":{"self":[{"href":"https:\/\/holiday-active.com\/pt-pt\/wp-json\/wp\/v2\/pages\/16795","targetHints":{"allow":["GET"]}}],"collection":[{"href":"https:\/\/holiday-active.com\/pt-pt\/wp-json\/wp\/v2\/pages"}],"about":[{"href":"https:\/\/holiday-active.com\/pt-pt\/wp-json\/wp\/v2\/types\/page"}],"author":[{"embeddable":true,"href":"https:\/\/holiday-active.com\/pt-pt\/wp-json\/wp\/v2\/users\/1"}],"replies":[{"embeddable":true,"href":"https:\/\/holiday-active.com\/pt-pt\/wp-json\/wp\/v2\/comments?post=16795"}],"version-history":[{"count":5,"href":"https:\/\/holiday-active.com\/pt-pt\/wp-json\/wp\/v2\/pages\/16795\/revisions"}],"predecessor-version":[{"id":17759,"href":"https:\/\/holiday-active.com\/pt-pt\/wp-json\/wp\/v2\/pages\/16795\/revisions\/17759"}],"wp:attachment":[{"href":"https:\/\/holiday-active.com\/pt-pt\/wp-json\/wp\/v2\/media?parent=16795"}],"curies":[{"name":"wp","href":"https:\/\/api.w.org\/{rel}","templated":true}]}}