{"id":16675,"date":"2021-01-17T17:13:44","date_gmt":"2021-01-17T17:13:44","guid":{"rendered":"https:\/\/holiday-active.com\/?page_id=16675"},"modified":"2021-06-22T16:02:24","modified_gmt":"2021-06-22T16:02:24","slug":"almograve-faca-uma-pausa-e-relaxe","status":"publish","type":"page","link":"https:\/\/holiday-active.com\/pt-pt\/almograve-faca-uma-pausa-e-relaxe\/","title":{"rendered":"Almograve, fa\u00e7a uma pausa e respire"},"content":{"rendered":"<div class=\"wpb-content-wrapper\"><p>[vc_row full_width=&#8221;stretch_row&#8221; bg_type=&#8221;image&#8221; parallax_style=&#8221;vcpb-default&#8221; bg_image_new=&#8221;id^6033|url^https:\/\/suncarsgroup.comwp-content\/uploads\/2015\/01\/rent-porsche-spain.jpg|caption^null|alt^null|title^rent-porsche-spain|description^null&#8221; bg_override=&#8221;full&#8221; css=&#8221;.vc_custom_1610651844227{margin-top: 0px !important;padding-top: 150px !important;padding-bottom: 150px !important;background-image: url(https:\/\/holiday-active.com\/wp-content\/uploads\/2020\/11\/Almograve-DSC03456.jpg?id=16199) !important;background-position: center !important;background-repeat: no-repeat !important;background-size: cover !important;}&#8221;][vc_column css=&#8221;.vc_custom_1478894705020{padding-top: 100px !important;padding-bottom: 100px !important;}&#8221;][\/vc_column][\/vc_row][vc_row css=&#8221;.vc_custom_1493181701212{margin-top: -43px !important;}&#8221;][vc_column][vc_tta_tabs shape=&#8221;square&#8221; spacing=&#8221;3&#8243; gap=&#8221;1&#8243; active_section=&#8221;1&#8243; no_fill_content_area=&#8221;true&#8221; interval=&#8221;0&#8243; tab_style=&#8221;search_tab&#8221; el_class=&#8221;location_tab_nopadding&#8221; css=&#8221;.vc_custom_1507453963549{padding-bottom: 25px !important;background-color: #ffffff !important;}&#8221;][vc_tta_section i_icon_fontawesome=&#8221;fa fa-info&#8221; add_icon=&#8221;true&#8221; tab_icon=&#8221;fa fa-info&#8221; title=&#8221;Sobre&#8221; tab_id=&#8221;01e3fb61-8a32-3db95-c649be27-021d176a-1aa2a83a-d262&#8243; el_class=&#8221;infor&#8221;][vc_empty_space][vc_row_inner css=&#8221;.vc_custom_1493189037548{margin-top: 25px !important;margin-bottom: 25px !important;}&#8221;][vc_column_inner][vc_column_text]<\/p>\n<h2>Almograve<\/h2>\n<p>[\/vc_column_text][vc_empty_space][vc_column_text]Uma zona da costa vicentina que ainda se apresenta preservada. Almograve \u00e9 apropriada para quem privilegia dias calmos em contacto com a natureza[\/vc_column_text][vc_empty_space][vc_column_text]<\/p>\n<h3>O que visitar em Almograve<\/h3>\n<p>[\/vc_column_text][vc_empty_space][vc_toggle title=&#8221;Trilho das Dunas de Almograve&#8221; style=&#8221;square&#8221; color=&#8221;orange&#8221;]<img decoding=\"async\" class=\"alignnone wp-image-16207 size-full\" src=\"https:\/\/holiday-active.com\/wp-content\/uploads\/2020\/11\/Trilho-de-Dunas-de-Almograve-DSC03481.jpg\" alt=\"Almograve Dunas Trail\" width=\"1200\" height=\"500\" srcset=\"https:\/\/holiday-active.com\/wp-content\/uploads\/2020\/11\/Trilho-de-Dunas-de-Almograve-DSC03481.jpg 1200w, https:\/\/holiday-active.com\/wp-content\/uploads\/2020\/11\/Trilho-de-Dunas-de-Almograve-DSC03481-768x320.jpg 768w\" sizes=\"(max-width: 1200px) 100vw, 1200px\" \/>Trilho das Dunas de Almograve \u00e9 um percurso pedestre de 8,5 km, circular. Um trilho que passa por entre a \u00e1rea agr\u00edcola da regi\u00e3o, pelas dunas e arribas avermelhadas e junto ao vasto areal do Brejo Largo[\/vc_toggle][vc_toggle title=&#8221;Porto de pesca de Lapa dos Pombos&#8221; style=&#8221;square&#8221; color=&#8221;orange&#8221;]<img decoding=\"async\" class=\"alignnone size-full wp-image-16209\" src=\"https:\/\/holiday-active.com\/wp-content\/uploads\/2020\/11\/Porto-de-Pesca-Lapa-dos-Pombos-DSC02238.jpg\" alt=\"Porto de Pesca da Lapa dos Pombos\" width=\"1200\" height=\"500\" srcset=\"https:\/\/holiday-active.com\/wp-content\/uploads\/2020\/11\/Porto-de-Pesca-Lapa-dos-Pombos-DSC02238.jpg 1200w, https:\/\/holiday-active.com\/wp-content\/uploads\/2020\/11\/Porto-de-Pesca-Lapa-dos-Pombos-DSC02238-768x320.jpg 768w\" sizes=\"(max-width: 1200px) 100vw, 1200px\" \/><\/p>\n<p>A 2 km a sul de Almograve, numa ba\u00eda natural, situa-se o porto de pesca de Lapa dos Pombos. Este pequeno porto serve de apoio \u00e0 pesca artesanal. O nome adv\u00e9m de em tempos ser um local de nidifica\u00e7\u00e3o de pombos. Hoje s\u00f3 l\u00e1 encontramos gaivotas e um pescador que tinha acabado de apanhar um safios e navalheiras.[\/vc_toggle][vc_empty_space][vc_column_text]<\/p>\n<h2>Praias em\u00a0 Almograve<\/h2>\n<p>[\/vc_column_text][vc_empty_space][vc_toggle title=&#8221;Praia de Almograve&#8221; style=&#8221;square&#8221; color=&#8221;orange&#8221;]<img decoding=\"async\" class=\"alignnone wp-image-16201 size-full\" src=\"https:\/\/holiday-active.com\/wp-content\/uploads\/2020\/11\/Praia-de-Almograve-DSC03457.jpg\" alt=\"Praia de Almograve\" width=\"1200\" height=\"500\" srcset=\"https:\/\/holiday-active.com\/wp-content\/uploads\/2020\/11\/Praia-de-Almograve-DSC03457.jpg 1200w, https:\/\/holiday-active.com\/wp-content\/uploads\/2020\/11\/Praia-de-Almograve-DSC03457-768x320.jpg 768w\" sizes=\"(max-width: 1200px) 100vw, 1200px\" \/><\/p>\n<p>A 500m da aldeia encontrar\u00e1 a Praia de Almograve. Caracterizada por um extenso areal \u00e9 ideal para caminhadas \u00e0 beira mar. Na baixa mar forma pequenas piscinas naturais que fazem as delicias das crian\u00e7as[\/vc_toggle][vc_toggle title=&#8221;Praia do Cavaleiro&#8221; style=&#8221;square&#8221; color=&#8221;orange&#8221;]<img decoding=\"async\" class=\"alignnone wp-image-16203 size-full\" src=\"https:\/\/holiday-active.com\/wp-content\/uploads\/2020\/11\/Praia-do-Cavaleiro-DSC03521.jpg\" alt=\"Praia do Cavaleiro\" width=\"1200\" height=\"500\" srcset=\"https:\/\/holiday-active.com\/wp-content\/uploads\/2020\/11\/Praia-do-Cavaleiro-DSC03521.jpg 1200w, https:\/\/holiday-active.com\/wp-content\/uploads\/2020\/11\/Praia-do-Cavaleiro-DSC03521-768x320.jpg 768w\" sizes=\"(max-width: 1200px) 100vw, 1200px\" \/><\/p>\n<p>Uma pequena e encantadora praia, situada numa enseada a norte do cabo Sard\u00e3o. Fica praticamente sem areia na preia-mar.<\/p>\n<p>O promont\u00f3rio, antes do acesso \u00e0 praia d\u00e1-lhe a sensa\u00e7\u00e3o de estar \u00e0 proa de um barco, avan\u00e7ando mar adentro, mas tenha aten\u00e7\u00e3o n\u00e3o se aventure at\u00e9 a proa desse navio, a queda \u00e9 grande![\/vc_toggle][vc_empty_space][vc_toggle title=&#8221;Cabo Sard\u00e3o (Cape)&#8221; style=&#8221;square&#8221; color=&#8221;orange&#8221;]<img decoding=\"async\" class=\"alignnone size-full wp-image-16211\" src=\"https:\/\/holiday-active.com\/wp-content\/uploads\/2020\/11\/Cabo-Sardao-DSC03532.jpg\" alt=\"White Storks nest in Cabo Sard\u00e3o Alentejo\" width=\"1200\" height=\"500\" srcset=\"https:\/\/holiday-active.com\/wp-content\/uploads\/2020\/11\/Cabo-Sardao-DSC03532.jpg 1200w, https:\/\/holiday-active.com\/wp-content\/uploads\/2020\/11\/Cabo-Sardao-DSC03532-768x320.jpg 768w\" sizes=\"(max-width: 1200px) 100vw, 1200px\" \/><\/p>\n<p>Entre Almograve e a Zambujeira do Mar encontra o Cabo Sard\u00e3o, o ponto mais ocidental da Costa Alentejana e que proporciona um miradouro deslumbrante sobre a costa. Este \u00e9 um excelente lugar para a observa\u00e7\u00e3o de aves com destaque para as Cegonhas Brancas (Ciconia ciconia). O Parque Natural do Sudoeste Alentejano e Costa Vicentina \u00e9 o \u00fanico local no mundo em que estas cegonhas nidificam nos rochedos da orla costeira<\/p>\n<p>O Farol do Cabo Sard\u00e3o foi constru\u00eddo em 1915 e tem 17 m de altura. Pode ser visitado todas as quartas feiras[\/vc_toggle][vc_toggle title=&#8221;Farol do Cabo Sard\u00e3o&#8221; style=&#8221;square&#8221; color=&#8221;orange&#8221;]<img decoding=\"async\" class=\"alignnone wp-image-16213 size-full\" src=\"https:\/\/holiday-active.com\/wp-content\/uploads\/2020\/11\/Cabo-Sardao-Farol-DSC02268.jpg\" alt=\"Farol do Cabo Sard\u00e3o\" width=\"1200\" height=\"500\" srcset=\"https:\/\/holiday-active.com\/wp-content\/uploads\/2020\/11\/Cabo-Sardao-Farol-DSC02268.jpg 1200w, https:\/\/holiday-active.com\/wp-content\/uploads\/2020\/11\/Cabo-Sardao-Farol-DSC02268-768x320.jpg 768w\" sizes=\"(max-width: 1200px) 100vw, 1200px\" \/><\/p>\n<p>O Farol do Cabo Sard\u00e3o foi constru\u00eddo em 1915 e tem 17 m de altura. Pode ser visitado todas as quartas feiras[\/vc_toggle][vc_empty_space][\/vc_column_inner][\/vc_row_inner][vc_row_inner css=&#8221;.vc_custom_1535621612655{background-color: #efefef !important;}&#8221;][vc_column_inner width=&#8221;2\/3&#8243;][vc_empty_space][vc_raw_html]JTNDZGl2JTNFJTBBJTIwJTIwJTIwJTIwJTIwJTNDaWZyYW1lJTIwd2lkdGglM0QlMjI4MDAlMjIlMjBoZWlnaHQlM0QlMjIzMDAlMjIlMjBmcmFtZWJvcmRlciUzRCUyMjAlMjIlMjBzcmMlM0QlMjJodHRwcyUzQSUyRiUyRnd3dy5iaW5nLmNvbSUyRm1hcHMlMkZlbWJlZCUzRmglM0QzMDAlMjZ3JTNEODAwJTI2Y3AlM0QzNy42NTIzNzEyMzc4MTMwN34tOC44MDc0ODkzOTUxNDE1OTQlMjZsdmwlM0QxNiUyNnR5cCUzRGQlMjZzdHklM0RyJTI2c3JjJTNEU0hFTEwlMjZGT1JNJTNETUJFRFY4JTIyJTIwc2Nyb2xsaW5nJTNEJTIybm8lMjIlM0UlMEElMjAlMjAlMjAlMjAlMjAlM0MlMkZpZnJhbWUlM0UlMEElMjAlMjAlMjAlMjAlMjAlM0NkaXYlMjBzdHlsZSUzRCUyMndoaXRlLXNwYWNlJTNBJTIwbm93cmFwJTNCJTIwdGV4dC1hbGlnbiUzQSUyMGNlbnRlciUzQiUyMHdpZHRoJTNBJTIwODAwcHglM0IlMjBwYWRkaW5nJTNBJTIwNnB4JTIwMCUzQiUyMiUzRSUwQSUyMCUyMCUyMCUyMCUyMCUyMCUyMCUyMCUzQ2ElMjBpZCUzRCUyMmxhcmdlTWFwTGluayUyMiUyMHRhcmdldCUzRCUyMl9ibGFuayUyMiUyMGhyZWYlM0QlMjJodHRwcyUzQSUyRiUyRnd3dy5iaW5nLmNvbSUyRm1hcHMlM0ZjcCUzRDM3LjY1MjM3MTIzNzgxMzA3fi04LjgwNzQ4OTM5NTE0MTU5NCUyNmFtcCUzQnN0eSUzRHIlMjZhbXAlM0JsdmwlM0QxNiUyNmFtcCUzQkZPUk0lM0RNQkVETEQlMjIlM0VWaWV3JTIwTGFyZ2VyJTIwTWFwJTNDJTJGYSUzRSUyMCUyNm5ic3AlM0IlMjAlN0MlMjAlMjZuYnNwJTNCJTBBJTIwJTIwJTIwJTIwJTIwJTIwJTIwJTIwJTNDYSUyMGlkJTNEJTIyZGlyTWFwTGluayUyMiUyMHRhcmdldCUzRCUyMl9ibGFuayUyMiUyMGhyZWYlM0QlMjJodHRwcyUzQSUyRiUyRnd3dy5iaW5nLmNvbSUyRm1hcHMlMkZkaXJlY3Rpb25zJTNGY3AlM0QzNy42NTIzNzEyMzc4MTMwN34tOC44MDc0ODkzOTUxNDE1OTQlMjZhbXAlM0JzdHklM0RyJTI2YW1wJTNCbHZsJTNEMTYlMjZhbXAlM0JydHAlM0R+cG9zLjM3LjY1MjM3MTIzNzgxMzA3Xy04LjgwNzQ4OTM5NTE0MTU5NF9fX18lMjZhbXAlM0JGT1JNJTNETUJFRExEJTIyJTNFR2V0JTIwRGlyZWN0aW9ucyUzQyUyRmElM0UlMEElMjAlMjAlMjAlMjAlM0MlMkZkaXYlM0UlMEElM0MlMkZkaXYlM0U=[\/vc_raw_html][\/vc_column_inner][vc_column_inner width=&#8221;1\/3&#8243;][vc_empty_space][vc_column_text]<\/p>\n<h3 style=\"text-align: center;\">Em caminho<\/h3>\n<p style=\"text-align: center;\"><a href=\"https:\/\/holiday-active.com\/pt-pt\/sines-terra-de-vasco-da-gama\/\" target=\"_blank\" rel=\"noopener\">Sines<\/a><br \/>\n<a href=\"https:\/\/holiday-active.com\/pt-pt\/porto-covo-uma-aldeia-cheia-de-caracter\/\" target=\"_blank\" rel=\"noopener\">Porto Covo<\/a><br \/>\n<a href=\"https:\/\/holiday-active.com\/pt-pt\/vila-nova-de-milfontes-entre-o-mar-e-o-rio\/\" target=\"_blank\" rel=\"noopener\">Vila Nova de Milfontes<\/a><br \/>\nAlmograve<br \/>\n<a href=\"https:\/\/holiday-active.com\/pt-pt\/zambujeira-do-mar-uma-combinacao-perfeita-de-sol-mar-e-boa-comida\/\" target=\"_blank\" rel=\"noopener\">Zambujeira do Mar<\/a><br \/>\n<a href=\"https:\/\/holiday-active.com\/pt-pt\/o-que-visitar-em-odemira\/\" target=\"_blank\" rel=\"noopener\">Odemira<\/a><br \/>\n<a href=\"https:\/\/holiday-active.com\/pt-pt\/barragem-de-santa-clara\/\" target=\"_blank\" rel=\"noopener\">Barragem de Santa Clara<\/a><br \/>\n<a href=\"https:\/\/holiday-active.com\/pt-pt\/onde-o-alentejo-encontra-o-algarve\/\" target=\"_blank\" rel=\"noopener\">Odeceixe<\/a><br \/>\n<a href=\"https:\/\/holiday-active.com\/pt-pt\/o-refugio-de-amalia-rodrigues\/\" target=\"_blank\" rel=\"noopener\">Brej\u00e3o<\/a><br \/>\n<a href=\"https:\/\/holiday-active.com\/pt-pt\/aljezur-preserve-as-suas-praias-paradisicas\/\" target=\"_blank\" rel=\"noopener\">Aljezur<\/a><br \/>\n<a href=\"https:\/\/holiday-active.com\/pt-pt\/sagres-misticismo-surf-mar-natureza\/\" target=\"_blank\" rel=\"noopener\">Sagres<\/a><\/p>\n<p style=\"text-align: center;\"><a href=\"https:\/\/holiday-active.com\/pt-pt\/conduzir-em-portugal\/\" target=\"_blank\" rel=\"noopener\">Aluguer de Carro<\/a><\/p>\n<p>[\/vc_column_text][\/vc_column_inner][\/vc_row_inner][\/vc_tta_section][vc_tta_section i_icon_fontawesome=&#8221;fa fa-bed&#8221; add_icon=&#8221;true&#8221; tab_icon=&#8221;fa fa-car&#8221; title=&#8221;Alojamento&#8221; tab_id=&#8221;3dca09c8-f4f0-9db95-c649be27-021d176a-1aa2a83a-d262&#8243; el_class=&#8221;infor&#8221;][vc_empty_space height=&#8221;16px&#8221;][vc_row_inner][vc_column_inner][vc_empty_space][vc_column_text]<\/p>\n<h3>Your perfect accommodation in Almograve<\/h3>\n<p>[\/vc_column_text][vc_empty_space][vc_raw_html]JTNDaW5zJTIwY2xhc3MlM0QlMjJib29raW5nYWZmJTIyJTIwZGF0YS1haWQlM0QlMjIyMTQyMjY4JTIyJTIwZGF0YS10YXJnZXRfYWlkJTNEJTIyMjE0MjI2OCUyMiUyMGRhdGEtcHJvZCUzRCUyMm1hcCUyMiUyMGRhdGEtd2lkdGglM0QlMjIxMDAlMjUlMjIlMjBkYXRhLWhlaWdodCUzRCUyMjU5MCUyMiUyMGRhdGEtbGFuZyUzRCUyMnVhbG5nJTIyJTIwZGF0YS1kZXN0X2lkJTNEJTIyMCUyMiUyMGRhdGEtZGVzdF90eXBlJTNEJTIybGFuZG1hcmslMjIlMjBkYXRhLWxhdGl0dWRlJTNEJTIyMzcuNjczMTk1MSUyMiUyMGRhdGEtbG9uZ2l0dWRlJTNEJTIyLTguNzcwMTQ3JTIyJTIwZGF0YS1sYW5kbWFya19uYW1lJTNEJTIyTG9uZ3VlaXJhJTIwJTI2YW1wJTNCJTIzNDclM0IlMjBBbG1vZ3JhdmUlMjIlMjBkYXRhLW13aHNiJTNEJTIyMCUyMiUyMGRhdGEtYWRkcmVzcyUzRCUyMkxvbmd1ZWlyYSUyMCUyNmFtcCUzQiUyMzQ3JTNCJTIwQWxtb2dyYXZlJTJDJTIwUG9ydHVnYWwlMjIlM0UlMEElMjAlMjAlMjAlMjAlM0MlMjEtLSUyMEFueXRoaW5nJTIwaW5zaWRlJTIwd2lsbCUyMGdvJTIwYXdheSUyMG9uY2UlMjB3aWRnZXQlMjBpcyUyMGxvYWRlZC4lMjAtLSUzRSUwQSUyMCUyMCUyMCUyMCUyMCUyMCUyMCUyMCUzQ2ElMjBocmVmJTNEJTIyJTJGJTJGd3d3LmJvb2tpbmcuY29tJTNGYWlkJTNEMjE0MjI2OCUyMiUyMHJlbCUzRCVFMiU4MCU5RG5vZm9sbG93JUUyJTgwJTlEJTNFQm9va2luZy5jb20lM0MlMkZhJTNFJTBBJTNDJTJGaW5zJTNFJTBBJTNDc2NyaXB0JTIwdHlwZSUzRCUyMnRleHQlMkZqYXZhc2NyaXB0JTIyJTNFJTBBJTIwJTIwJTIwJTIwJTI4ZnVuY3Rpb24lMjhkJTJDJTIwc2MlMkMlMjB1JTI5JTIwJTdCJTBBJTIwJTIwJTIwJTIwJTIwJTIwdmFyJTIwcyUyMCUzRCUyMGQuY3JlYXRlRWxlbWVudCUyOHNjJTI5JTJDJTIwcCUyMCUzRCUyMGQuZ2V0RWxlbWVudHNCeVRhZ05hbWUlMjhzYyUyOSU1QjAlNUQlM0IlMEElMjAlMjAlMjAlMjAlMjAlMjBzLnR5cGUlMjAlM0QlMjAlMjd0ZXh0JTJGamF2YXNjcmlwdCUyNyUzQiUwQSUyMCUyMCUyMCUyMCUyMCUyMHMuYXN5bmMlMjAlM0QlMjB0cnVlJTNCJTBBJTIwJTIwJTIwJTIwJTIwJTIwcy5zcmMlMjAlM0QlMjB1JTIwJTJCJTIwJTI3JTNGdiUzRCUyNyUyMCUyQiUyMCUyOCUyQm5ldyUyMERhdGUlMjglMjklMjklM0IlMEElMjAlMjAlMjAlMjAlMjAlMjBwLnBhcmVudE5vZGUuaW5zZXJ0QmVmb3JlJTI4cyUyQ3AlMjklM0IlMEElMjAlMjAlMjAlMjAlMjAlMjAlN0QlMjklMjhkb2N1bWVudCUyQyUyMCUyN3NjcmlwdCUyNyUyQyUyMCUyNyUyRiUyRmFmZi5ic3RhdGljLmNvbSUyRnN0YXRpYyUyRmFmZmlsaWF0ZV9iYXNlJTJGanMlMkZmbGV4aXByb2R1Y3QuanMlMjclMjklM0IlMEElM0MlMkZzY3JpcHQlM0U=[\/vc_raw_html][vc_empty_space height=&#8221;25px&#8221;][\/vc_column_inner][\/vc_row_inner][vc_column_text]<\/p>\n<h3>Onde ficar em Almograve? As nossas sugest\u00f5es:<\/h3>\n<p>[\/vc_column_text][vc_empty_space][vc_separator][vc_empty_space][vc_row_inner][vc_column_inner width=&#8221;1\/4&#8243;][vc_empty_space][vc_single_image image=&#8221;17014&#8243; img_size=&#8221;full&#8221; alignment=&#8221;center&#8221;][vc_empty_space height=&#8221;25px&#8221;][\/vc_column_inner][vc_column_inner width=&#8221;3\/4&#8243;][vc_empty_space][vc_column_text]<\/p>\n<h3>Almograve Beach Hostel<\/h3>\n<p>[\/vc_column_text][vc_empty_space][vc_column_text]Situado a 700m da praia de Almograve, onde em ambiente familiar pode usufruir de uma cozinha e sala partilhada e optar por ficar em quartos duplos, twins ou em dormit\u00f3rios mistos. Todos decorados com linhas limpas, acolhedoras e onde reina as cores naturais[\/vc_column_text][vc_empty_space][vc_btn title=&#8221;+ info&#8221; link=&#8221;url:https%3A%2F%2Fwww.booking.com%2Fhotel%2Fpt%2Falmograve-beach-hostel.pt.html%3Faid%3D1567105%26no_rooms%3D1%26group_adults%3D2|target:_blank|rel:nofollow&#8221;][\/vc_column_inner][\/vc_row_inner][vc_separator][vc_row_inner][vc_column_inner width=&#8221;1\/4&#8243;][vc_empty_space][vc_single_image image=&#8221;16955&#8243; img_size=&#8221;full&#8221; alignment=&#8221;center&#8221;][vc_empty_space height=&#8221;25px&#8221;][\/vc_column_inner][vc_column_inner width=&#8221;3\/4&#8243;][vc_empty_space][vc_column_text]<\/p>\n<h3>Monte da Cor\u00e7a Nova<\/h3>\n<p>[\/vc_column_text][vc_empty_space][vc_column_text]Este turismo rural oferece quartos, su\u00edtes e apartamentos com vista da montanha, complementados com varanda t\u00e9rrea, bicicletas gratuitas e piscina ao ar livre, lounge compartilhado e jardim. Pratique o seu swing no minigolfe dispon\u00edvel na propriedade[\/vc_column_text][vc_empty_space][vc_btn title=&#8221;+ info&#8221; link=&#8221;url:https%3A%2F%2Fwww.booking.com%2Fhotel%2Fpt%2Fmonte-da-corca-nova.pt.html%3Faid%3D1567105%26no_rooms%3D1%26group_adults%3D2|target:_blank|rel:nofollow&#8221;][\/vc_column_inner][\/vc_row_inner][vc_empty_space][\/vc_tta_section][vc_tta_section i_icon_fontawesome=&#8221;fa fa-camera&#8221; add_icon=&#8221;true&#8221; title=&#8221;Imagens&#8221; tab_id=&#8221;1505508725897-8ab8a832-e28bdb95-c649be27-021d176a-1aa2a83a-d262&#8243;][vc_empty_space][vc_column_text]<\/p>\n<h2>A glimpse of <strong>Almograve<\/strong><\/h2>\n<p>[\/vc_column_text][vc_empty_space]<div class=\"popup-gallery\">\r\n                    <div class=\"row row-col-gap\">\r\n                      <div class=\"st_fix_gallery col-md-3 st_1777571671\"><a class=\"hover-img popup-gallery-image\" href=\"https:\/\/holiday-active.com\/wp-content\/uploads\/2021\/01\/Almograve_Portugal-4.jpg\" data-effect=\"mfp-zoom-out\"><img decoding=\"async\" width=\"360\" height=\"270\" src=\"https:\/\/holiday-active.com\/wp-content\/uploads\/2021\/01\/Almograve_Portugal-4-360x270.jpg\" class=\"attachment-360x270 size-360x270\" alt=\"Almograve is a small enchanting village in the Alentejo, Portugal\" \/><i class=\"fa fa-plus round box-icon-small hover-icon i round\"><\/i><\/a><\/div><div class=\"st_fix_gallery col-md-3 st_1777571671\"><a class=\"hover-img popup-gallery-image\" href=\"https:\/\/holiday-active.com\/wp-content\/uploads\/2021\/01\/Almograve_Portugal-7.jpg\" data-effect=\"mfp-zoom-out\"><img decoding=\"async\" width=\"360\" height=\"270\" src=\"https:\/\/holiday-active.com\/wp-content\/uploads\/2021\/01\/Almograve_Portugal-7-360x270.jpg\" class=\"attachment-360x270 size-360x270\" alt=\"Almograve is a small enchanting village in the Alentejo, Portugal\" \/><i class=\"fa fa-plus round box-icon-small hover-icon i round\"><\/i><\/a><\/div><div class=\"st_fix_gallery col-md-3 st_1777571671\"><a class=\"hover-img popup-gallery-image\" href=\"https:\/\/holiday-active.com\/wp-content\/uploads\/2021\/01\/Almograve_Portugal-11.jpg\" data-effect=\"mfp-zoom-out\"><img decoding=\"async\" width=\"360\" height=\"270\" src=\"https:\/\/holiday-active.com\/wp-content\/uploads\/2021\/01\/Almograve_Portugal-11-360x270.jpg\" class=\"attachment-360x270 size-360x270\" alt=\"Traveling in Portugal\" \/><i class=\"fa fa-plus round box-icon-small hover-icon i round\"><\/i><\/a><\/div><div class=\"st_fix_gallery col-md-3 st_1777571671\"><a class=\"hover-img popup-gallery-image\" href=\"https:\/\/holiday-active.com\/wp-content\/uploads\/2021\/01\/Almograve_Portugal-14.jpg\" data-effect=\"mfp-zoom-out\"><img decoding=\"async\" width=\"360\" height=\"270\" src=\"https:\/\/holiday-active.com\/wp-content\/uploads\/2021\/01\/Almograve_Portugal-14-360x270.jpg\" class=\"attachment-360x270 size-360x270\" alt=\"Traveling in Portugal\" \/><i class=\"fa fa-plus round box-icon-small hover-icon i round\"><\/i><\/a><\/div><div class=\"st_fix_gallery col-md-3 st_1777571671\"><a class=\"hover-img popup-gallery-image\" href=\"https:\/\/holiday-active.com\/wp-content\/uploads\/2021\/01\/Almograve_Portugal-13.jpg\" data-effect=\"mfp-zoom-out\"><img decoding=\"async\" width=\"360\" height=\"270\" src=\"https:\/\/holiday-active.com\/wp-content\/uploads\/2021\/01\/Almograve_Portugal-13-360x270.jpg\" class=\"attachment-360x270 size-360x270\" alt=\"Almograve is a small enchanting village in the Alentejo, Portugal\" \/><i class=\"fa fa-plus round box-icon-small hover-icon i round\"><\/i><\/a><\/div><div class=\"st_fix_gallery col-md-3 st_1777571671\"><a class=\"hover-img popup-gallery-image\" href=\"https:\/\/holiday-active.com\/wp-content\/uploads\/2021\/01\/Almograve_Portugal-12.jpg\" data-effect=\"mfp-zoom-out\"><img decoding=\"async\" width=\"360\" height=\"270\" src=\"https:\/\/holiday-active.com\/wp-content\/uploads\/2021\/01\/Almograve_Portugal-12-360x270.jpg\" class=\"attachment-360x270 size-360x270\" alt=\"Almograve is a small enchanting village in the Alentejo, Portugal\" \/><i class=\"fa fa-plus round box-icon-small hover-icon i round\"><\/i><\/a><\/div><div class=\"st_fix_gallery col-md-3 st_1777571671\"><a class=\"hover-img popup-gallery-image\" href=\"https:\/\/holiday-active.com\/wp-content\/uploads\/2021\/01\/Almograve_Portugal.jpg\" data-effect=\"mfp-zoom-out\"><img decoding=\"async\" width=\"360\" height=\"270\" src=\"https:\/\/holiday-active.com\/wp-content\/uploads\/2021\/01\/Almograve_Portugal-360x270.jpg\" class=\"attachment-360x270 size-360x270\" alt=\"Almograve is a small enchanting village in the Alentejo, Portugal\" \/><i class=\"fa fa-plus round box-icon-small hover-icon i round\"><\/i><\/a><\/div><div class=\"st_fix_gallery col-md-3 st_1777571671\"><a class=\"hover-img popup-gallery-image\" href=\"https:\/\/holiday-active.com\/wp-content\/uploads\/2021\/01\/Almograve_Portugal-10.jpg\" data-effect=\"mfp-zoom-out\"><img decoding=\"async\" width=\"360\" height=\"270\" src=\"https:\/\/holiday-active.com\/wp-content\/uploads\/2021\/01\/Almograve_Portugal-10-360x270.jpg\" class=\"attachment-360x270 size-360x270\" alt=\"Almograve is a small enchanting village in the Alentejo, Portugal\" \/><i class=\"fa fa-plus round box-icon-small hover-icon i round\"><\/i><\/a><\/div>\r\n                    <\/div>\r\n                <\/div>[\/vc_tta_section][\/vc_tta_tabs][vc_separator][\/vc_column][\/vc_row][vc_row][vc_column][\/vc_column][\/vc_row]<\/p>\n<\/div>","protected":false},"excerpt":{"rendered":"<p>[vc_row full_width=&#8221;stretch_row&#8221; bg_type=&#8221;image&#8221; parallax_style=&#8221;vcpb-default&#8221; bg_image_new=&#8221;id^6033|url^https:\/\/suncarsgroup.comwp-content\/uploads\/2015\/01\/rent-porsche-spain.jpg|caption^null|alt^null|title^rent-porsche-spain|description^null&#8221; bg_override=&#8221;full&#8221; css=&#8221;.vc_custom_1610651844227{margin-top: 0px !important;padding-top: 150px !important;padding-bottom: 150px !important;background-image: url(https:\/\/holiday-active.com\/wp-content\/uploads\/2020\/11\/Almograve-DSC03456.jpg?id=16199) !important;background-position: center !important;background-repeat: no-repeat !important;background-size: cover !important;}&#8221;][vc_column css=&#8221;.vc_custom_1478894705020{padding-top: 100px !important;padding-bottom: 100px !important;}&#8221;][\/vc_column][\/vc_row][vc_row css=&#8221;.vc_custom_1493181701212{margin-top: -43px !important;}&#8221;][vc_column][vc_tta_tabs shape=&#8221;square&#8221; spacing=&#8221;3&#8243; gap=&#8221;1&#8243; active_section=&#8221;1&#8243; no_fill_content_area=&#8221;true&#8221; interval=&#8221;0&#8243; tab_style=&#8221;search_tab&#8221; el_class=&#8221;location_tab_nopadding&#8221; css=&#8221;.vc_custom_1507453963549{padding-bottom: 25px !important;background-color: #ffffff !important;}&#8221;][vc_tta_section i_icon_fontawesome=&#8221;fa fa-info&#8221; add_icon=&#8221;true&#8221; tab_icon=&#8221;fa fa-info&#8221; title=&#8221;Sobre&#8221; tab_id=&#8221;01e3fb61-8a32-3db95-c649be27-021d176a-1aa2a83a-d262&#8243; el_class=&#8221;infor&#8221;][vc_empty_space][vc_row_inner css=&#8221;.vc_custom_1493189037548{margin-top: 25px !important;margin-bottom: 25px !important;}&#8221;][vc_column_inner][vc_column_text] [&hellip;]<\/p>\n","protected":false},"author":1,"featured_media":0,"parent":0,"menu_order":0,"comment_status":"closed","ping_status":"closed","template":"","meta":{"_monsterinsights_skip_tracking":false,"_monsterinsights_sitenote_active":false,"_monsterinsights_sitenote_note":"","_monsterinsights_sitenote_category":0,"footnotes":""},"class_list":["post-16675","page","type-page","status-publish","has-post-thumbnail","hentry"],"yoast_head":"<!-- This site is optimized with the Yoast SEO plugin v27.2 - https:\/\/yoast.com\/product\/yoast-seo-wordpress\/ -->\n<title>Almograve, fa\u00e7a uma pausa e respire | holiday-active.com<\/title>\n<meta name=\"description\" content=\"Almograve \u00e9 uma zona da costa vicentina que se apresenta preservada. Apropriada para quem privilegia dias calmos, belas praias e contacto com a natureza.\" \/>\n<meta name=\"robots\" content=\"index, follow, max-snippet:-1, max-image-preview:large, max-video-preview:-1\" \/>\n<link rel=\"canonical\" href=\"https:\/\/holiday-active.com\/pt-pt\/almograve-faca-uma-pausa-e-relaxe\/\" \/>\n<meta property=\"og:locale\" content=\"pt_PT\" \/>\n<meta property=\"og:type\" content=\"article\" \/>\n<meta property=\"og:title\" content=\"Almograve, fa\u00e7a uma pausa e respire | holiday-active.com\" \/>\n<meta property=\"og:description\" content=\"Almograve \u00e9 uma zona da costa vicentina que se apresenta preservada. Apropriada para quem privilegia dias calmos, belas praias e contacto com a natureza.\" \/>\n<meta property=\"og:url\" content=\"https:\/\/holiday-active.com\/pt-pt\/almograve-faca-uma-pausa-e-relaxe\/\" \/>\n<meta property=\"og:site_name\" content=\"holiday-active.com\" \/>\n<meta property=\"article:publisher\" content=\"https:\/\/www.facebook.com\/holidayactive\" \/>\n<meta property=\"article:modified_time\" content=\"2021-06-22T16:02:24+00:00\" \/>\n<meta property=\"og:image\" content=\"https:\/\/holiday-active.com\/wp-content\/uploads\/2020\/11\/Trilho-de-Dunas-de-Almograve-DSC03481.jpg\" \/>\n<meta name=\"twitter:card\" content=\"summary_large_image\" \/>\n<meta name=\"twitter:label1\" content=\"Tempo estimado de leitura\" \/>\n\t<meta name=\"twitter:data1\" content=\"7 minutos\" \/>\n<script type=\"application\/ld+json\" class=\"yoast-schema-graph\">{\"@context\":\"https:\/\/schema.org\",\"@graph\":[{\"@type\":\"WebPage\",\"@id\":\"https:\/\/holiday-active.com\/pt-pt\/almograve-faca-uma-pausa-e-relaxe\/\",\"url\":\"https:\/\/holiday-active.com\/pt-pt\/almograve-faca-uma-pausa-e-relaxe\/\",\"name\":\"Almograve, fa\u00e7a uma pausa e respire | holiday-active.com\",\"isPartOf\":{\"@id\":\"https:\/\/holiday-active.com\/#website\"},\"primaryImageOfPage\":{\"@id\":\"https:\/\/holiday-active.com\/pt-pt\/almograve-faca-uma-pausa-e-relaxe\/#primaryimage\"},\"image\":{\"@id\":\"https:\/\/holiday-active.com\/pt-pt\/almograve-faca-uma-pausa-e-relaxe\/#primaryimage\"},\"thumbnailUrl\":\"https:\/\/holiday-active.com\/wp-content\/uploads\/2020\/11\/Trilho-de-Dunas-de-Almograve-DSC03481.jpg\",\"datePublished\":\"2021-01-17T17:13:44+00:00\",\"dateModified\":\"2021-06-22T16:02:24+00:00\",\"description\":\"Almograve \u00e9 uma zona da costa vicentina que se apresenta preservada. Apropriada para quem privilegia dias calmos, belas praias e contacto com a natureza.\",\"breadcrumb\":{\"@id\":\"https:\/\/holiday-active.com\/pt-pt\/almograve-faca-uma-pausa-e-relaxe\/#breadcrumb\"},\"inLanguage\":\"pt-PT\",\"potentialAction\":[{\"@type\":\"ReadAction\",\"target\":[\"https:\/\/holiday-active.com\/pt-pt\/almograve-faca-uma-pausa-e-relaxe\/\"]}]},{\"@type\":\"ImageObject\",\"inLanguage\":\"pt-PT\",\"@id\":\"https:\/\/holiday-active.com\/pt-pt\/almograve-faca-uma-pausa-e-relaxe\/#primaryimage\",\"url\":\"https:\/\/holiday-active.com\/wp-content\/uploads\/2020\/11\/Trilho-de-Dunas-de-Almograve-DSC03481.jpg\",\"contentUrl\":\"https:\/\/holiday-active.com\/wp-content\/uploads\/2020\/11\/Trilho-de-Dunas-de-Almograve-DSC03481.jpg\"},{\"@type\":\"BreadcrumbList\",\"@id\":\"https:\/\/holiday-active.com\/pt-pt\/almograve-faca-uma-pausa-e-relaxe\/#breadcrumb\",\"itemListElement\":[{\"@type\":\"ListItem\",\"position\":1,\"name\":\"Home\",\"item\":\"https:\/\/holiday-active.com\/pt-pt\/\"},{\"@type\":\"ListItem\",\"position\":2,\"name\":\"Almograve, fa\u00e7a uma pausa e respire\"}]},{\"@type\":\"WebSite\",\"@id\":\"https:\/\/holiday-active.com\/#website\",\"url\":\"https:\/\/holiday-active.com\/\",\"name\":\"holiday-active.com\",\"description\":\"Traveling in Portugal\",\"potentialAction\":[{\"@type\":\"SearchAction\",\"target\":{\"@type\":\"EntryPoint\",\"urlTemplate\":\"https:\/\/holiday-active.com\/?s={search_term_string}\"},\"query-input\":{\"@type\":\"PropertyValueSpecification\",\"valueRequired\":true,\"valueName\":\"search_term_string\"}}],\"inLanguage\":\"pt-PT\"}]}<\/script>\n<!-- \/ Yoast SEO plugin. -->","yoast_head_json":{"title":"Almograve, fa\u00e7a uma pausa e respire | holiday-active.com","description":"Almograve \u00e9 uma zona da costa vicentina que se apresenta preservada. Apropriada para quem privilegia dias calmos, belas praias e contacto com a natureza.","robots":{"index":"index","follow":"follow","max-snippet":"max-snippet:-1","max-image-preview":"max-image-preview:large","max-video-preview":"max-video-preview:-1"},"canonical":"https:\/\/holiday-active.com\/pt-pt\/almograve-faca-uma-pausa-e-relaxe\/","og_locale":"pt_PT","og_type":"article","og_title":"Almograve, fa\u00e7a uma pausa e respire | holiday-active.com","og_description":"Almograve \u00e9 uma zona da costa vicentina que se apresenta preservada. Apropriada para quem privilegia dias calmos, belas praias e contacto com a natureza.","og_url":"https:\/\/holiday-active.com\/pt-pt\/almograve-faca-uma-pausa-e-relaxe\/","og_site_name":"holiday-active.com","article_publisher":"https:\/\/www.facebook.com\/holidayactive","article_modified_time":"2021-06-22T16:02:24+00:00","og_image":[{"url":"https:\/\/holiday-active.com\/wp-content\/uploads\/2020\/11\/Trilho-de-Dunas-de-Almograve-DSC03481.jpg","type":"","width":"","height":""}],"twitter_card":"summary_large_image","twitter_misc":{"Tempo estimado de leitura":"7 minutos"},"schema":{"@context":"https:\/\/schema.org","@graph":[{"@type":"WebPage","@id":"https:\/\/holiday-active.com\/pt-pt\/almograve-faca-uma-pausa-e-relaxe\/","url":"https:\/\/holiday-active.com\/pt-pt\/almograve-faca-uma-pausa-e-relaxe\/","name":"Almograve, fa\u00e7a uma pausa e respire | holiday-active.com","isPartOf":{"@id":"https:\/\/holiday-active.com\/#website"},"primaryImageOfPage":{"@id":"https:\/\/holiday-active.com\/pt-pt\/almograve-faca-uma-pausa-e-relaxe\/#primaryimage"},"image":{"@id":"https:\/\/holiday-active.com\/pt-pt\/almograve-faca-uma-pausa-e-relaxe\/#primaryimage"},"thumbnailUrl":"https:\/\/holiday-active.com\/wp-content\/uploads\/2020\/11\/Trilho-de-Dunas-de-Almograve-DSC03481.jpg","datePublished":"2021-01-17T17:13:44+00:00","dateModified":"2021-06-22T16:02:24+00:00","description":"Almograve \u00e9 uma zona da costa vicentina que se apresenta preservada. Apropriada para quem privilegia dias calmos, belas praias e contacto com a natureza.","breadcrumb":{"@id":"https:\/\/holiday-active.com\/pt-pt\/almograve-faca-uma-pausa-e-relaxe\/#breadcrumb"},"inLanguage":"pt-PT","potentialAction":[{"@type":"ReadAction","target":["https:\/\/holiday-active.com\/pt-pt\/almograve-faca-uma-pausa-e-relaxe\/"]}]},{"@type":"ImageObject","inLanguage":"pt-PT","@id":"https:\/\/holiday-active.com\/pt-pt\/almograve-faca-uma-pausa-e-relaxe\/#primaryimage","url":"https:\/\/holiday-active.com\/wp-content\/uploads\/2020\/11\/Trilho-de-Dunas-de-Almograve-DSC03481.jpg","contentUrl":"https:\/\/holiday-active.com\/wp-content\/uploads\/2020\/11\/Trilho-de-Dunas-de-Almograve-DSC03481.jpg"},{"@type":"BreadcrumbList","@id":"https:\/\/holiday-active.com\/pt-pt\/almograve-faca-uma-pausa-e-relaxe\/#breadcrumb","itemListElement":[{"@type":"ListItem","position":1,"name":"Home","item":"https:\/\/holiday-active.com\/pt-pt\/"},{"@type":"ListItem","position":2,"name":"Almograve, fa\u00e7a uma pausa e respire"}]},{"@type":"WebSite","@id":"https:\/\/holiday-active.com\/#website","url":"https:\/\/holiday-active.com\/","name":"holiday-active.com","description":"Traveling in Portugal","potentialAction":[{"@type":"SearchAction","target":{"@type":"EntryPoint","urlTemplate":"https:\/\/holiday-active.com\/?s={search_term_string}"},"query-input":{"@type":"PropertyValueSpecification","valueRequired":true,"valueName":"search_term_string"}}],"inLanguage":"pt-PT"}]}},"_links":{"self":[{"href":"https:\/\/holiday-active.com\/pt-pt\/wp-json\/wp\/v2\/pages\/16675","targetHints":{"allow":["GET"]}}],"collection":[{"href":"https:\/\/holiday-active.com\/pt-pt\/wp-json\/wp\/v2\/pages"}],"about":[{"href":"https:\/\/holiday-active.com\/pt-pt\/wp-json\/wp\/v2\/types\/page"}],"author":[{"embeddable":true,"href":"https:\/\/holiday-active.com\/pt-pt\/wp-json\/wp\/v2\/users\/1"}],"replies":[{"embeddable":true,"href":"https:\/\/holiday-active.com\/pt-pt\/wp-json\/wp\/v2\/comments?post=16675"}],"version-history":[{"count":4,"href":"https:\/\/holiday-active.com\/pt-pt\/wp-json\/wp\/v2\/pages\/16675\/revisions"}],"predecessor-version":[{"id":17293,"href":"https:\/\/holiday-active.com\/pt-pt\/wp-json\/wp\/v2\/pages\/16675\/revisions\/17293"}],"wp:attachment":[{"href":"https:\/\/holiday-active.com\/pt-pt\/wp-json\/wp\/v2\/media?parent=16675"}],"curies":[{"name":"wp","href":"https:\/\/api.w.org\/{rel}","templated":true}]}}