{"id":16658,"date":"2021-01-14T19:07:17","date_gmt":"2021-01-14T19:07:17","guid":{"rendered":"https:\/\/holiday-active.com\/?page_id=16658"},"modified":"2022-03-22T20:01:18","modified_gmt":"2022-03-22T20:01:18","slug":"vila-nova-de-milfontes-entre-o-mar-e-o-rio","status":"publish","type":"page","link":"https:\/\/holiday-active.com\/pt-pt\/vila-nova-de-milfontes-entre-o-mar-e-o-rio\/","title":{"rendered":"Vila Nova de Milfontes entre o mar e o rio"},"content":{"rendered":"<div class=\"wpb-content-wrapper\"><p>[vc_row full_width=&#8221;stretch_row&#8221; bg_type=&#8221;image&#8221; parallax_style=&#8221;vcpb-default&#8221; bg_image_new=&#8221;id^6033|url^https:\/\/suncarsgroup.comwp-content\/uploads\/2015\/01\/rent-porsche-spain.jpg|caption^null|alt^null|title^rent-porsche-spain|description^null&#8221; bg_override=&#8221;full&#8221; css=&#8221;.vc_custom_1607942573169{margin-top: 0px !important;padding-top: 150px !important;padding-bottom: 150px !important;background-image: url(https:\/\/holiday-active.com\/wp-content\/uploads\/2020\/10\/Vila-Nova-de-Milfontes-DSC03217.jpg?id=16172) !important;background-position: center !important;background-repeat: no-repeat !important;background-size: cover !important;}&#8221;][vc_column css=&#8221;.vc_custom_1478894705020{padding-top: 100px !important;padding-bottom: 100px !important;}&#8221;][\/vc_column][\/vc_row][vc_row css=&#8221;.vc_custom_1493181701212{margin-top: -43px !important;}&#8221;][vc_column][vc_tta_tabs shape=&#8221;square&#8221; spacing=&#8221;3&#8243; gap=&#8221;1&#8243; active_section=&#8221;1&#8243; no_fill_content_area=&#8221;true&#8221; interval=&#8221;0&#8243; tab_style=&#8221;search_tab&#8221; el_class=&#8221;location_tab_nopadding&#8221; css=&#8221;.vc_custom_1507453963549{padding-bottom: 25px !important;background-color: #ffffff !important;}&#8221;][vc_tta_section i_icon_fontawesome=&#8221;fa fa-info&#8221; add_icon=&#8221;true&#8221; tab_icon=&#8221;fa fa-info&#8221; title=&#8221;Sobre&#8221; tab_id=&#8221;01e3fb61-8a32-3db95-c649be27-021d176a-1aa23840-b3d9&#8243; el_class=&#8221;infor&#8221;][vc_empty_space][vc_row_inner css=&#8221;.vc_custom_1493189037548{margin-top: 25px !important;margin-bottom: 25px !important;}&#8221;][vc_column_inner][vc_empty_space][vc_column_text]<\/p>\n<h1><strong>Vila Nova de Milfontes<\/strong><\/h1>\n<p>[\/vc_column_text][vc_empty_space][vc_column_text]Entre o mar e o rio Mira ergue-se Vila Nova de Milfontes.<\/p>\n<p>Fundada por D. Jo\u00e3o II em 1486 ganhou import\u00e2ncia como porto comercial para o escoamento dos produtos regionais como os cereais, o carv\u00e3o, a lenha, a corti\u00e7a, o mel, a cera e o vinho. Ao longo dos s\u00e9culos foi alvo de ataques de pirataria que conduziu, durante o reinado de D. Filipe II \u00e0 constru\u00e7\u00e3o do Forte de S. Clemente para protec\u00e7\u00e3o da vila e da foz do Rio Mira<\/p>\n<p>Uma vila que cresceu para al\u00e9m do seu centro hist\u00f3rico encantador para uma oferta tur\u00edstica urbana despersonalizada, comercial e de anima\u00e7\u00e3o nocturna.[\/vc_column_text][vc_empty_space][vc_column_text]<\/p>\n<h3>O que visitar em Vila Nova de Milfontes<\/h3>\n<p>[\/vc_column_text][vc_empty_space][vc_toggle title=&#8221;Centro hist\u00f3rico&#8221; style=&#8221;square&#8221; color=&#8221;orange&#8221;]<img decoding=\"async\" class=\"alignnone wp-image-16193 size-full\" src=\"https:\/\/holiday-active.com\/wp-content\/uploads\/2020\/11\/Vila-Nova-de-Milfontes-DSC03191.jpg\" alt=\"Centro hist\u00f3rico de Vila Nova de Milfontes\" width=\"1200\" height=\"500\" srcset=\"https:\/\/holiday-active.com\/wp-content\/uploads\/2020\/11\/Vila-Nova-de-Milfontes-DSC03191.jpg 1200w, https:\/\/holiday-active.com\/wp-content\/uploads\/2020\/11\/Vila-Nova-de-Milfontes-DSC03191-768x320.jpg 768w\" sizes=\"(max-width: 1200px) 100vw, 1200px\" \/><\/p>\n<p>Casario baixo e colorido onde a sua simplicidade \u00e9 o seu maior triunfo.<\/p>\n<p>Percorra as ruas estreitas ladeadas com as casas alentejanas caiadas rematadas com barras coloridas, cortinas rendadas e janelas emolduradas a azul, amarelo ou bordeaux[\/vc_toggle][vc_toggle title=&#8221;Igreja Nossa Senhora da Gra\u00e7a&#8221; style=&#8221;square&#8221; color=&#8221;orange&#8221;]<img decoding=\"async\" class=\"alignnone wp-image-16158 size-full\" src=\"https:\/\/holiday-active.com\/wp-content\/uploads\/2020\/10\/Igreja-DSC03188.jpg\" alt=\"Igreja Nossa Senhora da Gra\u00e7a in Vila Nova de Milfontes \" width=\"1200\" height=\"500\" srcset=\"https:\/\/holiday-active.com\/wp-content\/uploads\/2020\/10\/Igreja-DSC03188.jpg 1200w, https:\/\/holiday-active.com\/wp-content\/uploads\/2020\/10\/Igreja-DSC03188-768x320.jpg 768w\" sizes=\"(max-width: 1200px) 100vw, 1200px\" \/><\/p>\n<p>Constru\u00edda no in\u00edcio do s\u00e9culo XVI, sofreu v\u00e1rias destrui\u00e7\u00f5es e reconstru\u00e7\u00f5es, restando apenas a fachada e o arco do altar mor da sua constru\u00e7\u00e3o original.<\/p>\n<p>Pertenceu \u00e0 Ordem de Santiago da Espada cuja cruz est\u00e1 gravada por cima da porta[\/vc_toggle][vc_toggle title=&#8221;Forte de S Clemente&#8221; style=&#8221;square&#8221; color=&#8221;orange&#8221;]<img decoding=\"async\" class=\"alignnone wp-image-16156 size-full\" src=\"https:\/\/holiday-active.com\/wp-content\/uploads\/2020\/10\/Foorte-de-S-Clemente-em-Vila-Nova-de-Milfontes-DSC03173.jpg\" alt=\"Forte de S Clemente na Vila Nova de Milfontes em Portugal\" width=\"1200\" height=\"500\" srcset=\"https:\/\/holiday-active.com\/wp-content\/uploads\/2020\/10\/Foorte-de-S-Clemente-em-Vila-Nova-de-Milfontes-DSC03173.jpg 1200w, https:\/\/holiday-active.com\/wp-content\/uploads\/2020\/10\/Foorte-de-S-Clemente-em-Vila-Nova-de-Milfontes-DSC03173-768x320.jpg 768w\" sizes=\"(max-width: 1200px) 100vw, 1200px\" \/><\/p>\n<p>Constru\u00eddo no reinado de D Filipe II em 1599-1602, de arquitectura militar e estilo maneirista. Projectado para proteger entrada do rio de piratas e cors\u00e1rios e salvaguardar o comercio que se fazia ao longo do Rio Mira.[\/vc_toggle][vc_toggle title=&#8221;1\u00aa Viagem a\u00e9rea Portugal &#8211; Macau&#8221; style=&#8221;square&#8221; color=&#8221;orange&#8221;]<img decoding=\"async\" class=\"alignnone wp-image-16162 size-full\" src=\"https:\/\/holiday-active.com\/wp-content\/uploads\/2020\/10\/Monumento-DSC03180.jpg\" alt=\"Monumento alusivo \u00e0 1\u00aa Viagem a\u00e9rea Portugal - Macau em Vila Nova de Milfontes, Portugal\" width=\"1200\" height=\"599\" srcset=\"https:\/\/holiday-active.com\/wp-content\/uploads\/2020\/10\/Monumento-DSC03180.jpg 1200w, https:\/\/holiday-active.com\/wp-content\/uploads\/2020\/10\/Monumento-DSC03180-768x383.jpg 768w\" sizes=\"(max-width: 1200px) 100vw, 1200px\" \/><\/p>\n<p>No largo do Barbac\u00e3 vai tamb\u00e9m encontrar o monumento alusivo \u00e0 primeira viagem a\u00e9rea Portugal &#8211; Macau. Realizada dois anos depois da travessia do Atl\u00e2ntico Sul (Lisboa-Rio de Janeiro) por Gago Coutinho e Sacadura Cabral.<\/p>\n<p>Os pilotos Brito Pais e Sarmento Beires partiram de Vila Nova de Milfontes a 7 de Abril de 1924, num avi\u00e3o Breguet XIV Bn2, em dire\u00e7\u00e3o a Macau. No entanto, o avi\u00e3o despenhou-se na \u00cdndia a 7 de maio. Ilesos e destemidos adquiriram uma aeronave de dois lugares para prosseguirem a viagem. O avi\u00e3o finalmente alcan\u00e7ou os c\u00e9us de Macau em 20 de junho, mas o mau tempo impediu a aterragem.<\/p>\n<p>Manuel Gouveia foi o mec\u00e2nico e companheiro de viagem nesta epopeia[\/vc_toggle][vc_toggle title=&#8221;Cais fluvial&#8221; style=&#8221;square&#8221; color=&#8221;orange&#8221;]<img decoding=\"async\" class=\"alignnone wp-image-16154 size-full\" src=\"https:\/\/holiday-active.com\/wp-content\/uploads\/2020\/10\/Ferry-de-Vila-Nova-de-Milfontes-DSC03177.jpg\" alt=\"Cais fluvial em Vila Nova de Milfontes. Aqui apanha o barco para as praias na outra margem\" width=\"1200\" height=\"500\" srcset=\"https:\/\/holiday-active.com\/wp-content\/uploads\/2020\/10\/Ferry-de-Vila-Nova-de-Milfontes-DSC03177.jpg 1200w, https:\/\/holiday-active.com\/wp-content\/uploads\/2020\/10\/Ferry-de-Vila-Nova-de-Milfontes-DSC03177-768x320.jpg 768w\" sizes=\"(max-width: 1200px) 100vw, 1200px\" \/><\/p>\n<p>Por debaixo do Largo de Barbac\u00e3 poder\u00e1 apanhar um ferry para atravessar o Rio Mira e usufruir das belas praias fluviais na outra margem[\/vc_toggle][vc_toggle title=&#8221;Estatua do Arcanjo&#8221; style=&#8221;square&#8221; color=&#8221;orange&#8221;]<img decoding=\"async\" class=\"alignnone wp-image-16150 size-full\" src=\"https:\/\/holiday-active.com\/wp-content\/uploads\/2020\/10\/Estatua-DSC03222.jpg\" alt=\"Estatua do Arcanjo em Vila Nova de Milfontes, um apelo ecol\u00f3gico\" width=\"1200\" height=\"500\" srcset=\"https:\/\/holiday-active.com\/wp-content\/uploads\/2020\/10\/Estatua-DSC03222.jpg 1200w, https:\/\/holiday-active.com\/wp-content\/uploads\/2020\/10\/Estatua-DSC03222-768x320.jpg 768w\" sizes=\"(max-width: 1200px) 100vw, 1200px\" \/><\/p>\n<p>Na rotunda do farol ir\u00e1 deparar com a estatua do Arcanjo.Um anjo guerreiro que levanta sobre a sua cabe\u00e7a, a terra, que se derrete e destr\u00f3i.<\/p>\n<p>De acordo com o seu autor, Aureliano de Aguiar, constitui um apelo ecol\u00f3gico. &#8211; Um grito, um alerta ao planeta que se desfaz. A dor ou a raiva e o desejo de salvar (ou arremessar?) o planeta que se degradou pela m\u00e3o de humanos&#8221;.<\/p>\n<p>Esta est\u00e1tua de 3,5m, toda ela em ferro re-utilizado, foi premiada com o pr\u00e9mio Utopia, promovido pelo N\u00facleo Portugu\u00eas de Arte Fant\u00e1stica, em 2008[\/vc_toggle][vc_toggle title=&#8221;Festas religiosas em Vila Nova de Milfontes&#8221; style=&#8221;square&#8221; color=&#8221;orange&#8221;]8 de Agosto &#8211; Festa em homenagem \u00e0 padroeira da Vila Nova de Milfontes, Nossa Senhora da Gra\u00e7a, sendo a prociss\u00e3o fluvial o ponto alto das celebra\u00e7\u00f5es.[\/vc_toggle][vc_empty_space][vc_column_text]<\/p>\n<h2>Praias em redor de Vila Nova de Milfontes<\/h2>\n<p>[\/vc_column_text][vc_empty_space][vc_toggle title=&#8221;Praia da Franquia e do Farol&#8221; style=&#8221;square&#8221; color=&#8221;orange&#8221;]<img decoding=\"async\" class=\"alignnone wp-image-16166 size-full\" src=\"https:\/\/holiday-active.com\/wp-content\/uploads\/2020\/10\/Praia-da-Franquia-e-do-Farol-DSC03220.jpg\" alt=\"Praia da Franquia e do Farol em Vila Nova de Milfontes, Portugal\" width=\"1200\" height=\"500\" srcset=\"https:\/\/holiday-active.com\/wp-content\/uploads\/2020\/10\/Praia-da-Franquia-e-do-Farol-DSC03220.jpg 1200w, https:\/\/holiday-active.com\/wp-content\/uploads\/2020\/10\/Praia-da-Franquia-e-do-Farol-DSC03220-768x320.jpg 768w\" sizes=\"(max-width: 1200px) 100vw, 1200px\" \/><\/p>\n<p>Ao longo Marginal que liga o forte ao farol da Vila Nova de Milfontes encontrar\u00e1 as praias da Franquia e do Farol, separadas por um espor\u00e3o rochoso. S\u00e3o praias fluviais, junto \u00e0 foz do rio Mira, e como tal proporciona \u00e1guas tranquilas e de fraca ondula\u00e7\u00e3o ideais para as crian\u00e7as .<\/p>\n<p>A sua proximidade e f\u00e1cil acesso faz com que estas praias sejam as mais procuradas para quem veraneia em Vila Nova de Milfontes.[\/vc_toggle][vc_toggle title=&#8221;Praia das Furnas&#8221; style=&#8221;square&#8221; color=&#8221;orange&#8221;]<img decoding=\"async\" class=\"alignnone wp-image-16168 size-full\" src=\"https:\/\/holiday-active.com\/wp-content\/uploads\/2020\/10\/Praia-das-Furnas-DSC02699.jpg\" alt=\"Praia das Furnas em Vila Nova de Milfontes ,eleita a melhor praia fluvial\" width=\"1200\" height=\"500\" srcset=\"https:\/\/holiday-active.com\/wp-content\/uploads\/2020\/10\/Praia-das-Furnas-DSC02699.jpg 1200w, https:\/\/holiday-active.com\/wp-content\/uploads\/2020\/10\/Praia-das-Furnas-DSC02699-768x320.jpg 768w\" sizes=\"(max-width: 1200px) 100vw, 1200px\" \/><\/p>\n<p>Eleita \u201cMelhor Praia de Rio\u201d localiza-se na margem sul, junto \u00e0 foz do rio Mira onde o areal \u00e9 mais amplo, oferecendo uma frente de rio e outra de mar. Tal como a praia da Franquia e Farol oferece excelentes condi\u00e7\u00f5es para a pr\u00e1tica de desportos na\u00fatico como canoagem, stand up paddle e vela<\/p>\n<p>Para l\u00e1 chegar pode ir de carro com acesso por terra batida at\u00e9 chegar a um estacionamento bem delimitado ou apanhar o ferry em Vila Nova de Milfontes.[\/vc_toggle][vc_toggle title=&#8221;Mariolas&#8221; style=&#8221;square&#8221; color=&#8221;orange&#8221;]<img decoding=\"async\" class=\"alignnone wp-image-16160 size-full\" src=\"https:\/\/holiday-active.com\/wp-content\/uploads\/2020\/10\/Mariolas-DSC03244.jpg\" alt=\"Mariolas em Vila Nova de Milfontes\" width=\"1200\" height=\"500\" srcset=\"https:\/\/holiday-active.com\/wp-content\/uploads\/2020\/10\/Mariolas-DSC03244.jpg 1200w, https:\/\/holiday-active.com\/wp-content\/uploads\/2020\/10\/Mariolas-DSC03244-768x320.jpg 768w\" sizes=\"(max-width: 1200px) 100vw, 1200px\" \/><\/p>\n<p>No fim da praia do Farol encontra uma s\u00e9rie de pedras empilhadas. O que outrora servia para marcar trilhos \u00e9 hoje constru\u00eddo para aparecer em Instagrams.<\/p>\n<p>Em tempos passados, nas serras, era comum, para garantir a seguran\u00e7a dos caminhantes e pastores empilhar pedras para definir trilhos. Estas pedras amontoadas eram chamadas de Mariolas e eram especialmente importantes em dias de nevoeiro ou quando os trilhos estavam cobertos com neve.<\/p>\n<p>Hoje em dia assumiram uma nova propor\u00e7\u00e3o e poder\u00e1 encontrar v\u00e1rios artigos sobre \u201c Rock balancing \u2013 Arte de empilhar pedras para medita\u00e7\u00e3o, associando esta pr\u00e1tica \u00e0 arte Zen e a medita\u00e7\u00e3o. No entanto, a parte final da mesma pr\u00e1tica que refere \u201cque \u00e9 preciso estar atento ao impacto causado no ambiente, sendo necess\u00e1ria a devolu\u00e7\u00e3o das pedras no espa\u00e7o original\u201d, parece ser facilmente esquecida.<\/p>\n<p>Estando l\u00e1, porque n\u00e3o almo\u00e7ar deliciosamente no restaurante Choupana?[\/vc_toggle][vc_toggle title=&#8221;Praia do Patacho&#8221; style=&#8221;square&#8221; color=&#8221;orange&#8221;]<img decoding=\"async\" class=\"alignnone wp-image-16170 size-full\" src=\"https:\/\/holiday-active.com\/wp-content\/uploads\/2020\/10\/Praia-do-Patacho-DSC03260.jpg\" alt=\"Praia do Patacho em Vila Nova de Milfontes\" width=\"1200\" height=\"500\" srcset=\"https:\/\/holiday-active.com\/wp-content\/uploads\/2020\/10\/Praia-do-Patacho-DSC03260.jpg 1200w, https:\/\/holiday-active.com\/wp-content\/uploads\/2020\/10\/Praia-do-Patacho-DSC03260-768x320.jpg 768w\" sizes=\"(max-width: 1200px) 100vw, 1200px\" \/><\/p>\n<p>A norte da Praia do Farol, percorrendo cerca de 200m pelo trilho ao longo da costa encontra a Praia do Patacho. O que torna esta praia especialmente atractiva e merecedora desta caminhada por entre as dunas \u00e9 o navio Klemens que l\u00e1 encalhou h\u00e1 mais de 20 anos. Vindo da Holanda com destino a Portim\u00e3o, num dia de mar calmo e tempo agrad\u00e1vel acabou, sem nunca se ter descoberto porqu\u00ea, por encalhar na Praia do Patacho. Na baixa mar consegue ver o que resta deste navio de 17 metros[\/vc_toggle][vc_toggle title=&#8221;Portinho do Canal&#8221; style=&#8221;square&#8221; color=&#8221;orange&#8221;]<img decoding=\"async\" class=\"alignnone wp-image-16164 size-full\" src=\"https:\/\/holiday-active.com\/wp-content\/uploads\/2020\/10\/Portinho-do-canal-20200911_113658.jpg\" alt=\"Portinho do Canal perto de Vila Nova de Milfontes\" width=\"1200\" height=\"500\" srcset=\"https:\/\/holiday-active.com\/wp-content\/uploads\/2020\/10\/Portinho-do-canal-20200911_113658.jpg 1200w, https:\/\/holiday-active.com\/wp-content\/uploads\/2020\/10\/Portinho-do-canal-20200911_113658-768x320.jpg 768w\" sizes=\"(max-width: 1200px) 100vw, 1200px\" \/><\/p>\n<p>O Portinho do Canal situa-se a 2km a norte de Vila Nova de Milfontes e \u00e9 um porto de pesca artesanal que existe desde os finais do s\u00e9culo XIX. \u00c9 um dos mais antigos portos da Costa Vicentina.[\/vc_toggle][vc_toggle title=&#8221;Praia do Malh\u00e3o&#8221; style=&#8221;square&#8221; color=&#8221;orange&#8221;]<img decoding=\"async\" class=\"alignnone size-full wp-image-16639\" src=\"https:\/\/holiday-active.com\/wp-content\/uploads\/2021\/01\/Praia-do-Malhao-DSC02172.jpg\" alt=\"Malh\u00e3o Beach in the Alentejo, Portugal\" width=\"1200\" height=\"500\" srcset=\"https:\/\/holiday-active.com\/wp-content\/uploads\/2021\/01\/Praia-do-Malhao-DSC02172.jpg 1200w, https:\/\/holiday-active.com\/wp-content\/uploads\/2021\/01\/Praia-do-Malhao-DSC02172-768x320.jpg 768w\" sizes=\"(max-width: 1200px) 100vw, 1200px\" \/><\/p>\n<p>A 5 km a norte de Vila Nova de Milfontes \u00e9 uma praia de extenso areal que se funde com o cord\u00e3o dunar. As caracter\u00edsticas das suas ondas faz com que seja muito procurada pelos surfistas. A zona mais a norte da praia est\u00e1 classificada como praia naturista.<\/p>\n<p>Afastada da zona urbana chega-se por meio de uma estrada de terra batida.[\/vc_toggle][vc_toggle title=&#8221;Praia dos Aivados&#8221; style=&#8221;square&#8221; color=&#8221;orange&#8221;]<img decoding=\"async\" class=\"alignnone size-full wp-image-16637\" src=\"https:\/\/holiday-active.com\/wp-content\/uploads\/2021\/01\/Praia-das-Aivados-20200911_143711.jpg\" alt=\"Aivados Beach in the Alentejo Portugal\" width=\"1200\" height=\"500\" srcset=\"https:\/\/holiday-active.com\/wp-content\/uploads\/2021\/01\/Praia-das-Aivados-20200911_143711.jpg 1200w, https:\/\/holiday-active.com\/wp-content\/uploads\/2021\/01\/Praia-das-Aivados-20200911_143711-768x320.jpg 768w\" sizes=\"(max-width: 1200px) 100vw, 1200px\" \/><\/p>\n<p>Os adeptos da praia dos Aivados competem em popularidade, que nem adeptos de futebol fervorosos, com os do Malh\u00e3o. Possui uma extensa faixa de areal e \u00e9 muito procurado por surfistas e pescadores.<\/p>\n<p>O acesso faz-se por uma boa estrada de terra batida. Estacionamento organizado[\/vc_toggle][vc_empty_space][vc_separator][\/vc_column_inner][\/vc_row_inner][vc_row_inner css=&#8221;.vc_custom_1535621612655{background-color: #efefef !important;}&#8221;][vc_column_inner width=&#8221;2\/3&#8243;][vc_empty_space][vc_raw_html]JTNDZGl2JTNFJTBBJTIwJTIwJTIwJTIwJTIwJTNDaWZyYW1lJTIwd2lkdGglM0QlMjI4MDAlMjIlMjBoZWlnaHQlM0QlMjIzMDAlMjIlMjBmcmFtZWJvcmRlciUzRCUyMjAlMjIlMjBzcmMlM0QlMjJodHRwcyUzQSUyRiUyRnd3dy5iaW5nLmNvbSUyRm1hcHMlMkZlbWJlZCUzRmglM0QzMDAlMjZ3JTNEODAwJTI2Y3AlM0QzNy43MjUxMTk4MDgyNDg4NH4tOC43ODI3OTU5OTk5OTk5OTIlMjZsdmwlM0QxMiUyNnR5cCUzRGQlMjZzdHklM0RyJTI2c3JjJTNEU0hFTEwlMjZGT1JNJTNETUJFRFY4JTIyJTIwc2Nyb2xsaW5nJTNEJTIybm8lMjIlM0UlMEElMjAlMjAlMjAlMjAlMjAlM0MlMkZpZnJhbWUlM0UlMEElMjAlMjAlMjAlMjAlMjAlM0NkaXYlMjBzdHlsZSUzRCUyMndoaXRlLXNwYWNlJTNBJTIwbm93cmFwJTNCJTIwdGV4dC1hbGlnbiUzQSUyMGNlbnRlciUzQiUyMHdpZHRoJTNBJTIwODAwcHglM0IlMjBwYWRkaW5nJTNBJTIwNnB4JTIwMCUzQiUyMiUzRSUwQSUyMCUyMCUyMCUyMCUyMCUyMCUyMCUyMCUzQ2ElMjBpZCUzRCUyMmxhcmdlTWFwTGluayUyMiUyMHRhcmdldCUzRCUyMl9ibGFuayUyMiUyMGhyZWYlM0QlMjJodHRwcyUzQSUyRiUyRnd3dy5iaW5nLmNvbSUyRm1hcHMlM0ZjcCUzRDM3LjcyNTExOTgwODI0ODg0fi04Ljc4Mjc5NTk5OTk5OTk5MiUyNmFtcCUzQnN0eSUzRHIlMjZhbXAlM0JsdmwlM0QxMiUyNmFtcCUzQkZPUk0lM0RNQkVETEQlMjIlM0VWaWV3JTIwTGFyZ2VyJTIwTWFwJTNDJTJGYSUzRSUyMCUyNm5ic3AlM0IlMjAlN0MlMjAlMjZuYnNwJTNCJTBBJTIwJTIwJTIwJTIwJTIwJTIwJTIwJTIwJTNDYSUyMGlkJTNEJTIyZGlyTWFwTGluayUyMiUyMHRhcmdldCUzRCUyMl9ibGFuayUyMiUyMGhyZWYlM0QlMjJodHRwcyUzQSUyRiUyRnd3dy5iaW5nLmNvbSUyRm1hcHMlMkZkaXJlY3Rpb25zJTNGY3AlM0QzNy43MjUxMTk4MDgyNDg4NH4tOC43ODI3OTU5OTk5OTk5OTIlMjZhbXAlM0JzdHklM0RyJTI2YW1wJTNCbHZsJTNEMTIlMjZhbXAlM0JydHAlM0R+cG9zLjM3LjcyNTExOTgwODI0ODg0Xy04Ljc4Mjc5NTk5OTk5OTk5Ml9fX18lMjZhbXAlM0JGT1JNJTNETUJFRExEJTIyJTNFR2V0JTIwRGlyZWN0aW9ucyUzQyUyRmElM0UlMEElMjAlMjAlMjAlMjAlM0MlMkZkaXYlM0UlMEElM0MlMkZkaXYlM0U=[\/vc_raw_html][\/vc_column_inner][vc_column_inner width=&#8221;1\/3&#8243;][vc_empty_space][vc_column_text]<\/p>\n<h3 style=\"text-align: center;\">A Caminho<\/h3>\n<p style=\"text-align: center;\"><a href=\"https:\/\/holiday-active.com\/pt-pt\/sines-terra-de-vasco-da-gama\/\" target=\"_blank\" rel=\"noopener\">Sines<\/a><br \/>\n<a href=\"https:\/\/holiday-active.com\/pt-pt\/porto-covo-uma-aldeia-cheia-de-caracter\/\" target=\"_blank\" rel=\"noopener\">Porto Covo<\/a><br \/>\nVila Nova de Milfontes<br \/>\n<a href=\"https:\/\/holiday-active.com\/pt-pt\/almograve-faca-uma-pausa-e-relaxe\/\" target=\"_blank\" rel=\"noopener\">Almograve<\/a><br \/>\n<a href=\"https:\/\/holiday-active.com\/pt-pt\/zambujeira-do-mar-uma-combinacao-perfeita-de-sol-mar-e-boa-comida\/\" target=\"_blank\" rel=\"noopener\">Zambujeira do Mar<\/a><br \/>\n<a href=\"https:\/\/holiday-active.com\/pt-pt\/o-que-visitar-em-odemira\/\" target=\"_blank\" rel=\"noopener\">Odemira<\/a><br \/>\n<a href=\"https:\/\/holiday-active.com\/pt-pt\/barragem-de-santa-clara\/\" target=\"_blank\" rel=\"noopener\">Barragem de Santa Clara<\/a><br \/>\n<a href=\"https:\/\/holiday-active.com\/pt-pt\/onde-o-alentejo-encontra-o-algarve\/\" target=\"_blank\" rel=\"noopener\">Odeceixe<\/a><br \/>\n<a href=\"https:\/\/holiday-active.com\/pt-pt\/o-refugio-de-amalia-rodrigues\/\" target=\"_blank\" rel=\"noopener\">Brej\u00e3o<\/a><br \/>\n<a href=\"https:\/\/holiday-active.com\/pt-pt\/aljezur-preserve-as-suas-praias-paradisicas\/\" target=\"_blank\" rel=\"noopener\">Aljezur<\/a><br \/>\n<a href=\"https:\/\/holiday-active.com\/pt-pt\/sagres-misticismo-surf-mar-natureza\/\" target=\"_blank\" rel=\"noopener\">Sagres<\/a><\/p>\n<p style=\"text-align: center;\"><a href=\"https:\/\/holiday-active.com\/pt-pt\/conduzir-em-portugal\/\" target=\"_blank\" rel=\"noopener\">Aluguer de Carro<\/a><\/p>\n<p>[\/vc_column_text][\/vc_column_inner][\/vc_row_inner][\/vc_tta_section][vc_tta_section i_icon_fontawesome=&#8221;fa fa-bed&#8221; add_icon=&#8221;true&#8221; tab_icon=&#8221;fa fa-car&#8221; title=&#8221;Alojamento&#8221; tab_id=&#8221;3dca09c8-f4f0-9db95-c649be27-021d176a-1aa23840-b3d9&#8243; el_class=&#8221;infor&#8221;][vc_separator][vc_empty_space height=&#8221;16px&#8221;][vc_row_inner][vc_column_inner][vc_empty_space][vc_column_text]<\/p>\n<h3>O seu alojamento perfeito em Vila Nova de Milfontes<\/h3>\n<p>[\/vc_column_text][vc_empty_space][vc_raw_html]JTNDaW5zJTIwY2xhc3MlM0QlMjJib29raW5nYWZmJTIyJTIwZGF0YS1haWQlM0QlMjIyMTEzMDg3JTIyJTIwZGF0YS10YXJnZXRfYWlkJTNEJTIyMjExMzA4NyUyMiUyMGRhdGEtcHJvZCUzRCUyMm1hcCUyMiUyMGRhdGEtd2lkdGglM0QlMjIxMDAlMjUlMjIlMjBkYXRhLWhlaWdodCUzRCUyMjU5MCUyMiUyMGRhdGEtbGFuZyUzRCUyMnVhbG5nJTIyJTIwZGF0YS1kZXN0X2lkJTNEJTIyMCUyMiUyMGRhdGEtZGVzdF90eXBlJTNEJTIybGFuZG1hcmslMjIlMjBkYXRhLWxhdGl0dWRlJTNEJTIyMzcuNzI0MDAyMSUyMiUyMGRhdGEtbG9uZ2l0dWRlJTNEJTIyLTguNzgxNzU1MiUyMiUyMGRhdGEtbGFuZG1hcmtfbmFtZSUzRCUyMlZpbGElMjBOb3ZhJTIwZGUlMjBNaWxmb250ZXMlMjIlMjBkYXRhLW13aHNiJTNEJTIyMCUyMiUyMGRhdGEtYWRkcmVzcyUzRCUyMlZpbGElMjBOb3ZhJTIwZGUlMjBNaWxmb250ZXMlMkMlMjBQb3J0dWdhbCUyMiUzRSUwQSUyMCUyMCUyMCUyMCUzQyUyMS0tJTIwQW55dGhpbmclMjBpbnNpZGUlMjB3aWxsJTIwZ28lMjBhd2F5JTIwb25jZSUyMHdpZGdldCUyMGlzJTIwbG9hZGVkLiUyMC0tJTNFJTBBJTIwJTIwJTIwJTIwJTIwJTIwJTIwJTIwJTNDYSUyMGhyZWYlM0QlMjIlMkYlMkZ3d3cuYm9va2luZy5jb20lM0ZhaWQlM0QyMTEzMDg3JTIyJTIwcmVsJTNEJTIybm9mb2xsb3clMjIlM0VCb29raW5nLmNvbSUzQyUyRmElM0UlMEElM0MlMkZpbnMlM0UlMEElM0NzY3JpcHQlMjB0eXBlJTNEJTIydGV4dCUyRmphdmFzY3JpcHQlMjIlM0UlMEElMjAlMjAlMjAlMjAlMjhmdW5jdGlvbiUyOGQlMkMlMjBzYyUyQyUyMHUlMjklMjAlN0IlMEElMjAlMjAlMjAlMjAlMjAlMjB2YXIlMjBzJTIwJTNEJTIwZC5jcmVhdGVFbGVtZW50JTI4c2MlMjklMkMlMjBwJTIwJTNEJTIwZC5nZXRFbGVtZW50c0J5VGFnTmFtZSUyOHNjJTI5JTVCMCU1RCUzQiUwQSUyMCUyMCUyMCUyMCUyMCUyMHMudHlwZSUyMCUzRCUyMCUyN3RleHQlMkZqYXZhc2NyaXB0JTI3JTNCJTBBJTIwJTIwJTIwJTIwJTIwJTIwcy5hc3luYyUyMCUzRCUyMHRydWUlM0IlMEElMjAlMjAlMjAlMjAlMjAlMjBzLnNyYyUyMCUzRCUyMHUlMjAlMkIlMjAlMjclM0Z2JTNEJTI3JTIwJTJCJTIwJTI4JTJCbmV3JTIwRGF0ZSUyOCUyOSUyOSUzQiUwQSUyMCUyMCUyMCUyMCUyMCUyMHAucGFyZW50Tm9kZS5pbnNlcnRCZWZvcmUlMjhzJTJDcCUyOSUzQiUwQSUyMCUyMCUyMCUyMCUyMCUyMCU3RCUyOSUyOGRvY3VtZW50JTJDJTIwJTI3c2NyaXB0JTI3JTJDJTIwJTI3JTJGJTJGYWZmLmJzdGF0aWMuY29tJTJGc3RhdGljJTJGYWZmaWxpYXRlX2Jhc2UlMkZqcyUyRmZsZXhpcHJvZHVjdC5qcyUyNyUyOSUzQiUwQSUzQyUyRnNjcmlwdCUzRQ==[\/vc_raw_html][\/vc_column_inner][\/vc_row_inner][vc_empty_space][vc_column_text]<\/p>\n<h3>As nossas sugest\u00f5es<\/h3>\n<p>[\/vc_column_text][vc_empty_space][vc_separator][vc_row_inner][vc_column_inner width=&#8221;1\/4&#8243;][vc_empty_space][vc_single_image image=&#8221;16955&#8243; img_size=&#8221;full&#8221; alignment=&#8221;center&#8221;][vc_empty_space height=&#8221;25px&#8221;][\/vc_column_inner][vc_column_inner width=&#8221;3\/4&#8243;][vc_empty_space][vc_column_text]<\/p>\n<h3>Monte da Cor\u00e7a Nova<\/h3>\n<p>[\/vc_column_text][vc_empty_space][vc_column_text]Este turismo rural oferece quartos, su\u00edtes e apartamentos com vista da montanha, complementados com varanda t\u00e9rrea, bicicletas gratuitas e piscina ao ar livre, lounge compartilhado e jardim.<\/p>\n<p>Pratique o seu swing no minigolfe dispon\u00edvel na propriedade[\/vc_column_text][vc_empty_space][vc_btn title=&#8221;+ info&#8221; link=&#8221;url:https%3A%2F%2Fwww.booking.com%2Fhotel%2Fpt%2Fmonte-da-corca-nova.pt.html%3Faid%3D1567105%26no_rooms%3D1%26group_adults%3D2|target:_blank|rel:nofollow&#8221;][\/vc_column_inner][\/vc_row_inner][vc_separator][vc_row_inner][vc_column_inner width=&#8221;1\/4&#8243;][vc_empty_space][vc_single_image image=&#8221;16946&#8243; img_size=&#8221;full&#8221; alignment=&#8221;center&#8221;][vc_empty_space height=&#8221;25px&#8221;][\/vc_column_inner][vc_column_inner width=&#8221;3\/4&#8243;][vc_empty_space][vc_column_text]<\/p>\n<h3>Monte do Zambujeiro<\/h3>\n<p>[\/vc_column_text][vc_empty_space][vc_column_text]No meio da natureza, perto de Vila Nova de Milfontes, oferece excelentes vistas sobre o rio Mira. \u00c9 um local para descontrair e para valorizar a natureza. Oferece quartos, bem como villas completas com piscina de \u00e1gua salgada ao ar livre<\/p>\n<p>Animais de estima\u00e7\u00e3o s\u00e3o permitidos[\/vc_column_text][vc_empty_space][vc_btn title=&#8221;+ info&#8221; link=&#8221;url:https%3A%2F%2Fwww.booking.com%2Fhotel%2Fpt%2Fmonte-do-zambujeiro.pt.html%3Faid%3D1567105%26no_rooms%3D1%26group_adults%3D2|target:_blank|rel:nofollow&#8221;][\/vc_column_inner][\/vc_row_inner][vc_separator][vc_row_inner][vc_column_inner width=&#8221;1\/4&#8243;][vc_empty_space][vc_single_image image=&#8221;16944&#8243; img_size=&#8221;full&#8221; alignment=&#8221;center&#8221;][vc_empty_space height=&#8221;25px&#8221;][\/vc_column_inner][vc_column_inner width=&#8221;3\/4&#8243;][vc_empty_space][vc_column_text]<\/p>\n<h3>Quinta Pedag\u00f3gica da Samoqueirinha<\/h3>\n<p>[\/vc_column_text][vc_empty_space][vc_column_text]Em ambiente rural, esta \u00e9 uma quinta pedag\u00f3gica que oferece apartamentos e quartos com acesso \u00e0 piscina &#8211; um excelente local para as crian\u00e7as, que podem alimentar os animais e participar nas atividades. Passeios a cavalo tamb\u00e9m est\u00e3o dispon\u00edveis.<\/p>\n<p>Animais de estima\u00e7\u00e3o s\u00e3o permitidos[\/vc_column_text][vc_empty_space][vc_btn title=&#8221;+ info&#8221; link=&#8221;url:https%3A%2F%2Fwww.booking.com%2Fhotel%2Fpt%2Fa-quinta-da-samoqueirinha.pt.html%3Faid%3D1567105%26no_rooms%3D1%26group_adults%3D2|target:_blank|rel:nofollow&#8221;][\/vc_column_inner][\/vc_row_inner][vc_separator][vc_row_inner][vc_column_inner width=&#8221;1\/4&#8243;][vc_empty_space][vc_single_image image=&#8221;16942&#8243; img_size=&#8221;full&#8221; alignment=&#8221;center&#8221;][vc_empty_space height=&#8221;25px&#8221;][\/vc_column_inner][vc_column_inner width=&#8221;3\/4&#8243;][vc_empty_space][vc_column_text]<\/p>\n<h3>Herdade do Amarelo Nature &amp; Spa<\/h3>\n<p>[\/vc_column_text][vc_empty_space][vc_column_text]Entre o mar e a montanha, um belo ref\u00fagio alojado nas colinas. Ideal para uns dias de bem-estar e relaxamento total num alojamento rural com um ambiente requintado. As su\u00edtes est\u00e3o separadas do edif\u00edcio principal, todas com terra\u00e7o e vista do jardim e das montanhas. Alguns quartos incluem uma banheira de hidromassagem. Pode ainda dar um mergulho na piscina ao ar livre ou fazer um piquenique.<\/p>\n<p>Um spa e centro de bem-estar convidam-no a experimentar as suas as atividades embora estas possam ter um custo adicional. Massagens est\u00e3o dispon\u00edveis mediante pedido.<\/p>\n<p>Animais de estima\u00e7\u00e3o n\u00e3o s\u00e3o permitidos.[\/vc_column_text][vc_empty_space][vc_btn title=&#8221;+ info&#8221; link=&#8221;url:https%3A%2F%2Fwww.booking.com%2Fhotel%2Fpt%2Fherdade-do-amarelo-nature-spa.pt.html%3Faid%3D1567105%26no_rooms%3D1%26group_adults%3D2|target:_blank|rel:nofollow&#8221;][\/vc_column_inner][\/vc_row_inner][vc_separator][vc_row_inner][vc_column_inner width=&#8221;1\/4&#8243;][vc_empty_space][vc_single_image image=&#8221;16949&#8243; img_size=&#8221;full&#8221; alignment=&#8221;center&#8221;][vc_empty_space height=&#8221;25px&#8221;][\/vc_column_inner][vc_column_inner width=&#8221;3\/4&#8243;][vc_empty_space][vc_column_text]<\/p>\n<h3>Naturarte Campo<\/h3>\n<p>[\/vc_column_text][vc_empty_space][vc_column_text]O turismo rural Naturarte Campo tem 10 quartos em 2 casas, para al\u00e9m da casa m\u00e3e com sala de estar e de refei\u00e7\u00f5es, piscina e court de t\u00e9nis e centro h\u00edpico<\/p>\n<p>Respeita a arquitectura e recorre a materiais naturais da regi\u00e3o para criar um recanto de grande beleza e tranquilidade<\/p>\n<p>N\u00e3o s\u00e3o permitido animais[\/vc_column_text][vc_empty_space][vc_btn title=&#8221;+ info&#8221; link=&#8221;url:https%3A%2F%2Fwww.booking.com%2Fhotel%2Fpt%2Fnaturarte-campo.pt.html%3Faid%3D1567105%26no_rooms%3D1%26group_adults%3D2|target:_blank|rel:nofollow&#8221;][\/vc_column_inner][\/vc_row_inner][vc_separator][vc_row_inner][vc_column_inner width=&#8221;1\/4&#8243;][vc_empty_space][vc_single_image image=&#8221;16951&#8243; img_size=&#8221;full&#8221; alignment=&#8221;center&#8221;][vc_empty_space height=&#8221;25px&#8221;][\/vc_column_inner][vc_column_inner width=&#8221;3\/4&#8243;][vc_empty_space][vc_column_text]<\/p>\n<h3>Naturarte Rio<\/h3>\n<p>[\/vc_column_text][vc_empty_space][vc_column_text]Com vista deslumbrante sobre o rio Mira e v\u00e1rios miradouros para a apreciar<\/p>\n<p>Natuarte Rio tem 7 casas, todas com um agrad\u00e1vel terra\u00e7o, oferecendo total autonomia mas com o benef\u00edcio do pequeno almo\u00e7o\u00a0 deixado \u00e0 sua porta, todas as manh\u00e3s.<\/p>\n<p>Possui uma piscina ,panor\u00e2mica, v\u00e1rios miradouros, pe\u00e7as de arte espalhadas pela propriedade, um pont\u00e3o no rio Mira e uma paisagem natural para passear. Poder\u00e1 ainda usufruir do centro h\u00edpico e courts de t\u00e9nis da Naturarte Campo, pr\u00f3ximo desta propriedade[\/vc_column_text][vc_empty_space][vc_btn title=&#8221;+ info&#8221; link=&#8221;url:https%3A%2F%2Fwww.booking.com%2Fhotel%2Fpt%2Fnaturarte-rio.pt.html%3Faid%3D1567105%26no_rooms%3D1%26group_adults%3D2|target:_blank|rel:nofollow&#8221;][\/vc_column_inner][\/vc_row_inner][vc_separator][vc_row_inner][vc_column_inner width=&#8221;1\/4&#8243;][vc_empty_space][vc_single_image image=&#8221;16953&#8243; img_size=&#8221;full&#8221; alignment=&#8221;center&#8221;][vc_empty_space height=&#8221;25px&#8221;][\/vc_column_inner][vc_column_inner width=&#8221;3\/4&#8243;][vc_empty_space][vc_column_text]<\/p>\n<h3>Quinta do Barranquinho<\/h3>\n<p>[\/vc_column_text][vc_empty_space][vc_column_text]Duas casas singulares num local remoto da pequena aldeia de S\u00e3o Lu\u00eds. A pr\u00f3pria aldeia \u00e9 uma del\u00edcia em sua ruralidade. A casa mais pequena tendo em conta a sua cama alta pode n\u00e3o ser ideal para todos; no entanto, a casa maior n\u00e3o tem esse problema. Ambos s\u00e3o acolhedores com um design r\u00fastico limpo. Os jardins e campos est\u00e3o bem mantidos.[\/vc_column_text][vc_empty_space][vc_btn title=&#8221;+ info&#8221; link=&#8221;url:https%3A%2F%2Fwww.booking.com%2Fhotel%2Fpt%2Fquinta-do-barranquinho-by-stay-in-alentejo.pt.html%3Faid%3D1567105%26no_rooms%3D1%26group_adults%3D2|target:_blank|rel:nofollow&#8221;][\/vc_column_inner][\/vc_row_inner][vc_separator][vc_row_inner][vc_column_inner width=&#8221;1\/4&#8243;][vc_empty_space][vc_single_image image=&#8221;16940&#8243; img_size=&#8221;full&#8221; alignment=&#8221;center&#8221;][vc_empty_space height=&#8221;25px&#8221;][\/vc_column_inner][vc_column_inner width=&#8221;3\/4&#8243;][vc_empty_space][vc_column_text]<\/p>\n<h3>Casa da Eira Boutique Hotel<\/h3>\n<p>[\/vc_column_text][vc_empty_space][vc_column_text]A Casa da Eira Boutique Houses encontra-se em Vila Nova de Milfontes, a 3 minutos a p\u00e9 da praia da Franquia e 4 minutos do centro hist\u00f3rico, mas refugiado o suficiente da confus\u00e3o<\/p>\n<p>Possui apartamentos (T1 e T3) e quartos duplos com uma decora\u00e7\u00e3o descontra\u00edda e todos com uma varanda, alguns com vista para o mar e rio. Tem piscina e zona de Jardim.[\/vc_column_text][vc_empty_space][vc_btn title=&#8221;+ info&#8221; link=&#8221;url:https%3A%2F%2Fwww.booking.com%2Fhotel%2Fpt%2Fcasa-da-eira.pt.html%3Faid%3D1567105%26no_rooms%3D1%26group_adults%3D2|target:_blank|rel:nofollow&#8221;][\/vc_column_inner][\/vc_row_inner][vc_separator][vc_row_inner][vc_column_inner width=&#8221;1\/4&#8243;][vc_empty_space][vc_single_image image=&#8221;16932&#8243; img_size=&#8221;full&#8221; alignment=&#8221;center&#8221;][vc_empty_space height=&#8221;25px&#8221;][\/vc_column_inner][vc_column_inner width=&#8221;3\/4&#8243;][vc_empty_space][vc_column_text]<\/p>\n<h3>Apartamentos Monte da Rosa<\/h3>\n<p>[\/vc_column_text][vc_empty_space][vc_column_text]O Monte da Rosas s\u00e3o apartamentos auto-suficientes apenas a 1,2 km da foz do Rio Mira. Tem uma cozinha totalmente equipada e algumas salas de estar d\u00e3o para um terra\u00e7o com churrascos, mesa e cadeiras.<\/p>\n<p>N\u00e3o s\u00e3o permitidos animais de estima\u00e7\u00e3o.[\/vc_column_text][vc_empty_space][vc_btn title=&#8221;+ info&#8221; link=&#8221;url:https%3A%2F%2Fwww.booking.com%2Fhotel%2Fpt%2Fapartamentos-monte-da-rosa-vila-nova-de-milfontes.pt.html%3Faid%3D1567105%26no_rooms%3D1%26group_adults%3D2|target:_blank|rel:nofollow&#8221;][\/vc_column_inner][\/vc_row_inner][vc_separator][vc_empty_space][\/vc_tta_section][vc_tta_section i_icon_fontawesome=&#8221;fa fa-camera&#8221; add_icon=&#8221;true&#8221; title=&#8221;Imagens&#8221; tab_id=&#8221;1505508725897-8ab8a832-e28bdb95-c649be27-021d176a-1aa23840-b3d9&#8243;][vc_empty_space][vc_column_text]<\/p>\n<h2><strong>Um olhar sobre Vila Nova de Milfontes<\/strong><\/h2>\n<p>[\/vc_column_text][vc_empty_space]<div class=\"popup-gallery\">\r\n                    <div class=\"row row-col-gap\">\r\n                      <div class=\"st_fix_gallery col-md-3 st_1777571733\"><a class=\"hover-img popup-gallery-image\" href=\"https:\/\/holiday-active.com\/wp-content\/uploads\/2021\/01\/Vila-Nova-de-Milfontes_Portugal-8.jpg\" data-effect=\"mfp-zoom-out\"><img decoding=\"async\" width=\"360\" height=\"270\" src=\"https:\/\/holiday-active.com\/wp-content\/uploads\/2021\/01\/Vila-Nova-de-Milfontes_Portugal-8-360x270.jpg\" class=\"attachment-360x270 size-360x270\" alt=\"The Village of Vila Nova de Milfontes in the Alentejo, Portugal\" \/><i class=\"fa fa-plus round box-icon-small hover-icon i round\"><\/i><\/a><\/div><div class=\"st_fix_gallery col-md-3 st_1777571733\"><a class=\"hover-img popup-gallery-image\" href=\"https:\/\/holiday-active.com\/wp-content\/uploads\/2021\/01\/Vila-Nova-de-Milfontes_Portugal-7.jpg\" data-effect=\"mfp-zoom-out\"><img decoding=\"async\" width=\"360\" height=\"270\" src=\"https:\/\/holiday-active.com\/wp-content\/uploads\/2021\/01\/Vila-Nova-de-Milfontes_Portugal-7-360x270.jpg\" class=\"attachment-360x270 size-360x270\" alt=\"The Village of Vila Nova de Milfontes in the Alentejo, Portugal\" \/><i class=\"fa fa-plus round box-icon-small hover-icon i round\"><\/i><\/a><\/div><div class=\"st_fix_gallery col-md-3 st_1777571733\"><a class=\"hover-img popup-gallery-image\" href=\"https:\/\/holiday-active.com\/wp-content\/uploads\/2021\/01\/Vila-Nova-de-Milfontes_Portugal-15-1.jpg\" data-effect=\"mfp-zoom-out\"><img decoding=\"async\" width=\"360\" height=\"270\" src=\"https:\/\/holiday-active.com\/wp-content\/uploads\/2021\/01\/Vila-Nova-de-Milfontes_Portugal-15-1-360x270.jpg\" class=\"attachment-360x270 size-360x270\" alt=\"The Village of Vila Nova de Milfontes in the Alentejo, Portugal\" \/><i class=\"fa fa-plus round box-icon-small hover-icon i round\"><\/i><\/a><\/div><div class=\"st_fix_gallery col-md-3 st_1777571733\"><a class=\"hover-img popup-gallery-image\" href=\"https:\/\/holiday-active.com\/wp-content\/uploads\/2021\/01\/Vila-Nova-de-Milfontes_Portugal-11.jpg\" data-effect=\"mfp-zoom-out\"><img decoding=\"async\" width=\"360\" height=\"270\" src=\"https:\/\/holiday-active.com\/wp-content\/uploads\/2021\/01\/Vila-Nova-de-Milfontes_Portugal-11-360x270.jpg\" class=\"attachment-360x270 size-360x270\" alt=\"The Village of Vila Nova de Milfontes in the Alentejo, Portugal\" \/><i class=\"fa fa-plus round box-icon-small hover-icon i round\"><\/i><\/a><\/div><div class=\"st_fix_gallery col-md-3 st_1777571733\"><a class=\"hover-img popup-gallery-image\" href=\"https:\/\/holiday-active.com\/wp-content\/uploads\/2021\/01\/Vila-Nova-de-Milfontes_Portugal-17.jpg\" data-effect=\"mfp-zoom-out\"><img decoding=\"async\" width=\"360\" height=\"270\" src=\"https:\/\/holiday-active.com\/wp-content\/uploads\/2021\/01\/Vila-Nova-de-Milfontes_Portugal-17-360x270.jpg\" class=\"attachment-360x270 size-360x270\" alt=\"Portinho do Canal, near Vila Nova de Milfontes is a fishing port in the Alentejo Portugal\" \/><i class=\"fa fa-plus round box-icon-small hover-icon i round\"><\/i><\/a><\/div><div class=\"st_fix_gallery col-md-3 st_1777571733\"><a class=\"hover-img popup-gallery-image\" href=\"https:\/\/holiday-active.com\/wp-content\/uploads\/2021\/01\/Vila-Nova-de-Milfontes_Portugal-16.jpg\" data-effect=\"mfp-zoom-out\"><img decoding=\"async\" width=\"360\" height=\"270\" src=\"https:\/\/holiday-active.com\/wp-content\/uploads\/2021\/01\/Vila-Nova-de-Milfontes_Portugal-16-360x270.jpg\" class=\"attachment-360x270 size-360x270\" alt=\"The Village of Vila Nova de Milfontes in the Alentejo, Portugal\" \/><i class=\"fa fa-plus round box-icon-small hover-icon i round\"><\/i><\/a><\/div><div class=\"st_fix_gallery col-md-3 st_1777571733\"><a class=\"hover-img popup-gallery-image\" href=\"https:\/\/holiday-active.com\/wp-content\/uploads\/2021\/01\/Vila-Nova-de-Milfontes_Portugal-4.jpg\" data-effect=\"mfp-zoom-out\"><img decoding=\"async\" width=\"360\" height=\"270\" src=\"https:\/\/holiday-active.com\/wp-content\/uploads\/2021\/01\/Vila-Nova-de-Milfontes_Portugal-4-360x270.jpg\" class=\"attachment-360x270 size-360x270\" alt=\"The Village of Vila Nova de Milfontes in the Alentejo, Portugal\" \/><i class=\"fa fa-plus round box-icon-small hover-icon i round\"><\/i><\/a><\/div><div class=\"st_fix_gallery col-md-3 st_1777571733\"><a class=\"hover-img popup-gallery-image\" href=\"https:\/\/holiday-active.com\/wp-content\/uploads\/2021\/01\/Vila-Nova-de-Milfontes_Portugal-3.jpg\" data-effect=\"mfp-zoom-out\"><img decoding=\"async\" width=\"360\" height=\"270\" src=\"https:\/\/holiday-active.com\/wp-content\/uploads\/2021\/01\/Vila-Nova-de-Milfontes_Portugal-3-360x270.jpg\" class=\"attachment-360x270 size-360x270\" alt=\"The Village of Vila Nova de Milfontes in the Alentejo, Portugal\" \/><i class=\"fa fa-plus round box-icon-small hover-icon i round\"><\/i><\/a><\/div>\r\n                    <\/div>\r\n                <\/div>[\/vc_tta_section][\/vc_tta_tabs][\/vc_column][\/vc_row][vc_row][vc_column][\/vc_column][\/vc_row]<\/p>\n<\/div>","protected":false},"excerpt":{"rendered":"<p>[vc_row full_width=&#8221;stretch_row&#8221; bg_type=&#8221;image&#8221; parallax_style=&#8221;vcpb-default&#8221; bg_image_new=&#8221;id^6033|url^https:\/\/suncarsgroup.comwp-content\/uploads\/2015\/01\/rent-porsche-spain.jpg|caption^null|alt^null|title^rent-porsche-spain|description^null&#8221; bg_override=&#8221;full&#8221; css=&#8221;.vc_custom_1607942573169{margin-top: 0px !important;padding-top: 150px !important;padding-bottom: 150px !important;background-image: url(https:\/\/holiday-active.com\/wp-content\/uploads\/2020\/10\/Vila-Nova-de-Milfontes-DSC03217.jpg?id=16172) !important;background-position: center !important;background-repeat: no-repeat !important;background-size: cover !important;}&#8221;][vc_column css=&#8221;.vc_custom_1478894705020{padding-top: 100px !important;padding-bottom: 100px !important;}&#8221;][\/vc_column][\/vc_row][vc_row css=&#8221;.vc_custom_1493181701212{margin-top: -43px !important;}&#8221;][vc_column][vc_tta_tabs shape=&#8221;square&#8221; spacing=&#8221;3&#8243; gap=&#8221;1&#8243; active_section=&#8221;1&#8243; no_fill_content_area=&#8221;true&#8221; interval=&#8221;0&#8243; tab_style=&#8221;search_tab&#8221; el_class=&#8221;location_tab_nopadding&#8221; css=&#8221;.vc_custom_1507453963549{padding-bottom: 25px !important;background-color: #ffffff !important;}&#8221;][vc_tta_section i_icon_fontawesome=&#8221;fa fa-info&#8221; add_icon=&#8221;true&#8221; tab_icon=&#8221;fa fa-info&#8221; title=&#8221;Sobre&#8221; tab_id=&#8221;01e3fb61-8a32-3db95-c649be27-021d176a-1aa23840-b3d9&#8243; el_class=&#8221;infor&#8221;][vc_empty_space][vc_row_inner css=&#8221;.vc_custom_1493189037548{margin-top: 25px !important;margin-bottom: 25px !important;}&#8221;][vc_column_inner][vc_empty_space][vc_column_text] [&hellip;]<\/p>\n","protected":false},"author":1,"featured_media":0,"parent":0,"menu_order":0,"comment_status":"closed","ping_status":"closed","template":"","meta":{"_monsterinsights_skip_tracking":false,"_monsterinsights_sitenote_active":false,"_monsterinsights_sitenote_note":"","_monsterinsights_sitenote_category":0,"footnotes":""},"class_list":["post-16658","page","type-page","status-publish","has-post-thumbnail","hentry"],"yoast_head":"<!-- This site is optimized with the Yoast SEO plugin v27.2 - https:\/\/yoast.com\/product\/yoast-seo-wordpress\/ -->\n<title>Vila Nova de Milfontes entre o mar e o rio | holiday-active.com<\/title>\n<meta name=\"description\" content=\"Entre o mar e o rio Mira ergue-se Vila Nova de Milfontes. Muito procurado pelas praias fabulosas, longe da confus\u00e3o num ambiente descontraido e relaxante\" \/>\n<meta name=\"robots\" content=\"index, follow, max-snippet:-1, max-image-preview:large, max-video-preview:-1\" \/>\n<link rel=\"canonical\" href=\"https:\/\/holiday-active.com\/pt-pt\/vila-nova-de-milfontes-entre-o-mar-e-o-rio\/\" \/>\n<meta property=\"og:locale\" content=\"pt_PT\" \/>\n<meta property=\"og:type\" content=\"article\" \/>\n<meta property=\"og:title\" content=\"Vila Nova de Milfontes entre o mar e o rio | holiday-active.com\" \/>\n<meta property=\"og:description\" content=\"Entre o mar e o rio Mira ergue-se Vila Nova de Milfontes. Muito procurado pelas praias fabulosas, longe da confus\u00e3o num ambiente descontraido e relaxante\" \/>\n<meta property=\"og:url\" content=\"https:\/\/holiday-active.com\/pt-pt\/vila-nova-de-milfontes-entre-o-mar-e-o-rio\/\" \/>\n<meta property=\"og:site_name\" content=\"holiday-active.com\" \/>\n<meta property=\"article:publisher\" content=\"https:\/\/www.facebook.com\/holidayactive\" \/>\n<meta property=\"article:modified_time\" content=\"2022-03-22T20:01:18+00:00\" \/>\n<meta property=\"og:image\" content=\"https:\/\/holiday-active.com\/wp-content\/uploads\/2020\/11\/Vila-Nova-de-Milfontes-DSC03191.jpg\" \/>\n<meta name=\"twitter:card\" content=\"summary_large_image\" \/>\n<meta name=\"twitter:label1\" content=\"Tempo estimado de leitura\" \/>\n\t<meta name=\"twitter:data1\" content=\"17 minutos\" \/>\n<script type=\"application\/ld+json\" class=\"yoast-schema-graph\">{\"@context\":\"https:\/\/schema.org\",\"@graph\":[{\"@type\":\"WebPage\",\"@id\":\"https:\/\/holiday-active.com\/pt-pt\/vila-nova-de-milfontes-entre-o-mar-e-o-rio\/\",\"url\":\"https:\/\/holiday-active.com\/pt-pt\/vila-nova-de-milfontes-entre-o-mar-e-o-rio\/\",\"name\":\"Vila Nova de Milfontes entre o mar e o rio | holiday-active.com\",\"isPartOf\":{\"@id\":\"https:\/\/holiday-active.com\/#website\"},\"primaryImageOfPage\":{\"@id\":\"https:\/\/holiday-active.com\/pt-pt\/vila-nova-de-milfontes-entre-o-mar-e-o-rio\/#primaryimage\"},\"image\":{\"@id\":\"https:\/\/holiday-active.com\/pt-pt\/vila-nova-de-milfontes-entre-o-mar-e-o-rio\/#primaryimage\"},\"thumbnailUrl\":\"https:\/\/holiday-active.com\/wp-content\/uploads\/2020\/11\/Vila-Nova-de-Milfontes-DSC03191.jpg\",\"datePublished\":\"2021-01-14T19:07:17+00:00\",\"dateModified\":\"2022-03-22T20:01:18+00:00\",\"description\":\"Entre o mar e o rio Mira ergue-se Vila Nova de Milfontes. Muito procurado pelas praias fabulosas, longe da confus\u00e3o num ambiente descontraido e relaxante\",\"breadcrumb\":{\"@id\":\"https:\/\/holiday-active.com\/pt-pt\/vila-nova-de-milfontes-entre-o-mar-e-o-rio\/#breadcrumb\"},\"inLanguage\":\"pt-PT\",\"potentialAction\":[{\"@type\":\"ReadAction\",\"target\":[\"https:\/\/holiday-active.com\/pt-pt\/vila-nova-de-milfontes-entre-o-mar-e-o-rio\/\"]}]},{\"@type\":\"ImageObject\",\"inLanguage\":\"pt-PT\",\"@id\":\"https:\/\/holiday-active.com\/pt-pt\/vila-nova-de-milfontes-entre-o-mar-e-o-rio\/#primaryimage\",\"url\":\"https:\/\/holiday-active.com\/wp-content\/uploads\/2020\/11\/Vila-Nova-de-Milfontes-DSC03191.jpg\",\"contentUrl\":\"https:\/\/holiday-active.com\/wp-content\/uploads\/2020\/11\/Vila-Nova-de-Milfontes-DSC03191.jpg\"},{\"@type\":\"BreadcrumbList\",\"@id\":\"https:\/\/holiday-active.com\/pt-pt\/vila-nova-de-milfontes-entre-o-mar-e-o-rio\/#breadcrumb\",\"itemListElement\":[{\"@type\":\"ListItem\",\"position\":1,\"name\":\"Home\",\"item\":\"https:\/\/holiday-active.com\/pt-pt\/\"},{\"@type\":\"ListItem\",\"position\":2,\"name\":\"Vila Nova de Milfontes entre o mar e o rio\"}]},{\"@type\":\"WebSite\",\"@id\":\"https:\/\/holiday-active.com\/#website\",\"url\":\"https:\/\/holiday-active.com\/\",\"name\":\"holiday-active.com\",\"description\":\"Traveling in Portugal\",\"potentialAction\":[{\"@type\":\"SearchAction\",\"target\":{\"@type\":\"EntryPoint\",\"urlTemplate\":\"https:\/\/holiday-active.com\/?s={search_term_string}\"},\"query-input\":{\"@type\":\"PropertyValueSpecification\",\"valueRequired\":true,\"valueName\":\"search_term_string\"}}],\"inLanguage\":\"pt-PT\"}]}<\/script>\n<!-- \/ Yoast SEO plugin. -->","yoast_head_json":{"title":"Vila Nova de Milfontes entre o mar e o rio | holiday-active.com","description":"Entre o mar e o rio Mira ergue-se Vila Nova de Milfontes. Muito procurado pelas praias fabulosas, longe da confus\u00e3o num ambiente descontraido e relaxante","robots":{"index":"index","follow":"follow","max-snippet":"max-snippet:-1","max-image-preview":"max-image-preview:large","max-video-preview":"max-video-preview:-1"},"canonical":"https:\/\/holiday-active.com\/pt-pt\/vila-nova-de-milfontes-entre-o-mar-e-o-rio\/","og_locale":"pt_PT","og_type":"article","og_title":"Vila Nova de Milfontes entre o mar e o rio | holiday-active.com","og_description":"Entre o mar e o rio Mira ergue-se Vila Nova de Milfontes. Muito procurado pelas praias fabulosas, longe da confus\u00e3o num ambiente descontraido e relaxante","og_url":"https:\/\/holiday-active.com\/pt-pt\/vila-nova-de-milfontes-entre-o-mar-e-o-rio\/","og_site_name":"holiday-active.com","article_publisher":"https:\/\/www.facebook.com\/holidayactive","article_modified_time":"2022-03-22T20:01:18+00:00","og_image":[{"url":"https:\/\/holiday-active.com\/wp-content\/uploads\/2020\/11\/Vila-Nova-de-Milfontes-DSC03191.jpg","type":"","width":"","height":""}],"twitter_card":"summary_large_image","twitter_misc":{"Tempo estimado de leitura":"17 minutos"},"schema":{"@context":"https:\/\/schema.org","@graph":[{"@type":"WebPage","@id":"https:\/\/holiday-active.com\/pt-pt\/vila-nova-de-milfontes-entre-o-mar-e-o-rio\/","url":"https:\/\/holiday-active.com\/pt-pt\/vila-nova-de-milfontes-entre-o-mar-e-o-rio\/","name":"Vila Nova de Milfontes entre o mar e o rio | holiday-active.com","isPartOf":{"@id":"https:\/\/holiday-active.com\/#website"},"primaryImageOfPage":{"@id":"https:\/\/holiday-active.com\/pt-pt\/vila-nova-de-milfontes-entre-o-mar-e-o-rio\/#primaryimage"},"image":{"@id":"https:\/\/holiday-active.com\/pt-pt\/vila-nova-de-milfontes-entre-o-mar-e-o-rio\/#primaryimage"},"thumbnailUrl":"https:\/\/holiday-active.com\/wp-content\/uploads\/2020\/11\/Vila-Nova-de-Milfontes-DSC03191.jpg","datePublished":"2021-01-14T19:07:17+00:00","dateModified":"2022-03-22T20:01:18+00:00","description":"Entre o mar e o rio Mira ergue-se Vila Nova de Milfontes. Muito procurado pelas praias fabulosas, longe da confus\u00e3o num ambiente descontraido e relaxante","breadcrumb":{"@id":"https:\/\/holiday-active.com\/pt-pt\/vila-nova-de-milfontes-entre-o-mar-e-o-rio\/#breadcrumb"},"inLanguage":"pt-PT","potentialAction":[{"@type":"ReadAction","target":["https:\/\/holiday-active.com\/pt-pt\/vila-nova-de-milfontes-entre-o-mar-e-o-rio\/"]}]},{"@type":"ImageObject","inLanguage":"pt-PT","@id":"https:\/\/holiday-active.com\/pt-pt\/vila-nova-de-milfontes-entre-o-mar-e-o-rio\/#primaryimage","url":"https:\/\/holiday-active.com\/wp-content\/uploads\/2020\/11\/Vila-Nova-de-Milfontes-DSC03191.jpg","contentUrl":"https:\/\/holiday-active.com\/wp-content\/uploads\/2020\/11\/Vila-Nova-de-Milfontes-DSC03191.jpg"},{"@type":"BreadcrumbList","@id":"https:\/\/holiday-active.com\/pt-pt\/vila-nova-de-milfontes-entre-o-mar-e-o-rio\/#breadcrumb","itemListElement":[{"@type":"ListItem","position":1,"name":"Home","item":"https:\/\/holiday-active.com\/pt-pt\/"},{"@type":"ListItem","position":2,"name":"Vila Nova de Milfontes entre o mar e o rio"}]},{"@type":"WebSite","@id":"https:\/\/holiday-active.com\/#website","url":"https:\/\/holiday-active.com\/","name":"holiday-active.com","description":"Traveling in Portugal","potentialAction":[{"@type":"SearchAction","target":{"@type":"EntryPoint","urlTemplate":"https:\/\/holiday-active.com\/?s={search_term_string}"},"query-input":{"@type":"PropertyValueSpecification","valueRequired":true,"valueName":"search_term_string"}}],"inLanguage":"pt-PT"}]}},"_links":{"self":[{"href":"https:\/\/holiday-active.com\/pt-pt\/wp-json\/wp\/v2\/pages\/16658","targetHints":{"allow":["GET"]}}],"collection":[{"href":"https:\/\/holiday-active.com\/pt-pt\/wp-json\/wp\/v2\/pages"}],"about":[{"href":"https:\/\/holiday-active.com\/pt-pt\/wp-json\/wp\/v2\/types\/page"}],"author":[{"embeddable":true,"href":"https:\/\/holiday-active.com\/pt-pt\/wp-json\/wp\/v2\/users\/1"}],"replies":[{"embeddable":true,"href":"https:\/\/holiday-active.com\/pt-pt\/wp-json\/wp\/v2\/comments?post=16658"}],"version-history":[{"count":5,"href":"https:\/\/holiday-active.com\/pt-pt\/wp-json\/wp\/v2\/pages\/16658\/revisions"}],"predecessor-version":[{"id":17599,"href":"https:\/\/holiday-active.com\/pt-pt\/wp-json\/wp\/v2\/pages\/16658\/revisions\/17599"}],"wp:attachment":[{"href":"https:\/\/holiday-active.com\/pt-pt\/wp-json\/wp\/v2\/media?parent=16658"}],"curies":[{"name":"wp","href":"https:\/\/api.w.org\/{rel}","templated":true}]}}