{"id":15781,"date":"2020-04-25T17:15:09","date_gmt":"2020-04-25T17:15:09","guid":{"rendered":"https:\/\/holiday-active.com\/why-sesimbra-is-worth-visiting\/"},"modified":"2022-03-22T20:50:57","modified_gmt":"2022-03-22T20:50:57","slug":"porque-deve-visitar-sesimbra","status":"publish","type":"page","link":"https:\/\/holiday-active.com\/pt-pt\/porque-deve-visitar-sesimbra\/","title":{"rendered":"Porque deve visitar Sesimbra"},"content":{"rendered":"<div class=\"wpb-content-wrapper\"><p>[vc_row full_width=&#8221;stretch_row&#8221; bg_type=&#8221;image&#8221; parallax_style=&#8221;vcpb-default&#8221; bg_image_new=&#8221;id^6033|url^https:\/\/suncarsgroup.comwp-content\/uploads\/2015\/01\/rent-porsche-spain.jpg|caption^null|alt^null|title^rent-porsche-spain|description^null&#8221; bg_override=&#8221;full&#8221; css=&#8221;.vc_custom_1587824102603{margin-top: 0px !important;padding-top: 150px !important;padding-bottom: 150px !important;background-image: url(https:\/\/holiday-active.com\/wp-content\/uploads\/2020\/04\/What-to-visit-in-Sesimbra-20190212_155303.jpg?id=15736) !important;background-position: center !important;background-repeat: no-repeat !important;background-size: cover !important;}&#8221;][vc_column css=&#8221;.vc_custom_1478894705020{padding-top: 100px !important;padding-bottom: 100px !important;}&#8221;][\/vc_column][\/vc_row][vc_row css=&#8221;.vc_custom_1493181701212{margin-top: -43px !important;}&#8221;][vc_column][vc_tta_tabs shape=&#8221;square&#8221; spacing=&#8221;3&#8243; gap=&#8221;1&#8243; active_section=&#8221;1&#8243; no_fill_content_area=&#8221;true&#8221; interval=&#8221;0&#8243; tab_style=&#8221;search_tab&#8221; el_class=&#8221;location_tab_nopadding&#8221; css=&#8221;.vc_custom_1507453963549{padding-bottom: 25px !important;background-color: #ffffff !important;}&#8221;][vc_tta_section i_icon_fontawesome=&#8221;fa fa-info&#8221; add_icon=&#8221;true&#8221; tab_icon=&#8221;fa fa-info&#8221; title=&#8221;Sobre&#8221; tab_id=&#8221;01e3fb61-8a32-3db95-c649be27-021d2a4e-da50&#8243; el_class=&#8221;infor&#8221;][vc_row_inner][vc_column_inner][vc_empty_space][vc_column_text]<\/p>\n<h1><strong>Sesimbra<\/strong><\/h1>\n<p>[\/vc_column_text][vc_empty_space][vc_column_text]<\/p>\n<h2>Sobre Sesimbra<\/h2>\n<p>[\/vc_column_text][vc_empty_space][vc_column_text]Sesimbra \u00e9 uma vila de pescadores a 40 km a sul e Lisboa<\/p>\n<p>Durante o reinado de D Dinis Sesimbra era um pequeno aglomerado de casas de pescadores mas a vila floresceu durante o per\u00edodo dos Descobrimentos e converteu-se num importante estaleiro e porto mar\u00edtimo.<\/p>\n<p>Nos anos cinquenta pescadores de todo o mundo rumavam a Sesimbra para tentar a sua sorte na captura dos espadartes. Tal era magnific\u00eancia destas esp\u00e9cies que se tornaram o s\u00edmbolo da vila. Uma abund\u00e2ncia que conduziu a uma pr\u00f3spera ind\u00fastria de conservas.<\/p>\n<p>Os passeios pela praia fazem parte do quotidiano dos Sesimbrenses, dos \u201cpeixitos\u201d, para contemplar o mar e apreciar a ainda praticada Arte X\u00e1vega.[\/vc_column_text][vc_empty_space][\/vc_column_inner][\/vc_row_inner][vc_row_inner css=&#8221;.vc_custom_1493189037548{margin-top: 25px !important;margin-bottom: 25px !important;}&#8221;][vc_column_inner][vc_column_text]<\/p>\n<h2>Porque deve visitar Sesimbra<\/h2>\n<p>[\/vc_column_text][vc_empty_space][vc_column_text]Sesimbra tem uma beleza natural real\u00e7ada pela curva perfeita da Ba\u00eda e enquadrada pela Serra da Arr\u00e1bida e o Porto de Abrigo<\/p>\n<p>Apenas a uma curta dist\u00e2ncia de Lisboa Sesimbra oferece uma experi\u00eancia totalmente nova. Aqui ainda \u00e9 poss\u00edvel assistir \u00e0 chegada de traineiras com o peixe do dia que ser\u00e1 depois habilmente grelhados em carv\u00e3o, perfumando o ar e agu\u00e7ando o apetite.<\/p>\n<p>Fa\u00e7a como os &#8220;peixitos&#8221; e caminhe ao longo do pared\u00e3o, mergulhe em \u00e1guas cristalinas e pratique diversos desportos n\u00e1uticos.\u00a0 Aprenda o dialecto t\u00edpico sesimbrense, v\u00e1 ao mercado comprar peixe fresco e trocar 2 dedos de conversa.\u00a0 \u00a0 Aqui o tempo corre ao ritmo de f\u00e9rias de ver\u00e3o<\/p>\n<p>Em torno de Sesimbra encontrar\u00e1 praias convidativas e trilhos espantosos.[\/vc_column_text][vc_empty_space][vc_column_text]<\/p>\n<h2>O que visitar em Sesimbra<\/h2>\n<p>[\/vc_column_text][vc_empty_space][vc_toggle title=&#8221;Fortaleza de Santiago&#8221; style=&#8221;square&#8221; color=&#8221;orange&#8221;]<img decoding=\"async\" class=\"alignnone size-full wp-image-15706\" src=\"https:\/\/holiday-active.com\/wp-content\/uploads\/2020\/04\/Fortaleza-de-Santiago-20190212_154308.jpg\" alt=\"The Fortress of Santiago in Sesimbra Portugal\" width=\"1200\" height=\"500\" srcset=\"https:\/\/holiday-active.com\/wp-content\/uploads\/2020\/04\/Fortaleza-de-Santiago-20190212_154308.jpg 1200w, https:\/\/holiday-active.com\/wp-content\/uploads\/2020\/04\/Fortaleza-de-Santiago-20190212_154308-768x320.jpg 768w\" sizes=\"(max-width: 1200px) 100vw, 1200px\" \/><\/p>\n<p>A Fortaleza de Santiago foi constru\u00edda entre 1642 e 1648 por ordem de D Jo\u00e3o IV para refor\u00e7ar a defesa da Costa Atl\u00e2ntica.<\/p>\n<p>Para proteger a ba\u00eda de Sesimbra de piratas e da armada espanhola o rei designou o engenheiro militar jesu\u00edta Jo\u00e3o de Cosmander para erguer, sobre o antigo forte da marinha, a Fortaleza de Santiago.<br \/>\nDe tra\u00e7a militar holandesa, planta poligonal estrelada, acolhe v\u00e1rias depend\u00eancias militares entre elas a resid\u00eancia do governador, as cisternas, o paiol e a capela.<\/p>\n<p>Durante a \u00e9poca balnear os Infantes Ant\u00f3nio, Gaspar e Jos\u00e9, filhos ileg\u00edtimos de D. Jo\u00e3o V, conhecidos como \u201c Meninos da Palhav\u00e3\u201d, iam \u201ca banhos\u201d para Sesimbra hospedando-se na Fortaleza de Santiago<\/p>\n<p>Em 1832 a guarni\u00e7\u00e3o abandonou a Fortaleza de Santiago e em 1879 a Guarda Fiscal ocupou a parte das habita\u00e7\u00f5es que 7 anos mais tarde passaria a funcionar tamb\u00e9m como Posto de Alf\u00e2ndega de Sesimbra[\/vc_toggle][vc_toggle title=&#8221;Museu Mar\u00edtimo de Sesimbra&#8221; style=&#8221;square&#8221; color=&#8221;orange&#8221;]<img decoding=\"async\" class=\"alignnone size-full wp-image-15708\" src=\"https:\/\/holiday-active.com\/wp-content\/uploads\/2020\/04\/Museu-Maritimo-de-Sesimbra-DSC07592.jpg\" alt=\"Sesimbra Maritime Museum, Portugal\" width=\"1200\" height=\"500\" srcset=\"https:\/\/holiday-active.com\/wp-content\/uploads\/2020\/04\/Museu-Maritimo-de-Sesimbra-DSC07592.jpg 1200w, https:\/\/holiday-active.com\/wp-content\/uploads\/2020\/04\/Museu-Maritimo-de-Sesimbra-DSC07592-768x320.jpg 768w\" sizes=\"(max-width: 1200px) 100vw, 1200px\" \/><\/p>\n<p>Situado na Fortaleza de Santiago o Museu Mar\u00edtimo de Sesimbra d\u00e1 a conhecer a hist\u00f3ria do mar, da pesca e da comunidade piscat\u00f3ria de Sesimbra desde os primeiros tempos at\u00e9 \u00e0 actualidade.<\/p>\n<p>Em exposi\u00e7\u00e3o as artes de pesca, o Parque Marinho Luiz Saldanha, a ind\u00fastria conserveira e as obras de D Carlos. Alberga ainda um pequeno altar onde pode rezar uma novena ao Senhor Jesus das Chagas, padroeiro dos pescadores de Sesimbra[\/vc_toggle][vc_toggle title=&#8221;Mercado Municipal de Sesimbra&#8221; style=&#8221;square&#8221; color=&#8221;orange&#8221;]O Mercado Municipal de Sesimbra localiza-se no centro da vila a poucos metros da praia e da Fortaleza de Santiago. Aberto durante a manh\u00e3, de ter\u00e7a a domingo<\/p>\n<p>Aqui encontra tudo o que esta terra produz: peixe e marisco acabados de pescar, frutas e legumes, queijos regionais e p\u00e3o cozido em forno de lenha[\/vc_toggle][vc_toggle title=&#8221;Sesimbra Street Art &#8211; Arte de Rua&#8221; style=&#8221;square&#8221; color=&#8221;orange&#8221;]<img decoding=\"async\" class=\"alignnone size-full wp-image-15714\" src=\"https:\/\/holiday-active.com\/wp-content\/uploads\/2020\/04\/Street-art-in-Sesimbra_DSC07595.jpg\" alt=\"Sesimbra Street Art\" width=\"1200\" height=\"500\" srcset=\"https:\/\/holiday-active.com\/wp-content\/uploads\/2020\/04\/Street-art-in-Sesimbra_DSC07595.jpg 1200w, https:\/\/holiday-active.com\/wp-content\/uploads\/2020\/04\/Street-art-in-Sesimbra_DSC07595-768x320.jpg 768w\" sizes=\"(max-width: 1200px) 100vw, 1200px\" \/><\/p>\n<p>Um grupo de artistas aceitou o desafio da C\u00e2mara Municipal de Sesimbra para pintarem nas portas e janelas temas alusivos \u00e0 pesca e \u00e0s tradi\u00e7\u00f5es sesimbrenses.<\/p>\n<p>Descubra este museu a c\u00e9u aberto e siga o roteiro que retrata os tradi\u00e7\u00f5es e caracter\u00edsticas intr\u00ednsecas desta vila[\/vc_toggle][vc_toggle title=&#8221;Porto de Abrigo&#8221; style=&#8221;square&#8221; color=&#8221;orange&#8221;]<img decoding=\"async\" class=\"alignnone size-full wp-image-15742\" src=\"https:\/\/holiday-active.com\/wp-content\/uploads\/2020\/04\/Porto-de-Abrigo-20190212_141727.jpg\" alt=\"Porto de Abrigo | Fishing Port\" width=\"1200\" height=\"500\" srcset=\"https:\/\/holiday-active.com\/wp-content\/uploads\/2020\/04\/Porto-de-Abrigo-20190212_141727.jpg 1200w, https:\/\/holiday-active.com\/wp-content\/uploads\/2020\/04\/Porto-de-Abrigo-20190212_141727-768x320.jpg 768w\" sizes=\"(max-width: 1200px) 100vw, 1200px\" \/><\/p>\n<p>Para quem gosta de umas f\u00e9rias mais activas e desafiantes encontra na zona do Porto de Abrigo empresas que proporcionam experi\u00eancias de\u00a0 mergulho, canoagem, vela, passeios pedestres, de barco, bicicleta e muito mais.<\/p>\n<p>Sesimbra \u00e9 um centro de mergulho popular. A cerca de 25 metros de profundidade est\u00e1 o River Gurara, um navio de carga Nigeriano que afundou em 1989 , que se transformou num local muito procurado pelos mergulhadores.[\/vc_toggle][vc_toggle title=&#8221;Lota de Sesimbra&#8221; style=&#8221;square&#8221; color=&#8221;orange&#8221;]<img decoding=\"async\" class=\"alignnone size-full wp-image-15716\" src=\"https:\/\/holiday-active.com\/wp-content\/uploads\/2020\/04\/Porto-de-Abrigo-20190212_142116.jpg\" alt=\"Porto de Abrigo | Fishing Port\" width=\"1200\" height=\"500\" srcset=\"https:\/\/holiday-active.com\/wp-content\/uploads\/2020\/04\/Porto-de-Abrigo-20190212_142116.jpg 1200w, https:\/\/holiday-active.com\/wp-content\/uploads\/2020\/04\/Porto-de-Abrigo-20190212_142116-768x320.jpg 768w\" sizes=\"(max-width: 1200px) 100vw, 1200px\" \/><\/p>\n<p>Assista ao peixe a ser descarregado e conhe\u00e7a o armaz\u00e9m onde se guarda as artes de pesca e se prepara para nova faina[\/vc_toggle][vc_toggle title=&#8221;Castelo de Sesimbra&#8221; style=&#8221;square&#8221; color=&#8221;orange&#8221;]<img decoding=\"async\" class=\"alignnone size-full wp-image-15710\" src=\"https:\/\/holiday-active.com\/wp-content\/uploads\/2020\/04\/Castelo-de-Sesimbra-20190212_135431.jpg\" alt=\"Sesimbra Castle in Portugal\" width=\"1200\" height=\"500\" srcset=\"https:\/\/holiday-active.com\/wp-content\/uploads\/2020\/04\/Castelo-de-Sesimbra-20190212_135431.jpg 1200w, https:\/\/holiday-active.com\/wp-content\/uploads\/2020\/04\/Castelo-de-Sesimbra-20190212_135431-768x320.jpg 768w\" sizes=\"(max-width: 1200px) 100vw, 1200px\" \/><\/p>\n<p>O Castelo de Sesimbra foi o \u00faltimo dos Castelos portugueses sobre o mar a manter a sua tra\u00e7a medieval<\/p>\n<p>No seu interior existem duas exposi\u00e7\u00f5es permanentes sobre a sua hist\u00f3ria, um centro de interpreta\u00e7\u00e3o do patrim\u00f3nio, uma igreja e um cemit\u00e9rio desactivado. Assim como um circuito museol\u00f3gico que permite ao visitante, de forma aut\u00f3noma, usufruir dos diversos pontos de interesse do im\u00f3vel. Os visitantes podem ainda percorrer as muralhas e desfrutar de uma vista privilegiada da vila de Sesimbra e da regi\u00e3o.<\/p>\n<p>Para petiscar existe uma cafetaria que disponibiliza produtos locais, acompanhados de uma uma bela esplanada e vista deslumbrante.[\/vc_toggle][vc_toggle title=&#8221;Igreja de Santa Maria no Castelo de Sesimbra&#8221; style=&#8221;square&#8221; color=&#8221;orange&#8221;]<img decoding=\"async\" class=\"alignnone size-full wp-image-15712\" src=\"https:\/\/holiday-active.com\/wp-content\/uploads\/2020\/04\/Igreja-Nossa-Senhora-da-Conola\u00e7\u00e3o_20190212_124925.jpg\" alt=\"Church of Santa Maria of the Castle in Sesimbra Portuga\" width=\"1200\" height=\"500\" srcset=\"https:\/\/holiday-active.com\/wp-content\/uploads\/2020\/04\/Igreja-Nossa-Senhora-da-Conola\u00e7\u00e3o_20190212_124925.jpg 1200w, https:\/\/holiday-active.com\/wp-content\/uploads\/2020\/04\/Igreja-Nossa-Senhora-da-Conola\u00e7\u00e3o_20190212_124925-768x320.jpg 768w\" sizes=\"(max-width: 1200px) 100vw, 1200px\" \/><\/p>\n<p>Templo dedicado a Santa Maria, foi ampliado nos s\u00e9culos XVI, XVII e XVIII, passando a ser consagrado ao culto de Nossa Senhora da Consola\u00e7\u00e3o do Castelo.<\/p>\n<p>Uma Igreja que encanta logo ao entrar. A porta convidativa de encarnado vivo abre-se para um altar de talha dourada emoldurado por uma profus\u00e3o de azulejos azuis. Uma combina\u00e7\u00e3o de simplicidade, luz e conforto. A casa de ver\u00e3o de Deus[\/vc_toggle][vc_empty_space][vc_column_text]<\/p>\n<h2>O litoral e as Praias de Sesimbra<\/h2>\n<p>[\/vc_column_text][vc_empty_space][vc_toggle title=&#8221;Um passeio ao longo do costa de Sesimbra&#8221; style=&#8221;square&#8221; color=&#8221;orange&#8221;]<img decoding=\"async\" class=\"alignnone size-full wp-image-15734\" src=\"https:\/\/holiday-active.com\/wp-content\/uploads\/2020\/04\/Lagoa-de-Albufeira-20190608_150812.jpg\" alt=\"Lagoa de Albufeira\" width=\"1200\" height=\"500\" srcset=\"https:\/\/holiday-active.com\/wp-content\/uploads\/2020\/04\/Lagoa-de-Albufeira-20190608_150812.jpg 1200w, https:\/\/holiday-active.com\/wp-content\/uploads\/2020\/04\/Lagoa-de-Albufeira-20190608_150812-768x320.jpg 768w\" sizes=\"(max-width: 1200px) 100vw, 1200px\" \/><\/p>\n<p>A poucos quil\u00f3metros de Lisboa vai encontrar uma costa arrebatadora e praias irresist\u00edveis pertencentes ao Concelho de Sesimbra<\/p>\n<p>A come\u00e7ar na <strong>Lagoa de Albufeira<\/strong>, um local de elei\u00e7\u00e3o para desportos n\u00e1uticos em especial kite e windsurf, passar\u00e1 para <strong>Praia do Moinho de Baixo<\/strong>, junto \u00e0 Aldeia do Meco. Com extensos areais \u00e9 uma das primeiras praias naturistas do pa\u00eds. N\u00e3o deixe de apreciar um p\u00f4r do sol magn\u00edfico enquanto petisca no lend\u00e1rio Bar do Peixe, em pleno areal.<\/p>\n<p>Segue-se a <strong>Praia das Bicas<\/strong>. Uma praia mais abrigada e com menos pessoas. O seu nome adv\u00e9m das \u201cBicas\u201d de \u00e1gua que brotam das escarpas. Uma praia que pelo seu acesso \u00edngreme o possa fazer hesitar. Acredite o areal apraz\u00edvel e menos povoado e os petiscos do restaurante sobranceiro \u00e0 praia v\u00e3o fazer com que valha muito a pena<\/p>\n<p>Fal\u00e9sias comp\u00f5em esta parte da Costa antevendo pequenas enseadas como a <strong>Praia da Foz<\/strong> e <strong>Praia dos Lagosteiros<\/strong>. Aqui pode observar os trilhos de pegadas e rastros da cauda de dinossauros, saur\u00f3podes e ter\u00f3podes, com cerca de 150 milh\u00f5es de anos.<\/p>\n<p>Ao fundo avista-se o Cabo Espichel encimado por um dos far\u00f3is mandados construir pelo Marqu\u00eas de Pombal para iluminar a Costa Portuguesa que at\u00e9 ent\u00e3o tinha a fama de Costa Negra.<\/p>\n<p>Ao seu lado situa-se o Santu\u00e1rio Nossa Senhora do Cabo Espichel, cujo o enquadramento paisag\u00edstico, num planalto que termina em escarpas para o mar, torna-o monumental.<\/p>\n<p>Um litoral repleto de lendas, hist\u00f3rias de piratas e pegadas de dinossauros levam-no a querer descobrir mais sobre esta zona. Para os mais aventureiros e habituados a caminhadas mais radicais, este \u00e9 sem d\u00favida um local a desbravar. Exemplo disso \u00e9 o trilho exigente que o conduz a uma as mais belas praias de Portugal &#8211; <strong>A Ribeira<\/strong>\u00a0<strong>do Cavalo<\/strong>. De acesso dif\u00edcil e pouco conhecido, fica entre o Cabo Espichel e Sesimbra. Outra op\u00e7\u00e3o para l\u00e1 chegar \u00e9 ir de kayak ou de barco.<\/p>\n<p>Por fim, Sesimbra e a sua Ba\u00eda que alberga a <strong>Praia do Ouro<\/strong> e a <strong>Praia da Calif\u00f3rnia<\/strong>[\/vc_toggle][vc_empty_space][vc_column_text]<\/p>\n<h2>Cabo Espichel<\/h2>\n<p>[\/vc_column_text][vc_empty_space][vc_toggle title=&#8221;O que faz do Cabo Espichel um local t\u00e3o especial?&#8221; style=&#8221;square&#8221; color=&#8221;orange&#8221;]<img decoding=\"async\" class=\"alignnone size-full wp-image-15724\" src=\"https:\/\/holiday-active.com\/wp-content\/uploads\/2020\/04\/Cabo-Espichel-em-Sesimbra-DSC00564.jpg\" alt=\"What is so especial about Cabo Espichel?\" width=\"1200\" height=\"500\" srcset=\"https:\/\/holiday-active.com\/wp-content\/uploads\/2020\/04\/Cabo-Espichel-em-Sesimbra-DSC00564.jpg 1200w, https:\/\/holiday-active.com\/wp-content\/uploads\/2020\/04\/Cabo-Espichel-em-Sesimbra-DSC00564-768x320.jpg 768w\" sizes=\"(max-width: 1200px) 100vw, 1200px\" \/><\/p>\n<p>Seria o Cabo Espichel o fim do mundo?<\/p>\n<p>Um planalto que se estende em direc\u00e7\u00e3o ao c\u00e9u para depois cair abruptamente no mar. Tal monumentalidade natural atrai e eleva \u00e0 presen\u00e7a do Sagrado<\/p>\n<p>Por aqui passaram dinossauros, mu\u00e7ulmanos e quem acreditasse que este era o acesso para lend\u00e1ria ilha-continente da Atl\u00e2ntida referida por Plat\u00e3o e desaparecida no oceano Atl\u00e2ntico cerca de 10 mil anos antes de Cristo<\/p>\n<p>Aqui ter\u00e1 nascido a lenda da Pedra da Mua, segundo a qual a Senhora do Cabo teria subido a arriba transportada por uma mula que deixara na rocha as marcas das patas. Hoje sabe-se tratar de pegadas de dinossauros.<\/p>\n<p>Outra lenda revela como, numa noite em 1410, um velho de Alcabideche e uma velha da Caparica (unindo as duas margens do Tejo) sonharam com o aparecimento da Virgem no cabo. Para l\u00e1 se dirigiram e encontraram a imagem de Nossa Senhora em cima de um rochedo, o que levou \u00e0 constru\u00e7\u00e3o da pequena Ermida da Mem\u00f3ria, onde esta hist\u00f3ria est\u00e1 patente nos pain\u00e9is de azulejo<\/p>\n<p><img decoding=\"async\" class=\"alignnone size-full wp-image-15729\" src=\"https:\/\/holiday-active.com\/wp-content\/uploads\/2020\/04\/Ermida-da-mem\u00f3ria-DSC01447.jpg\" alt=\"Ermida da mem\u00f3ria\" width=\"1200\" height=\"500\" srcset=\"https:\/\/holiday-active.com\/wp-content\/uploads\/2020\/04\/Ermida-da-mem\u00f3ria-DSC01447.jpg 1200w, https:\/\/holiday-active.com\/wp-content\/uploads\/2020\/04\/Ermida-da-mem\u00f3ria-DSC01447-768x320.jpg 768w\" sizes=\"(max-width: 1200px) 100vw, 1200px\" \/>[\/vc_toggle][vc_toggle title=&#8221;Santu\u00e1rio de Nossa Senhora do Cabo Espichel&#8221; style=&#8221;square&#8221; color=&#8221;orange&#8221;]<img decoding=\"async\" class=\"alignnone size-full wp-image-15720\" src=\"https:\/\/holiday-active.com\/wp-content\/uploads\/2020\/04\/Santuario-Nossa-Senhora-do-Cabo-DSC01467.jpg\" alt=\"Sanctuary of Nossa Senhora do Cabo Espichel In Sesimbra Portugal\" width=\"1200\" height=\"500\" srcset=\"https:\/\/holiday-active.com\/wp-content\/uploads\/2020\/04\/Santuario-Nossa-Senhora-do-Cabo-DSC01467.jpg 1200w, https:\/\/holiday-active.com\/wp-content\/uploads\/2020\/04\/Santuario-Nossa-Senhora-do-Cabo-DSC01467-768x320.jpg 768w\" sizes=\"(max-width: 1200px) 100vw, 1200px\" \/><\/p>\n<p>At\u00e9 ao in\u00edcio do s\u00e9culo XVIII o terreiro em torno do templo primitivo era circundado de casas para os romeiros que ali vinham em peregrina\u00e7\u00e3o venerar a imagem.<\/p>\n<p>A actual Igreja, constru\u00edda de costas para o mar, foi edificada por ordem de D. Pedro II entre 1701 e 1707, com desenho do arquiteto Jo\u00e3o Antunes. O culto foi crescendo e as romarias foram-se tornando cada vez maiores, refor\u00e7adas pela ideia de que a Virgem garantia a protec\u00e7\u00e3o contra a peste e outras epidemias. A grande aflu\u00eancia de peregrinos obrigou a que se constru\u00edssem duas alas de hospedarias com sobrados e lojas, o aqueduto e a casa da \u00e1gua e, posteriormente, a Casa da \u00d3pera.<\/p>\n<p>O Santu\u00e1rio de Nossa Senhora do Cabo j\u00e1 foi um dos maiores locais de peregrina\u00e7\u00e3o do pa\u00eds, palco de festas magn\u00edficas com teatro, \u00f3pera e tourada. D. Jos\u00e9 chegou a oferecer \u00e0 Senhora \u201cduas coroas de ouro cravejadas de diamantes e um ramo de jasmins , em brilhantes, esmeraldas e rubis\u201d.<\/p>\n<p>A estreita liga\u00e7\u00e3o deste culto com a monarquia levou com que a extin\u00e7\u00e3o de uma levasse ao decl\u00ednio de outro, passando o grande centro de peregrina\u00e7\u00e3o para F\u00e1tima[\/vc_toggle][vc_toggle title=&#8221;Jazidas de pegadas de dinossauro de Pedra da Mua&#8221; style=&#8221;square&#8221; color=&#8221;orange&#8221;]<img decoding=\"async\" class=\"alignnone size-full wp-image-15722\" src=\"https:\/\/holiday-active.com\/wp-content\/uploads\/2020\/04\/DnosauorsDSC00544.jpg\" alt=\"Pedra da Mua dinosaur footprint deposits in Sesimbra, Portugal\" width=\"1200\" height=\"500\" srcset=\"https:\/\/holiday-active.com\/wp-content\/uploads\/2020\/04\/DnosauorsDSC00544.jpg 1200w, https:\/\/holiday-active.com\/wp-content\/uploads\/2020\/04\/DnosauorsDSC00544-768x320.jpg 768w\" sizes=\"(max-width: 1200px) 100vw, 1200px\" \/><\/p>\n<p>As pegadas que at\u00e9 ent\u00e3o eram fruto de lendas foram identificadas em 1970 como sendo pegadas de dinossauros.<\/p>\n<p>H\u00e1 150 milh\u00f5es de anos uma ou mais manadas deixaram as suas pegadas num fundo mole de uma zona de p\u00e2ntanos entretanto transformado em rocha[\/vc_toggle][vc_toggle title=&#8221;Farol do Cabo Espichel&#8221; style=&#8221;square&#8221; color=&#8221;orange&#8221;]<img decoding=\"async\" class=\"alignnone size-full wp-image-15726\" src=\"https:\/\/holiday-active.com\/wp-content\/uploads\/2020\/04\/Farol-do-Cabo-Espichel-DSC01446.jpg\" alt=\"Cape Espichel Lighthouse\" width=\"1200\" height=\"500\" srcset=\"https:\/\/holiday-active.com\/wp-content\/uploads\/2020\/04\/Farol-do-Cabo-Espichel-DSC01446.jpg 1200w, https:\/\/holiday-active.com\/wp-content\/uploads\/2020\/04\/Farol-do-Cabo-Espichel-DSC01446-768x320.jpg 768w\" sizes=\"(max-width: 1200px) 100vw, 1200px\" \/><\/p>\n<p>Durante muitos s\u00e9culos, a costa portuguesa foi conhecida como a \u201ccosta negra\u201d por n\u00e3o existir nenhum sistema de ilumina\u00e7\u00e3o que ajudasse \u00e0 navega\u00e7\u00e3o. No final do s\u00e9culo XVIII o Marqu\u00eas de Pombal mandou construir uma rede de far\u00f3is que a tornassem mais segura, entre os quais o do Cabo Espichel. Constru\u00eddo em 1790 \u00e9 um dos far\u00f3is mais antigos de Portugal.[\/vc_toggle][vc_empty_space][vc_column_text]<\/p>\n<h2>Tamb\u00e9m poder\u00e1 gostar de ver<\/h2>\n<p>[\/vc_column_text][vc_empty_space][vc_toggle title=&#8221;Lagoa Pequena&#8221; style=&#8221;square&#8221; color=&#8221;orange&#8221;]<img decoding=\"async\" class=\"alignnone size-full wp-image-15732\" src=\"https:\/\/holiday-active.com\/wp-content\/uploads\/2020\/04\/Lagoa-pequena-DSC09982.jpg\" alt=\"The Lagoa Pequena (Small lagoon) is Sesimbra is perfect for birdwatching\" width=\"1200\" height=\"500\" srcset=\"https:\/\/holiday-active.com\/wp-content\/uploads\/2020\/04\/Lagoa-pequena-DSC09982.jpg 1200w, https:\/\/holiday-active.com\/wp-content\/uploads\/2020\/04\/Lagoa-pequena-DSC09982-768x320.jpg 768w\" sizes=\"(max-width: 1200px) 100vw, 1200px\" \/><\/p>\n<p>A Lagoa Pequena \u00e9 um espa\u00e7o perfeito para se iniciar na observa\u00e7\u00e3o de p\u00e1ssaros. Nela existe um espa\u00e7o interpretativo composto por circuitos, passadi\u00e7os e pequenas casas em madeira para uma c\u00f3moda e abrigada observa\u00e7\u00e3o.<\/p>\n<p>O circuito poder\u00e1 ser percorrido por si ao seu ritmo ou pode juntar-se a uma das v\u00e1rias visitas guiadas (por marca\u00e7\u00e3o). Seja qual for a sua op\u00e7\u00e3o disp\u00f5e de informa\u00e7\u00f5es essenciais para a observa\u00e7\u00e3o de aves incluindo pain\u00e9is com as esp\u00e9cies que se encontram naquela \u00e1rea a cada momento.<\/p>\n<p>Uma \u00f3ptima sugest\u00e3o para actividades em fam\u00edlia<\/p>\n<p>Quartas, sextas, s\u00e1bados e domingos: das 9 \u00e0s 13h e das 14 \u00e0s 17h[\/vc_toggle][vc_empty_space][vc_toggle title=&#8221;O que Saborear em Sesimbra&#8221; style=&#8221;square&#8221; color=&#8221;orange&#8221;]<img decoding=\"async\" class=\"alignnone size-full wp-image-15739\" src=\"https:\/\/holiday-active.com\/wp-content\/uploads\/2020\/04\/Farinha-Torrada-20190212_165018.jpg\" alt=\"toasted flour is a sweet to be found in Sesimbra\" width=\"1200\" height=\"500\" srcset=\"https:\/\/holiday-active.com\/wp-content\/uploads\/2020\/04\/Farinha-Torrada-20190212_165018.jpg 1200w, https:\/\/holiday-active.com\/wp-content\/uploads\/2020\/04\/Farinha-Torrada-20190212_165018-768x320.jpg 768w\" sizes=\"(max-width: 1200px) 100vw, 1200px\" \/><\/p>\n<p><strong>Farinha Torrada<\/strong> &#8211; Feito a partir de farinha, a\u00e7\u00facar amarelo, ovos, lim\u00e3o e chocolate. Por se conservar por muito tempo, os pescadores levavam-na quando iam para a faina. Era comum receitar a farinha torrada acompanhada de um copo de cerveja preta para recuperar energias.<\/p>\n<p><strong>O Peixe-espada-preto de Sesimbra<\/strong> &#8211; O Peixe-espada-preto \u00e9 uma das esp\u00e9cies mais importantes para a pesca local e uma refer\u00eancia na gastronomia sesimbrense.<\/p>\n<p><strong>Cademonte seco<\/strong> &#8211; uma esp\u00e9cie da fam\u00edlia dos tubar\u00f5es que \u00e9 cozido com batatas e gr\u00e3o. Ainda \u00e9 poss\u00edvel ver este peixe pendurado a secar na zona do porto de abrigo<\/p>\n<p><strong>Queijo da Az\u00f3ia e P\u00e3o da Az\u00f3ia<\/strong>[\/vc_toggle][vc_empty_space][vc_column_text]<\/p>\n<h2>Como chegar a Sesimbra<\/h2>\n<p>[\/vc_column_text][vc_empty_space][vc_column_text]<strong>De Carro<\/strong><br \/>\nA 30 minutos de Lisboa o acesso mais r\u00e1pido \u00e9 pela A2 at\u00e9 ao n\u00f3 do Fogueteiro e de seguida pela EN 378, desde que n\u00e3o apanhe a hora de ponto<\/p>\n<p>A partir de Set\u00fabal o acesso faz-se pela EN 10 at\u00e9 Azeit\u00e3o, onde se segue pela EN 379. Um percurso pela Serra da Arr\u00e1bida numa estrada que serpenteia ao longo da Costa, entre o mar e a serra.<\/p>\n<p>Para mais informa\u00e7\u00e3o sobre como chegar a Sesimbra, consulte o mapa em baixo[\/vc_column_text][\/vc_column_inner][\/vc_row_inner][vc_row_inner css=&#8221;.vc_custom_1535621612655{background-color: #efefef !important;}&#8221;][vc_column_inner width=&#8221;2\/3&#8243;][vc_empty_space][vc_raw_html]JTNDZGl2JTNFJTBBJTIwJTIwJTIwJTIwJTIwJTNDaWZyYW1lJTIwd2lkdGglM0QlMjI4MDAlMjIlMjBoZWlnaHQlM0QlMjIzMDAlMjIlMjBmcmFtZWJvcmRlciUzRCUyMjAlMjIlMjBzcmMlM0QlMjJodHRwcyUzQSUyRiUyRnd3dy5iaW5nLmNvbSUyRm1hcHMlMkZlbWJlZCUzRmglM0QzMDAlMjZ3JTNEODAwJTI2Y3AlM0QzOC40NDU4ODM4Njc2OTMyNX4tOS4xMDIyNjQ0MDQyOTY4NzMlMjZsdmwlM0QxNSUyNnR5cCUzRGQlMjZzdHklM0RyJTI2c3JjJTNEU0hFTEwlMjZGT1JNJTNETUJFRFY4JTIyJTIwc2Nyb2xsaW5nJTNEJTIybm8lMjIlM0UlMEElMjAlMjAlMjAlMjAlMjAlM0MlMkZpZnJhbWUlM0UlMEElMjAlMjAlMjAlMjAlMjAlM0NkaXYlMjBzdHlsZSUzRCUyMndoaXRlLXNwYWNlJTNBJTIwbm93cmFwJTNCJTIwdGV4dC1hbGlnbiUzQSUyMGNlbnRlciUzQiUyMHdpZHRoJTNBJTIwODAwcHglM0IlMjBwYWRkaW5nJTNBJTIwNnB4JTIwMCUzQiUyMiUzRSUwQSUyMCUyMCUyMCUyMCUyMCUyMCUyMCUyMCUzQ2ElMjBpZCUzRCUyMmxhcmdlTWFwTGluayUyMiUyMHRhcmdldCUzRCUyMl9ibGFuayUyMiUyMGhyZWYlM0QlMjJodHRwcyUzQSUyRiUyRnd3dy5iaW5nLmNvbSUyRm1hcHMlM0ZjcCUzRDM4LjQ0NTg4Mzg2NzY5MzI1fi05LjEwMjI2NDQwNDI5Njg3MyUyNmFtcCUzQnN0eSUzRHIlMjZhbXAlM0JsdmwlM0QxNSUyNmFtcCUzQkZPUk0lM0RNQkVETEQlMjIlM0VWaWV3JTIwTGFyZ2VyJTIwTWFwJTNDJTJGYSUzRSUyMCUyNm5ic3AlM0IlMjAlN0MlMjAlMjZuYnNwJTNCJTBBJTIwJTIwJTIwJTIwJTIwJTIwJTIwJTIwJTNDYSUyMGlkJTNEJTIyZGlyTWFwTGluayUyMiUyMHRhcmdldCUzRCUyMl9ibGFuayUyMiUyMGhyZWYlM0QlMjJodHRwcyUzQSUyRiUyRnd3dy5iaW5nLmNvbSUyRm1hcHMlMkZkaXJlY3Rpb25zJTNGY3AlM0QzOC40NDU4ODM4Njc2OTMyNX4tOS4xMDIyNjQ0MDQyOTY4NzMlMjZhbXAlM0JzdHklM0RyJTI2YW1wJTNCbHZsJTNEMTUlMjZhbXAlM0JydHAlM0R+cG9zLjM4LjQ0NTg4Mzg2NzY5MzI1Xy05LjEwMjI2NDQwNDI5Njg3M19fX18lMjZhbXAlM0JGT1JNJTNETUJFRExEJTIyJTNFR2V0JTIwRGlyZWN0aW9ucyUzQyUyRmElM0UlMEElMjAlMjAlMjAlMjAlM0MlMkZkaXYlM0UlMEElM0MlMkZkaXYlM0U=[\/vc_raw_html][\/vc_column_inner][vc_column_inner width=&#8221;1\/3&#8243;][vc_empty_space][vc_column_text]<\/p>\n<h3 style=\"text-align: center;\">A caminho<\/h3>\n<p style=\"text-align: center;\"><a href=\"https:\/\/holiday-active.com\/pt-pt\/conduzir-em-portugal\/\" target=\"_blank\" rel=\"noopener noreferrer\">Aluguer de Carro<\/a><\/p>\n<p>[\/vc_column_text][\/vc_column_inner][\/vc_row_inner][\/vc_tta_section][vc_tta_section i_icon_fontawesome=&#8221;fa fa-bicycle&#8221; add_icon=&#8221;true&#8221; title=&#8221;Actividades&#8221; tab_id=&#8221;1507400602913-33730cf2-d8f9db95-c649be27-021d2a4e-da50&#8243;][vc_empty_space][vc_column_text]<\/p>\n<h2>O que fazer em<strong> Sesimbra<\/strong><\/h2>\n<p>[\/vc_column_text][vc_empty_space][vc_column_text]O que faz da sua viagem a Sesimbra inesquec\u00edvel s\u00e3o os momentos compartilhados e as experi\u00eancias vividas.<\/p>\n<p>Reserve uma das muitas actividades de lazer e aventura em Sesimbra e active as suas f\u00e9rias com holiday-active.com[\/vc_column_text][vc_empty_space][vc_raw_html]JTNDZGl2JTIwZGF0YS1neWctaHJlZiUzRCUyMmh0dHBzJTNBJTJGJTJGd2lkZ2V0LmdldHlvdXJndWlkZS5jb20lMkZkZWZhdWx0JTJGYWN0aXZpdGVzLmZyYW1lJTIyJTIwZGF0YS1neWctbG9jYWxlLWNvZGUlM0QlMjJwdC1QVCUyMiUyMGRhdGEtZ3lnLXdpZGdldCUzRCUyMmFjdGl2aXRpZXMlMjIlMjBkYXRhLWd5Zy1udW1iZXItb2YtaXRlbXMlM0QlMjIyMyUyMiUyMGRhdGEtZ3lnLXBhcnRuZXItaWQlM0QlMjI1NlBRNFVZJTIyJTIwZGF0YS1neWctdG91ci1pZHMlM0QlMjI4NDk3MiUyQzI1NzA1MiUyQzE0NjMxOSUyQzM2Mzc2MCUyQzM1NTIxNSUyQzM2MjUxNSUyQzM2MjIzMCUyQzI3MjU2MiUyQzk0NzY3JTJDMTAxODAxJTJDODAxOTAlMkMyNDAyMTIlMkMyNjgwNjclMkMyNzA5NDIlMkM1ODA2MiUyQzM2Njc3MCUyQzEwMDQwMyUyQzI5MzQyNSUyQzUwODI2JTJDNjgwNTYlMkMxOTU3MDclMkMxMTQ5MTklMkMyMDI4NTIlMjIlMjByZWwlM0QlRTIlODAlOURub2ZvbGxvdyVFMiU4MCU5RCUzRSUzQyUyRmRpdiUzRQ==[\/vc_raw_html][vc_empty_space][vc_row_inner][vc_column_inner][\/vc_column_inner][\/vc_row_inner][\/vc_tta_section][vc_tta_section i_icon_fontawesome=&#8221;fa fa-university&#8221; add_icon=&#8221;true&#8221; title=&#8221;Tours&#8221; tab_id=&#8221;1588437583096-766d3182-5168&#8243;][vc_empty_space][vc_column_text]<\/p>\n<h2>Tours em <strong>Sesimbra<\/strong><\/h2>\n<p>[\/vc_column_text][vc_empty_space][vc_column_text]Portugal \u00e9 rico em bel\u00edssimos monumentos. Locais majestosos que enchem os olhos, mas se conhecesse os factos hist\u00f3ricos que levaram \u00e0 constru\u00e7\u00e3o de cada monumento provavelmente ficaria pasmado.<\/p>\n<p>Reserve um tour em Sesimbra e deixe-se fascinar[\/vc_column_text][vc_empty_space][vc_raw_html]JTNDZGl2JTIwZGF0YS1neWctaHJlZiUzRCUyMmh0dHBzJTNBJTJGJTJGd2lkZ2V0LmdldHlvdXJndWlkZS5jb20lMkZkZWZhdWx0JTJGYWN0aXZpdGVzLmZyYW1lJTIyJTIwZGF0YS1neWctbG9jYWxlLWNvZGUlM0QlMjJwdC1QVCUyMiUyMGRhdGEtZ3lnLXdpZGdldCUzRCUyMmFjdGl2aXRpZXMlMjIlMjBkYXRhLWd5Zy1udW1iZXItb2YtaXRlbXMlM0QlMjIyMCUyMiUyMGRhdGEtZ3lnLXBhcnRuZXItaWQlM0QlMjI1NlBRNFVZJTIyJTIwZGF0YS1neWctdG91ci1pZHMlM0QlMjIzNjI1JTJDMjg2OTIlMkMxOTU1MTUlMkMyNzg0NzIlMkMyMjE5MTklMkM5NDc2NyUyQzk0NzM3JTJDMTQ0OTAlMkM2MDQwNiUyQzE3NjI3MSUyQzgwMTkwJTJDMTk1NzE5JTJDMzcyNTgwJTJDNzE3NTElMkM1MjE3MiUyQzIxNTM4MiUyQzE4OTQwMiUyQzIwMjg1MiUyQzY2NTg5JTJDNTg0NDIlMjIlMjByZWwlM0QlRTIlODAlOURub2ZvbGxvdyVFMiU4MCU5RCUzRSUzQyUyRmRpdiUzRSUwQSUzQ3NjcmlwdCUyMGFzeW5jJTIwZGVmZXIlMjBzcmMlM0QlMjJodHRwcyUzQSUyRiUyRndpZGdldC5nZXR5b3VyZ3VpZGUuY29tJTJGdjIlMkZ3aWRnZXQuanMlMjIlMjByZWwlM0QlRTIlODAlOURub2ZvbGxvdyVFMiU4MCU5RCUzRSUzQyUyRnNjcmlwdCUzRQ==[\/vc_raw_html][vc_empty_space][vc_row_inner][vc_column_inner][\/vc_column_inner][\/vc_row_inner][\/vc_tta_section][vc_tta_section i_icon_fontawesome=&#8221;fa fa-life-ring&#8221; add_icon=&#8221;true&#8221; title=&#8221;Boat Tours&#8221; tab_id=&#8221;1588440155609-7f98a0bc-d67e&#8221;][vc_empty_space][vc_column_text]<\/p>\n<h2>Boat Tours em <strong>Sesimbra<\/strong><\/h2>\n<p>[\/vc_column_text][vc_empty_space][vc_column_text]Aventure-se mar adentro com um dos incr\u00edveis passeios de barco dispon\u00edveis em Sesimbra<\/p>\n<p>Reserve j\u00e1 o seu Boat Tour antes que fique em terra[\/vc_column_text][vc_empty_space][vc_raw_html]JTNDZGl2JTIwZGF0YS1neWctaHJlZiUzRCUyMmh0dHBzJTNBJTJGJTJGd2lkZ2V0LmdldHlvdXJndWlkZS5jb20lMkZkZWZhdWx0JTJGYWN0aXZpdGVzLmZyYW1lJTIyJTIwZGF0YS1neWctbG9jYWxlLWNvZGUlM0QlMjJwdC1QVCUyMiUyMGRhdGEtZ3lnLXdpZGdldCUzRCUyMmFjdGl2aXRpZXMlMjIlMjBkYXRhLWd5Zy1udW1iZXItb2YtaXRlbXMlM0QlMjIxMyUyMiUyMGRhdGEtZ3lnLXBhcnRuZXItaWQlM0QlMjI1NlBRNFVZJTIyJTIwZGF0YS1neWctdG91ci1pZHMlM0QlMjIyNzg0NzIlMkMzNTQ5MjAlMkMxNTg3NTAlMkMzMzkxMjYlMkM5MjQ4MSUyQzM2NjQ2MCUyQzEzODk1OSUyQzI2MjI2MiUyQzYxNzc1JTJDMTE0MDY3JTJDMTM5OTkyJTJDMjgyNjU3JTJDNTQ5MjAlMjIlMjByZWwlM0QlRTIlODAlOURub2ZvbGxvdyVFMiU4MCU5RCUzRSUzQyUyRmRpdiUzRQ==[\/vc_raw_html][vc_empty_space][vc_row_inner][vc_column_inner][\/vc_column_inner][\/vc_row_inner][\/vc_tta_section][vc_tta_section i_icon_fontawesome=&#8221;fa fa-bed&#8221; add_icon=&#8221;true&#8221; tab_icon=&#8221;fa fa-car&#8221; title=&#8221;Alojamento&#8221; tab_id=&#8221;3dca09c8-f4f0-9db95-c649be27-021d2a4e-da50&#8243; el_class=&#8221;infor&#8221;][vc_empty_space height=&#8221;16px&#8221;][vc_row_inner][vc_column_inner][vc_empty_space][vc_column_text]<\/p>\n<h3>O alojamento perfeito para ficar em Sesimbra<\/h3>\n<p>[\/vc_column_text][vc_empty_space][vc_raw_html]JTNDaW5zJTIwY2xhc3MlM0QlMjJib29raW5nYWZmJTIyJTIwZGF0YS1haWQlM0QlMjIyMDE3NjEwJTIyJTIwZGF0YS10YXJnZXRfYWlkJTNEJTIyMjAxNzYxMCUyMiUyMGRhdGEtcHJvZCUzRCUyMm1hcCUyMiUyMGRhdGEtd2lkdGglM0QlMjIxMDAlMjUlMjIlMjBkYXRhLWhlaWdodCUzRCUyMjU5MCUyMiUyMGRhdGEtbGFuZyUzRCUyMnVhbG5nJTIyJTIwZGF0YS1kZXN0X2lkJTNEJTIyMCUyMiUyMGRhdGEtZGVzdF90eXBlJTNEJTIybGFuZG1hcmslMjIlMjBkYXRhLWxhdGl0dWRlJTNEJTIyMzguNDQ0MjE3JTIyJTIwZGF0YS1sb25naXR1ZGUlM0QlMjItOS4xMDE0OTAzJTIyJTIwZGF0YS1sYW5kbWFya19uYW1lJTNEJTIyU2VzaW1icmElMjIlMjBkYXRhLW13aHNiJTNEJTIyMCUyMiUyMGRhdGEtYWRkcmVzcyUzRCUyMlNlc2ltYnJhJTJDJTIwUG9ydHVnYWwlMjIlM0UlMEElMjAlMjAlMjAlMjAlM0MlMjEtLSUyMEFueXRoaW5nJTIwaW5zaWRlJTIwd2lsbCUyMGdvJTIwYXdheSUyMG9uY2UlMjB3aWRnZXQlMjBpcyUyMGxvYWRlZC4lMjAtLSUzRSUwQSUyMCUyMCUyMCUyMCUyMCUyMCUyMCUyMCUzQ2ElMjBocmVmJTNEJTIyJTJGJTJGd3d3LmJvb2tpbmcuY29tJTNGYWlkJTNEMjAxNzYxMCUyMiUyMHJlbCUzRCUyMm5vZm9sbG93JTIyJTNFQm9va2luZy5jb20lM0MlMkZhJTNFJTBBJTNDJTJGaW5zJTNFJTBBJTNDc2NyaXB0JTIwdHlwZSUzRCUyMnRleHQlMkZqYXZhc2NyaXB0JTIyJTNFJTBBJTIwJTIwJTIwJTIwJTI4ZnVuY3Rpb24lMjhkJTJDJTIwc2MlMkMlMjB1JTI5JTIwJTdCJTBBJTIwJTIwJTIwJTIwJTIwJTIwdmFyJTIwcyUyMCUzRCUyMGQuY3JlYXRlRWxlbWVudCUyOHNjJTI5JTJDJTIwcCUyMCUzRCUyMGQuZ2V0RWxlbWVudHNCeVRhZ05hbWUlMjhzYyUyOSU1QjAlNUQlM0IlMEElMjAlMjAlMjAlMjAlMjAlMjBzLnR5cGUlMjAlM0QlMjAlMjd0ZXh0JTJGamF2YXNjcmlwdCUyNyUzQiUwQSUyMCUyMCUyMCUyMCUyMCUyMHMuYXN5bmMlMjAlM0QlMjB0cnVlJTNCJTBBJTIwJTIwJTIwJTIwJTIwJTIwcy5zcmMlMjAlM0QlMjB1JTIwJTJCJTIwJTI3JTNGdiUzRCUyNyUyMCUyQiUyMCUyOCUyQm5ldyUyMERhdGUlMjglMjklMjklM0IlMEElMjAlMjAlMjAlMjAlMjAlMjBwLnBhcmVudE5vZGUuaW5zZXJ0QmVmb3JlJTI4cyUyQ3AlMjklM0IlMEElMjAlMjAlMjAlMjAlMjAlMjAlN0QlMjklMjhkb2N1bWVudCUyQyUyMCUyN3NjcmlwdCUyNyUyQyUyMCUyNyUyRiUyRmFmZi5ic3RhdGljLmNvbSUyRnN0YXRpYyUyRmFmZmlsaWF0ZV9iYXNlJTJGanMlMkZmbGV4aXByb2R1Y3QuanMlMjclMjklM0IlMEElM0MlMkZzY3JpcHQlM0U=[\/vc_raw_html][vc_empty_space height=&#8221;25px&#8221;][\/vc_column_inner][\/vc_row_inner][vc_empty_space][vc_column_text]<\/p>\n<h3>As nossas sujest\u00f5es<\/h3>\n<p>[\/vc_column_text][vc_separator][vc_empty_space][vc_row_inner][vc_column_inner width=&#8221;1\/4&#8243;][vc_empty_space][vc_single_image image=&#8221;15796&#8243; img_size=&#8221;full&#8221; alignment=&#8221;center&#8221;][vc_empty_space height=&#8221;25px&#8221;][\/vc_column_inner][vc_column_inner width=&#8221;3\/4&#8243;][vc_empty_space][vc_column_text]<\/p>\n<h3>Quinta do Miguel<\/h3>\n<p>[\/vc_column_text][vc_empty_space][vc_column_text]A Quinta Do Miguel apresenta acomoda\u00e7\u00f5es elegantes num ambiente rural. Disp\u00f5e de apartamentos, s\u00f3t\u00e3os e villas e de um terra\u00e7o para banhos de sol com piscina exterior e banheira de hidromassagem.<\/p>\n<p>A 1km da praia[\/vc_column_text][vc_empty_space][vc_btn title=&#8221;+ info&#8221; link=&#8221;url:https%3A%2F%2Fwww.booking.com%2Fhotel%2Fpt%2Fquinta-do-miguel.pt.html%3Faid%3D1567105%26no_rooms%3D1%26group_adults%3D2||target:%20_blank|rel:nofollow&#8221;][\/vc_column_inner][\/vc_row_inner][vc_empty_space][vc_separator][vc_empty_space][vc_row_inner][vc_column_inner width=&#8221;1\/4&#8243;][vc_empty_space][vc_single_image image=&#8221;15798&#8243; img_size=&#8221;full&#8221; alignment=&#8221;center&#8221;][vc_empty_space height=&#8221;25px&#8221;][\/vc_column_inner][vc_column_inner width=&#8221;3\/4&#8243;][vc_empty_space][vc_column_text]<\/p>\n<h3>Casa das Flores<\/h3>\n<p>[\/vc_column_text][vc_empty_space][vc_column_text]A Casa das Flores \u00e9 um apartamento leve e fresco de 2 quartos, a apenas 100 metros da praia. Com todas as comodidades, entre as quais estacionamento privado, uma mais valia em Sesimbra[\/vc_column_text][vc_empty_space][vc_btn title=&#8221;+ info&#8221; link=&#8221;url:https%3A%2F%2Fwww.booking.com%2Fhotel%2Fpt%2Fcasa-das-flores-sesimbra12.pt.html%3Faid%3D1567105%26no_rooms%3D1%26group_adults%3D2||target:%20_blank|rel:nofollow&#8221;][\/vc_column_inner][\/vc_row_inner][vc_empty_space][vc_separator][vc_empty_space][vc_row_inner][vc_column_inner width=&#8221;1\/4&#8243;][vc_empty_space][vc_single_image image=&#8221;15800&#8243; img_size=&#8221;full&#8221; alignment=&#8221;center&#8221;][vc_empty_space height=&#8221;25px&#8221;][\/vc_column_inner][vc_column_inner width=&#8221;3\/4&#8243;][vc_empty_space][vc_column_text]<\/p>\n<h3>Season Apartments<\/h3>\n<p>[\/vc_column_text][vc_empty_space][vc_column_text]O Season Apartments \u00e9 um edif\u00edcio reabilitado \u00e0 beira-mar, com quartos espa\u00e7osos e luminosos, com uma deliciosa varanda ou terra\u00e7o com vista para o mar.[\/vc_column_text][vc_empty_space][vc_btn title=&#8221;+ info&#8221; link=&#8221;url:https%3A%2F%2Fwww.booking.com%2Fhotel%2Fpt%2Fseason-apartments.pt.html%3Faid%3D1567105%26no_rooms%3D1%26group_adults%3D2||target:%20_blank|rel:nofollow&#8221;][\/vc_column_inner][\/vc_row_inner][vc_empty_space][\/vc_tta_section][vc_tta_section i_icon_fontawesome=&#8221;fa fa-camera&#8221; add_icon=&#8221;true&#8221; title=&#8221;Imagens&#8221; tab_id=&#8221;1505508725897-8ab8a832-e28bdb95-c649be27-021d2a4e-da50&#8243;][vc_empty_space][vc_column_text]<\/p>\n<h2>Um olhar sobre <strong>Sesimbra<\/strong><\/h2>\n<p>[\/vc_column_text][vc_empty_space]<div class=\"popup-gallery\">\r\n                    <div class=\"row row-col-gap\">\r\n                      <div class=\"st_fix_gallery col-md-3 st_1777576856\"><a class=\"hover-img popup-gallery-image\" href=\"https:\/\/holiday-active.com\/wp-content\/uploads\/2020\/04\/Sesimbra-_Portugal-1.png\" data-effect=\"mfp-zoom-out\"><img decoding=\"async\" width=\"360\" height=\"270\" src=\"https:\/\/holiday-active.com\/wp-content\/uploads\/2020\/04\/Sesimbra-_Portugal-1-360x270.png\" class=\"attachment-360x270 size-360x270\" alt=\"Statue of a Mermaid in front of Church of Santa Maria no Castelo in Sesimbra Portugal\" \/><i class=\"fa fa-plus round box-icon-small hover-icon i round\"><\/i><\/a><\/div><div class=\"st_fix_gallery col-md-3 st_1777576856\"><a class=\"hover-img popup-gallery-image\" href=\"https:\/\/holiday-active.com\/wp-content\/uploads\/2020\/04\/Sesimbra-l.png\" data-effect=\"mfp-zoom-out\"><img decoding=\"async\" width=\"360\" height=\"270\" src=\"https:\/\/holiday-active.com\/wp-content\/uploads\/2020\/04\/Sesimbra-l-360x270.png\" class=\"attachment-360x270 size-360x270\" alt=\"The Fortress of Santiago in Sesimbra Portugal\" \/><i class=\"fa fa-plus round box-icon-small hover-icon i round\"><\/i><\/a><\/div><div class=\"st_fix_gallery col-md-3 st_1777576856\"><a class=\"hover-img popup-gallery-image\" href=\"https:\/\/holiday-active.com\/wp-content\/uploads\/2020\/04\/Sesimbra-_Portugal-4.jpg\" data-effect=\"mfp-zoom-out\"><img decoding=\"async\" width=\"360\" height=\"270\" src=\"https:\/\/holiday-active.com\/wp-content\/uploads\/2020\/04\/Sesimbra-_Portugal-4-360x270.jpg\" class=\"attachment-360x270 size-360x270\" alt=\"The Sesimbra Maritime Museum is housed in the Fortress of Santiago, in Portugal\" \/><i class=\"fa fa-plus round box-icon-small hover-icon i round\"><\/i><\/a><\/div><div class=\"st_fix_gallery col-md-3 st_1777576856\"><a class=\"hover-img popup-gallery-image\" href=\"https:\/\/holiday-active.com\/wp-content\/uploads\/2020\/04\/Sesimbra-_Portugal-1.jpg\" data-effect=\"mfp-zoom-out\"><img decoding=\"async\" width=\"360\" height=\"270\" src=\"https:\/\/holiday-active.com\/wp-content\/uploads\/2020\/04\/Sesimbra-_Portugal-1-360x270.jpg\" class=\"attachment-360x270 size-360x270\" alt=\"The Sesimbra Maritime Museum is housed in the Fortress of Santiago.\" \/><i class=\"fa fa-plus round box-icon-small hover-icon i round\"><\/i><\/a><\/div><div class=\"st_fix_gallery col-md-3 st_1777576856\"><a class=\"hover-img popup-gallery-image\" href=\"https:\/\/holiday-active.com\/wp-content\/uploads\/2020\/04\/Sesimbra-.jpg\" data-effect=\"mfp-zoom-out\"><img decoding=\"async\" width=\"360\" height=\"270\" src=\"https:\/\/holiday-active.com\/wp-content\/uploads\/2020\/04\/Sesimbra--360x270.jpg\" class=\"attachment-360x270 size-360x270\" alt=\"The View from the Castle of the town of Sesimbra\" \/><i class=\"fa fa-plus round box-icon-small hover-icon i round\"><\/i><\/a><\/div><div class=\"st_fix_gallery col-md-3 st_1777576856\"><a class=\"hover-img popup-gallery-image\" href=\"https:\/\/holiday-active.com\/wp-content\/uploads\/2020\/04\/Sesimbra-_Portugal.png\" data-effect=\"mfp-zoom-out\"><img decoding=\"async\" width=\"360\" height=\"270\" src=\"https:\/\/holiday-active.com\/wp-content\/uploads\/2020\/04\/Sesimbra-_Portugal-360x270.png\" class=\"attachment-360x270 size-360x270\" alt=\"Church of Santa Maria no Castelo in Sesimbra Portugal\" \/><i class=\"fa fa-plus round box-icon-small hover-icon i round\"><\/i><\/a><\/div><div class=\"st_fix_gallery col-md-3 st_1777576856\"><a class=\"hover-img popup-gallery-image\" href=\"https:\/\/holiday-active.com\/wp-content\/uploads\/2020\/04\/Sesimbra-_Portugal.jpg\" data-effect=\"mfp-zoom-out\"><img decoding=\"async\" width=\"360\" height=\"270\" src=\"https:\/\/holiday-active.com\/wp-content\/uploads\/2020\/04\/Sesimbra-_Portugal-360x270.jpg\" class=\"attachment-360x270 size-360x270\" alt=\"Fish is present in nearly household meal\" \/><i class=\"fa fa-plus round box-icon-small hover-icon i round\"><\/i><\/a><\/div><div class=\"st_fix_gallery col-md-3 st_1777576856\"><a class=\"hover-img popup-gallery-image\" href=\"https:\/\/holiday-active.com\/wp-content\/uploads\/2020\/04\/Sesimbra-_Portugal-10.png\" data-effect=\"mfp-zoom-out\"><img decoding=\"async\" width=\"360\" height=\"270\" src=\"https:\/\/holiday-active.com\/wp-content\/uploads\/2020\/04\/Sesimbra-_Portugal-10-360x270.png\" class=\"attachment-360x270 size-360x270\" alt=\"The fishing port of Sesimbra in Portugal\" \/><i class=\"fa fa-plus round box-icon-small hover-icon i round\"><\/i><\/a><\/div><div class=\"st_fix_gallery col-md-3 st_1777576856\"><a class=\"hover-img popup-gallery-image\" href=\"https:\/\/holiday-active.com\/wp-content\/uploads\/2020\/04\/Sesimbra-_Portugal-9.png\" data-effect=\"mfp-zoom-out\"><img decoding=\"async\" width=\"360\" height=\"270\" src=\"https:\/\/holiday-active.com\/wp-content\/uploads\/2020\/04\/Sesimbra-_Portugal-9-360x270.png\" class=\"attachment-360x270 size-360x270\" alt=\"Lagoa de Albufeira in Portugal\" \/><i class=\"fa fa-plus round box-icon-small hover-icon i round\"><\/i><\/a><\/div><div class=\"st_fix_gallery col-md-3 st_1777576856\"><a class=\"hover-img popup-gallery-image\" href=\"https:\/\/holiday-active.com\/wp-content\/uploads\/2020\/04\/Sesimbra-_Portugal-8.png\" data-effect=\"mfp-zoom-out\"><img decoding=\"async\" width=\"360\" height=\"270\" src=\"https:\/\/holiday-active.com\/wp-content\/uploads\/2020\/04\/Sesimbra-_Portugal-8-360x270.png\" class=\"attachment-360x270 size-360x270\" alt=\"Street art in Sesimbra\" \/><i class=\"fa fa-plus round box-icon-small hover-icon i round\"><\/i><\/a><\/div><div class=\"st_fix_gallery col-md-3 st_1777576856\"><a class=\"hover-img popup-gallery-image\" href=\"https:\/\/holiday-active.com\/wp-content\/uploads\/2020\/04\/Sesimbra-_Portugal-7.png\" data-effect=\"mfp-zoom-out\"><img decoding=\"async\" width=\"360\" height=\"270\" src=\"https:\/\/holiday-active.com\/wp-content\/uploads\/2020\/04\/Sesimbra-_Portugal-7-360x270.png\" class=\"attachment-360x270 size-360x270\" alt=\"The fisherman shack in Lagoa de Albufeira in Sesimbra\" \/><i class=\"fa fa-plus round box-icon-small hover-icon i round\"><\/i><\/a><\/div><div class=\"st_fix_gallery col-md-3 st_1777576856\"><a class=\"hover-img popup-gallery-image\" href=\"https:\/\/holiday-active.com\/wp-content\/uploads\/2020\/04\/Sesimbra-_Portugal-6.png\" data-effect=\"mfp-zoom-out\"><img decoding=\"async\" width=\"360\" height=\"270\" src=\"https:\/\/holiday-active.com\/wp-content\/uploads\/2020\/04\/Sesimbra-_Portugal-6-360x270.png\" class=\"attachment-360x270 size-360x270\" alt=\"Ameijoas \u00e0 Bulh\u00e3o Pato. Pure heaven\" \/><i class=\"fa fa-plus round box-icon-small hover-icon i round\"><\/i><\/a><\/div>\r\n                    <\/div>\r\n                <\/div>[\/vc_tta_section][\/vc_tta_tabs][vc_separator][\/vc_column][\/vc_row][vc_row][vc_column][\/vc_column][\/vc_row]<\/p>\n<\/div>","protected":false},"excerpt":{"rendered":"<p>[vc_row full_width=&#8221;stretch_row&#8221; bg_type=&#8221;image&#8221; parallax_style=&#8221;vcpb-default&#8221; bg_image_new=&#8221;id^6033|url^https:\/\/suncarsgroup.comwp-content\/uploads\/2015\/01\/rent-porsche-spain.jpg|caption^null|alt^null|title^rent-porsche-spain|description^null&#8221; bg_override=&#8221;full&#8221; css=&#8221;.vc_custom_1587824102603{margin-top: 0px !important;padding-top: 150px !important;padding-bottom: 150px !important;background-image: url(https:\/\/holiday-active.com\/wp-content\/uploads\/2020\/04\/What-to-visit-in-Sesimbra-20190212_155303.jpg?id=15736) !important;background-position: center !important;background-repeat: no-repeat !important;background-size: cover !important;}&#8221;][vc_column css=&#8221;.vc_custom_1478894705020{padding-top: 100px !important;padding-bottom: 100px !important;}&#8221;][\/vc_column][\/vc_row][vc_row css=&#8221;.vc_custom_1493181701212{margin-top: -43px !important;}&#8221;][vc_column][vc_tta_tabs shape=&#8221;square&#8221; spacing=&#8221;3&#8243; gap=&#8221;1&#8243; active_section=&#8221;1&#8243; no_fill_content_area=&#8221;true&#8221; interval=&#8221;0&#8243; tab_style=&#8221;search_tab&#8221; el_class=&#8221;location_tab_nopadding&#8221; css=&#8221;.vc_custom_1507453963549{padding-bottom: 25px !important;background-color: #ffffff !important;}&#8221;][vc_tta_section i_icon_fontawesome=&#8221;fa fa-info&#8221; add_icon=&#8221;true&#8221; tab_icon=&#8221;fa fa-info&#8221; title=&#8221;Sobre&#8221; tab_id=&#8221;01e3fb61-8a32-3db95-c649be27-021d2a4e-da50&#8243; el_class=&#8221;infor&#8221;][vc_row_inner][vc_column_inner][vc_empty_space][vc_column_text] Sesimbra [\/vc_column_text][vc_empty_space][vc_column_text] Sobre Sesimbra [\/vc_column_text][vc_empty_space][vc_column_text]Sesimbra [&hellip;]<\/p>\n","protected":false},"author":1,"featured_media":0,"parent":0,"menu_order":0,"comment_status":"closed","ping_status":"closed","template":"","meta":{"_monsterinsights_skip_tracking":false,"_monsterinsights_sitenote_active":false,"_monsterinsights_sitenote_note":"","_monsterinsights_sitenote_category":0,"footnotes":""},"class_list":["post-15781","page","type-page","status-publish","has-post-thumbnail","hentry"],"yoast_head":"<!-- This site is optimized with the Yoast SEO plugin v27.2 - https:\/\/yoast.com\/product\/yoast-seo-wordpress\/ -->\n<title>Porque deve visitar Sesimbra | holiday-active.com<\/title>\n<meta name=\"description\" content=\"A day trip from Lisbon it offers a whole new experience. Time rolls by at its own pace giving this fishing town a summer resort feel. Follow us to Sesimbra\" \/>\n<meta name=\"robots\" content=\"index, follow, max-snippet:-1, max-image-preview:large, max-video-preview:-1\" \/>\n<link rel=\"canonical\" href=\"https:\/\/holiday-active.com\/pt-pt\/porque-deve-visitar-sesimbra\/\" \/>\n<meta property=\"og:locale\" content=\"pt_PT\" \/>\n<meta property=\"og:type\" content=\"article\" \/>\n<meta property=\"og:title\" content=\"Porque deve visitar Sesimbra | holiday-active.com\" \/>\n<meta property=\"og:description\" content=\"A day trip from Lisbon it offers a whole new experience. Time rolls by at its own pace giving this fishing town a summer resort feel. Follow us to Sesimbra\" \/>\n<meta property=\"og:url\" content=\"https:\/\/holiday-active.com\/pt-pt\/porque-deve-visitar-sesimbra\/\" \/>\n<meta property=\"og:site_name\" content=\"holiday-active.com\" \/>\n<meta property=\"article:publisher\" content=\"https:\/\/www.facebook.com\/holidayactive\" \/>\n<meta property=\"article:modified_time\" content=\"2022-03-22T20:50:57+00:00\" \/>\n<meta property=\"og:image\" content=\"https:\/\/holiday-active.com\/wp-content\/uploads\/2020\/04\/Fortaleza-de-Santiago-20190212_154308.jpg\" \/>\n<meta name=\"twitter:card\" content=\"summary_large_image\" \/>\n<meta name=\"twitter:label1\" content=\"Tempo estimado de leitura\" \/>\n\t<meta name=\"twitter:data1\" content=\"20 minutos\" \/>\n<script type=\"application\/ld+json\" class=\"yoast-schema-graph\">{\"@context\":\"https:\/\/schema.org\",\"@graph\":[{\"@type\":\"WebPage\",\"@id\":\"https:\/\/holiday-active.com\/pt-pt\/porque-deve-visitar-sesimbra\/\",\"url\":\"https:\/\/holiday-active.com\/pt-pt\/porque-deve-visitar-sesimbra\/\",\"name\":\"Porque deve visitar Sesimbra | holiday-active.com\",\"isPartOf\":{\"@id\":\"https:\/\/holiday-active.com\/#website\"},\"primaryImageOfPage\":{\"@id\":\"https:\/\/holiday-active.com\/pt-pt\/porque-deve-visitar-sesimbra\/#primaryimage\"},\"image\":{\"@id\":\"https:\/\/holiday-active.com\/pt-pt\/porque-deve-visitar-sesimbra\/#primaryimage\"},\"thumbnailUrl\":\"https:\/\/holiday-active.com\/wp-content\/uploads\/2020\/04\/Fortaleza-de-Santiago-20190212_154308.jpg\",\"datePublished\":\"2020-04-25T17:15:09+00:00\",\"dateModified\":\"2022-03-22T20:50:57+00:00\",\"description\":\"A day trip from Lisbon it offers a whole new experience. Time rolls by at its own pace giving this fishing town a summer resort feel. Follow us to Sesimbra\",\"breadcrumb\":{\"@id\":\"https:\/\/holiday-active.com\/pt-pt\/porque-deve-visitar-sesimbra\/#breadcrumb\"},\"inLanguage\":\"pt-PT\",\"potentialAction\":[{\"@type\":\"ReadAction\",\"target\":[\"https:\/\/holiday-active.com\/pt-pt\/porque-deve-visitar-sesimbra\/\"]}]},{\"@type\":\"ImageObject\",\"inLanguage\":\"pt-PT\",\"@id\":\"https:\/\/holiday-active.com\/pt-pt\/porque-deve-visitar-sesimbra\/#primaryimage\",\"url\":\"https:\/\/holiday-active.com\/wp-content\/uploads\/2020\/04\/Fortaleza-de-Santiago-20190212_154308.jpg\",\"contentUrl\":\"https:\/\/holiday-active.com\/wp-content\/uploads\/2020\/04\/Fortaleza-de-Santiago-20190212_154308.jpg\"},{\"@type\":\"BreadcrumbList\",\"@id\":\"https:\/\/holiday-active.com\/pt-pt\/porque-deve-visitar-sesimbra\/#breadcrumb\",\"itemListElement\":[{\"@type\":\"ListItem\",\"position\":1,\"name\":\"Home\",\"item\":\"https:\/\/holiday-active.com\/pt-pt\/\"},{\"@type\":\"ListItem\",\"position\":2,\"name\":\"Porque deve visitar Sesimbra\"}]},{\"@type\":\"WebSite\",\"@id\":\"https:\/\/holiday-active.com\/#website\",\"url\":\"https:\/\/holiday-active.com\/\",\"name\":\"holiday-active.com\",\"description\":\"Traveling in Portugal\",\"potentialAction\":[{\"@type\":\"SearchAction\",\"target\":{\"@type\":\"EntryPoint\",\"urlTemplate\":\"https:\/\/holiday-active.com\/?s={search_term_string}\"},\"query-input\":{\"@type\":\"PropertyValueSpecification\",\"valueRequired\":true,\"valueName\":\"search_term_string\"}}],\"inLanguage\":\"pt-PT\"}]}<\/script>\n<!-- \/ Yoast SEO plugin. -->","yoast_head_json":{"title":"Porque deve visitar Sesimbra | holiday-active.com","description":"A day trip from Lisbon it offers a whole new experience. Time rolls by at its own pace giving this fishing town a summer resort feel. Follow us to Sesimbra","robots":{"index":"index","follow":"follow","max-snippet":"max-snippet:-1","max-image-preview":"max-image-preview:large","max-video-preview":"max-video-preview:-1"},"canonical":"https:\/\/holiday-active.com\/pt-pt\/porque-deve-visitar-sesimbra\/","og_locale":"pt_PT","og_type":"article","og_title":"Porque deve visitar Sesimbra | holiday-active.com","og_description":"A day trip from Lisbon it offers a whole new experience. Time rolls by at its own pace giving this fishing town a summer resort feel. Follow us to Sesimbra","og_url":"https:\/\/holiday-active.com\/pt-pt\/porque-deve-visitar-sesimbra\/","og_site_name":"holiday-active.com","article_publisher":"https:\/\/www.facebook.com\/holidayactive","article_modified_time":"2022-03-22T20:50:57+00:00","og_image":[{"url":"https:\/\/holiday-active.com\/wp-content\/uploads\/2020\/04\/Fortaleza-de-Santiago-20190212_154308.jpg","type":"","width":"","height":""}],"twitter_card":"summary_large_image","twitter_misc":{"Tempo estimado de leitura":"20 minutos"},"schema":{"@context":"https:\/\/schema.org","@graph":[{"@type":"WebPage","@id":"https:\/\/holiday-active.com\/pt-pt\/porque-deve-visitar-sesimbra\/","url":"https:\/\/holiday-active.com\/pt-pt\/porque-deve-visitar-sesimbra\/","name":"Porque deve visitar Sesimbra | holiday-active.com","isPartOf":{"@id":"https:\/\/holiday-active.com\/#website"},"primaryImageOfPage":{"@id":"https:\/\/holiday-active.com\/pt-pt\/porque-deve-visitar-sesimbra\/#primaryimage"},"image":{"@id":"https:\/\/holiday-active.com\/pt-pt\/porque-deve-visitar-sesimbra\/#primaryimage"},"thumbnailUrl":"https:\/\/holiday-active.com\/wp-content\/uploads\/2020\/04\/Fortaleza-de-Santiago-20190212_154308.jpg","datePublished":"2020-04-25T17:15:09+00:00","dateModified":"2022-03-22T20:50:57+00:00","description":"A day trip from Lisbon it offers a whole new experience. Time rolls by at its own pace giving this fishing town a summer resort feel. Follow us to Sesimbra","breadcrumb":{"@id":"https:\/\/holiday-active.com\/pt-pt\/porque-deve-visitar-sesimbra\/#breadcrumb"},"inLanguage":"pt-PT","potentialAction":[{"@type":"ReadAction","target":["https:\/\/holiday-active.com\/pt-pt\/porque-deve-visitar-sesimbra\/"]}]},{"@type":"ImageObject","inLanguage":"pt-PT","@id":"https:\/\/holiday-active.com\/pt-pt\/porque-deve-visitar-sesimbra\/#primaryimage","url":"https:\/\/holiday-active.com\/wp-content\/uploads\/2020\/04\/Fortaleza-de-Santiago-20190212_154308.jpg","contentUrl":"https:\/\/holiday-active.com\/wp-content\/uploads\/2020\/04\/Fortaleza-de-Santiago-20190212_154308.jpg"},{"@type":"BreadcrumbList","@id":"https:\/\/holiday-active.com\/pt-pt\/porque-deve-visitar-sesimbra\/#breadcrumb","itemListElement":[{"@type":"ListItem","position":1,"name":"Home","item":"https:\/\/holiday-active.com\/pt-pt\/"},{"@type":"ListItem","position":2,"name":"Porque deve visitar Sesimbra"}]},{"@type":"WebSite","@id":"https:\/\/holiday-active.com\/#website","url":"https:\/\/holiday-active.com\/","name":"holiday-active.com","description":"Traveling in Portugal","potentialAction":[{"@type":"SearchAction","target":{"@type":"EntryPoint","urlTemplate":"https:\/\/holiday-active.com\/?s={search_term_string}"},"query-input":{"@type":"PropertyValueSpecification","valueRequired":true,"valueName":"search_term_string"}}],"inLanguage":"pt-PT"}]}},"_links":{"self":[{"href":"https:\/\/holiday-active.com\/pt-pt\/wp-json\/wp\/v2\/pages\/15781","targetHints":{"allow":["GET"]}}],"collection":[{"href":"https:\/\/holiday-active.com\/pt-pt\/wp-json\/wp\/v2\/pages"}],"about":[{"href":"https:\/\/holiday-active.com\/pt-pt\/wp-json\/wp\/v2\/types\/page"}],"author":[{"embeddable":true,"href":"https:\/\/holiday-active.com\/pt-pt\/wp-json\/wp\/v2\/users\/1"}],"replies":[{"embeddable":true,"href":"https:\/\/holiday-active.com\/pt-pt\/wp-json\/wp\/v2\/comments?post=15781"}],"version-history":[{"count":1,"href":"https:\/\/holiday-active.com\/pt-pt\/wp-json\/wp\/v2\/pages\/15781\/revisions"}],"predecessor-version":[{"id":17609,"href":"https:\/\/holiday-active.com\/pt-pt\/wp-json\/wp\/v2\/pages\/15781\/revisions\/17609"}],"wp:attachment":[{"href":"https:\/\/holiday-active.com\/pt-pt\/wp-json\/wp\/v2\/media?parent=15781"}],"curies":[{"name":"wp","href":"https:\/\/api.w.org\/{rel}","templated":true}]}}